{"id":2265,"date":"2019-02-04T12:27:40","date_gmt":"2019-02-04T11:27:40","guid":{"rendered":"https:\/\/www.jousse-entreprise.com\/mobilier-architectes\/?post_type=expositions&#038;p=2265"},"modified":"2019-04-18T13:21:44","modified_gmt":"2019-04-18T11:21:44","slug":"kristin-mckirdy","status":"publish","type":"expositions","link":"https:\/\/www.jousse-entreprise.com\/mobilier-architectes\/fr\/expositions\/kristin-mckirdy\/","title":{"rendered":"Kristin McKirdy, 2018"},"content":{"rendered":"<div class=\"page\" title=\"Page 1\">\n<div class=\"layoutArea\">\n<div class=\"column\">\n<p>C\u00e9l\u00e9br\u00e9e en 2009 comme \u00ab talent d\u2019exception \u00bb par le prix de l\u2019Intelligence de la main de la Fondation Bettencourt Schueller et en 2012 par S\u00e8vres-Cit\u00e9 de la C\u00e9ramique qui lui consacre une r\u00e9trospective apr\u00e8s une r\u00e9sidence de quatre ann\u00e9es, l\u2019artiste am\u00e9ricaine Kristin McKirdy demeure une exp\u00e9rimentatrice. \u00c0 la suite de son exposition en 2006 \u00e0 la galerie Mouvements Modernes, anim\u00e9e \u00e0 l\u2019\u00e9poque par Pierre Staudenmeyer, elle n\u2019a cess\u00e9 de se renouveler et de surprendre. R\u00e9cemment, elle a abord\u00e9 la parure pour le couturier Kris Van Assche. Ses \u201csculptures talismans\u201d en \u00e9dition limit\u00e9e ont enrichi la collection Homme 2016 de la maison Dior. Aujourd\u2019hui, elle s\u2019attaque \u00e0 la dimension architecturale de l\u2019espace dans le cadre de sa troisi\u00e8me exposition personnelle \u00e0 la galerie Jousse Entreprise (du vendredi 18 mai au samedi 23 juin). Figure majeure de la c\u00e9ramique contemporaine entr\u00e9e r\u00e9cemment dans les collections du MAD avec une sculpture murale et le \u00ab Co re-Nuage \u00bb de S\u00e8vres, Kristin McKirdy pr\u00e9sente \u00e9galement de nouvelles installations et sculptures auxquelles s\u2019ajoutent une \u0153uvre murale ainsi que des formes et des textures in\u00e9dites et des objets lumineux.<\/p>\n<\/div>\n<\/div>\n<\/div>\n","protected":false},"featured_media":2270,"menu_order":58,"template":"","class_list":["post-2265","expositions","type-expositions","status-publish","has-post-thumbnail","hentry"],"yoast_head":"<!-- This site is optimized with the Yoast SEO plugin v27.4 - https:\/\/yoast.com\/product\/yoast-seo-wordpress\/ -->\n<title>Kristin McKirdy, 2018 - Jousse-entreprise | architecture x furniture<\/title>\n<meta name=\"robots\" content=\"index, follow, max-snippet:-1, max-image-preview:large, max-video-preview:-1\" \/>\n<link rel=\"canonical\" href=\"https:\/\/www.jousse-entreprise.com\/mobilier-architectes\/fr\/expositions\/kristin-mckirdy\/\" \/>\n<meta property=\"og:locale\" content=\"en_US\" \/>\n<meta property=\"og:type\" content=\"article\" \/>\n<meta property=\"og:title\" content=\"Kristin McKirdy, 2018 - Jousse-entreprise | architecture x furniture\" \/>\n<meta property=\"og:description\" content=\"C\u00e9l\u00e9br\u00e9e en 2009 comme \u00ab talent d\u2019exception \u00bb par le prix de l\u2019Intelligence de la main de la Fondation Bettencourt Schueller et en 2012 par S\u00e8vres-Cit\u00e9 de la C\u00e9ramique qui lui consacre une r\u00e9trospective apr\u00e8s une r\u00e9sidence de quatre ann\u00e9es, l\u2019artiste am\u00e9ricaine Kristin McKirdy demeure une exp\u00e9rimentatrice. \u00c0 la suite de son exposition en 2006 [&hellip;]\" \/>\n<meta property=\"og:url\" content=\"https:\/\/www.jousse-entreprise.com\/mobilier-architectes\/fr\/expositions\/kristin-mckirdy\/\" \/>\n<meta property=\"og:site_name\" content=\"Jousse-entreprise | architecture x furniture\" \/>\n<meta property=\"article:modified_time\" content=\"2019-04-18T11:21:44+00:00\" \/>\n<meta property=\"og:image\" content=\"https:\/\/www.jousse-entreprise.com\/mobilier-architectes\/wp-content\/uploads\/sites\/5\/2019\/02\/8.jpg\" \/>\n\t<meta property=\"og:image:width\" content=\"1452\" \/>\n\t<meta property=\"og:image:height\" content=\"968\" \/>\n\t<meta property=\"og:image:type\" content=\"image\/jpeg\" \/>\n<meta name=\"twitter:card\" content=\"summary_large_image\" \/>\n<meta name=\"twitter:label1\" content=\"Est. reading time\" \/>\n\t<meta name=\"twitter:data1\" content=\"1 minute\" \/>\n<script type=\"application\/ld+json\" class=\"yoast-schema-graph\">{\"@context\":\"https:\\\/\\\/schema.org\",\"@graph\":[{\"@type\":\"WebPage\",\"@id\":\"https:\\\/\\\/www.jousse-entreprise.com\\\/mobilier-architectes\\\/fr\\\/expositions\\\/kristin-mckirdy\\\/\",\"url\":\"https:\\\/\\\/www.jousse-entreprise.com\\\/mobilier-architectes\\\/fr\\\/expositions\\\/kristin-mckirdy\\\/\",\"name\":\"Kristin McKirdy, 2018 - Jousse-entreprise | architecture x furniture\",\"isPartOf\":{\"@id\":\"https:\\\/\\\/www.jousse-entreprise.com\\\/mobilier-architectes\\\/#website\"},\"primaryImageOfPage\":{\"@id\":\"https:\\\/\\\/www.jousse-entreprise.com\\\/mobilier-architectes\\\/fr\\\/expositions\\\/kristin-mckirdy\\\/#primaryimage\"},\"image\":{\"@id\":\"https:\\\/\\\/www.jousse-entreprise.com\\\/mobilier-architectes\\\/fr\\\/expositions\\\/kristin-mckirdy\\\/#primaryimage\"},\"thumbnailUrl\":\"https:\\\/\\\/www.jousse-entreprise.com\\\/mobilier-architectes\\\/wp-content\\\/uploads\\\/sites\\\/5\\\/2019\\\/02\\\/8.jpg\",\"datePublished\":\"2019-02-04T11:27:40+00:00\",\"dateModified\":\"2019-04-18T11:21:44+00:00\",\"breadcrumb\":{\"@id\":\"https:\\\/\\\/www.jousse-entreprise.com\\\/mobilier-architectes\\\/fr\\\/expositions\\\/kristin-mckirdy\\\/#breadcrumb\"},\"inLanguage\":\"en-US\",\"potentialAction\":[{\"@type\":\"ReadAction\",\"target\":[\"https:\\\/\\\/www.jousse-entreprise.com\\\/mobilier-architectes\\\/fr\\\/expositions\\\/kristin-mckirdy\\\/\"]}]},{\"@type\":\"ImageObject\",\"inLanguage\":\"en-US\",\"@id\":\"https:\\\/\\\/www.jousse-entreprise.com\\\/mobilier-architectes\\\/fr\\\/expositions\\\/kristin-mckirdy\\\/#primaryimage\",\"url\":\"https:\\\/\\\/www.jousse-entreprise.com\\\/mobilier-architectes\\\/wp-content\\\/uploads\\\/sites\\\/5\\\/2019\\\/02\\\/8.jpg\",\"contentUrl\":\"https:\\\/\\\/www.jousse-entreprise.com\\\/mobilier-architectes\\\/wp-content\\\/uploads\\\/sites\\\/5\\\/2019\\\/02\\\/8.jpg\",\"width\":1452,\"height\":968},{\"@type\":\"BreadcrumbList\",\"@id\":\"https:\\\/\\\/www.jousse-entreprise.com\\\/mobilier-architectes\\\/fr\\\/expositions\\\/kristin-mckirdy\\\/#breadcrumb\",\"itemListElement\":[{\"@type\":\"ListItem\",\"position\":1,\"name\":\"Accueil\",\"item\":\"https:\\\/\\\/www.jousse-entreprise.com\\\/mobilier-architectes\\\/en\\\/\"},{\"@type\":\"ListItem\",\"position\":2,\"name\":\"Exhibitions\",\"item\":\"https:\\\/\\\/www.jousse-entreprise.com\\\/mobilier-architectes\\\/en\\\/expositions\\\/\"},{\"@type\":\"ListItem\",\"position\":3,\"name\":\"Kristin McKirdy, 2018\"}]},{\"@type\":\"WebSite\",\"@id\":\"https:\\\/\\\/www.jousse-entreprise.com\\\/mobilier-architectes\\\/#website\",\"url\":\"https:\\\/\\\/www.jousse-entreprise.com\\\/mobilier-architectes\\\/\",\"name\":\"Jousse-entreprise | architecture x furniture\",\"description\":\"\",\"publisher\":{\"@id\":\"https:\\\/\\\/www.jousse-entreprise.com\\\/mobilier-architectes\\\/#organization\"},\"potentialAction\":[{\"@type\":\"SearchAction\",\"target\":{\"@type\":\"EntryPoint\",\"urlTemplate\":\"https:\\\/\\\/www.jousse-entreprise.com\\\/mobilier-architectes\\\/?s={search_term_string}\"},\"query-input\":{\"@type\":\"PropertyValueSpecification\",\"valueRequired\":true,\"valueName\":\"search_term_string\"}}],\"inLanguage\":\"en-US\"},{\"@type\":\"Organization\",\"@id\":\"https:\\\/\\\/www.jousse-entreprise.com\\\/mobilier-architectes\\\/#organization\",\"name\":\"Jousse entreprise - architecture x furniture\",\"url\":\"https:\\\/\\\/www.jousse-entreprise.com\\\/mobilier-architectes\\\/\",\"logo\":{\"@type\":\"ImageObject\",\"inLanguage\":\"en-US\",\"@id\":\"https:\\\/\\\/www.jousse-entreprise.com\\\/mobilier-architectes\\\/#\\\/schema\\\/logo\\\/image\\\/\",\"url\":\"https:\\\/\\\/www.jousse-entreprise.com\\\/mobilier-architectes\\\/wp-content\\\/uploads\\\/sites\\\/5\\\/2019\\\/01\\\/logoret.jpg\",\"contentUrl\":\"https:\\\/\\\/www.jousse-entreprise.com\\\/mobilier-architectes\\\/wp-content\\\/uploads\\\/sites\\\/5\\\/2019\\\/01\\\/logoret.jpg\",\"width\":500,\"height\":200,\"caption\":\"Jousse entreprise - architecture x furniture\"},\"image\":{\"@id\":\"https:\\\/\\\/www.jousse-entreprise.com\\\/mobilier-architectes\\\/#\\\/schema\\\/logo\\\/image\\\/\"},\"sameAs\":[\"https:\\\/\\\/www.instagram.com\\\/jousseentreprise\\\/\"]}]}<\/script>\n<!-- \/ Yoast SEO plugin. -->","yoast_head_json":{"title":"Kristin McKirdy, 2018 - Jousse-entreprise | architecture x furniture","robots":{"index":"index","follow":"follow","max-snippet":"max-snippet:-1","max-image-preview":"max-image-preview:large","max-video-preview":"max-video-preview:-1"},"canonical":"https:\/\/www.jousse-entreprise.com\/mobilier-architectes\/fr\/expositions\/kristin-mckirdy\/","og_locale":"en_US","og_type":"article","og_title":"Kristin McKirdy, 2018 - Jousse-entreprise | architecture x furniture","og_description":"C\u00e9l\u00e9br\u00e9e en 2009 comme \u00ab talent d\u2019exception \u00bb par le prix de l\u2019Intelligence de la main de la Fondation Bettencourt Schueller et en 2012 par S\u00e8vres-Cit\u00e9 de la C\u00e9ramique qui lui consacre une r\u00e9trospective apr\u00e8s une r\u00e9sidence de quatre ann\u00e9es, l\u2019artiste am\u00e9ricaine Kristin McKirdy demeure une exp\u00e9rimentatrice. \u00c0 la suite de son exposition en 2006 [&hellip;]","og_url":"https:\/\/www.jousse-entreprise.com\/mobilier-architectes\/fr\/expositions\/kristin-mckirdy\/","og_site_name":"Jousse-entreprise | architecture x furniture","article_modified_time":"2019-04-18T11:21:44+00:00","og_image":[{"width":1452,"height":968,"url":"https:\/\/www.jousse-entreprise.com\/mobilier-architectes\/wp-content\/uploads\/sites\/5\/2019\/02\/8.jpg","type":"image\/jpeg"}],"twitter_card":"summary_large_image","twitter_misc":{"Est. reading time":"1 minute"},"schema":{"@context":"https:\/\/schema.org","@graph":[{"@type":"WebPage","@id":"https:\/\/www.jousse-entreprise.com\/mobilier-architectes\/fr\/expositions\/kristin-mckirdy\/","url":"https:\/\/www.jousse-entreprise.com\/mobilier-architectes\/fr\/expositions\/kristin-mckirdy\/","name":"Kristin McKirdy, 2018 - Jousse-entreprise | architecture x furniture","isPartOf":{"@id":"https:\/\/www.jousse-entreprise.com\/mobilier-architectes\/#website"},"primaryImageOfPage":{"@id":"https:\/\/www.jousse-entreprise.com\/mobilier-architectes\/fr\/expositions\/kristin-mckirdy\/#primaryimage"},"image":{"@id":"https:\/\/www.jousse-entreprise.com\/mobilier-architectes\/fr\/expositions\/kristin-mckirdy\/#primaryimage"},"thumbnailUrl":"https:\/\/www.jousse-entreprise.com\/mobilier-architectes\/wp-content\/uploads\/sites\/5\/2019\/02\/8.jpg","datePublished":"2019-02-04T11:27:40+00:00","dateModified":"2019-04-18T11:21:44+00:00","breadcrumb":{"@id":"https:\/\/www.jousse-entreprise.com\/mobilier-architectes\/fr\/expositions\/kristin-mckirdy\/#breadcrumb"},"inLanguage":"en-US","potentialAction":[{"@type":"ReadAction","target":["https:\/\/www.jousse-entreprise.com\/mobilier-architectes\/fr\/expositions\/kristin-mckirdy\/"]}]},{"@type":"ImageObject","inLanguage":"en-US","@id":"https:\/\/www.jousse-entreprise.com\/mobilier-architectes\/fr\/expositions\/kristin-mckirdy\/#primaryimage","url":"https:\/\/www.jousse-entreprise.com\/mobilier-architectes\/wp-content\/uploads\/sites\/5\/2019\/02\/8.jpg","contentUrl":"https:\/\/www.jousse-entreprise.com\/mobilier-architectes\/wp-content\/uploads\/sites\/5\/2019\/02\/8.jpg","width":1452,"height":968},{"@type":"BreadcrumbList","@id":"https:\/\/www.jousse-entreprise.com\/mobilier-architectes\/fr\/expositions\/kristin-mckirdy\/#breadcrumb","itemListElement":[{"@type":"ListItem","position":1,"name":"Accueil","item":"https:\/\/www.jousse-entreprise.com\/mobilier-architectes\/en\/"},{"@type":"ListItem","position":2,"name":"Exhibitions","item":"https:\/\/www.jousse-entreprise.com\/mobilier-architectes\/en\/expositions\/"},{"@type":"ListItem","position":3,"name":"Kristin McKirdy, 2018"}]},{"@type":"WebSite","@id":"https:\/\/www.jousse-entreprise.com\/mobilier-architectes\/#website","url":"https:\/\/www.jousse-entreprise.com\/mobilier-architectes\/","name":"Jousse-entreprise | architecture x furniture","description":"","publisher":{"@id":"https:\/\/www.jousse-entreprise.com\/mobilier-architectes\/#organization"},"potentialAction":[{"@type":"SearchAction","target":{"@type":"EntryPoint","urlTemplate":"https:\/\/www.jousse-entreprise.com\/mobilier-architectes\/?s={search_term_string}"},"query-input":{"@type":"PropertyValueSpecification","valueRequired":true,"valueName":"search_term_string"}}],"inLanguage":"en-US"},{"@type":"Organization","@id":"https:\/\/www.jousse-entreprise.com\/mobilier-architectes\/#organization","name":"Jousse entreprise - architecture x furniture","url":"https:\/\/www.jousse-entreprise.com\/mobilier-architectes\/","logo":{"@type":"ImageObject","inLanguage":"en-US","@id":"https:\/\/www.jousse-entreprise.com\/mobilier-architectes\/#\/schema\/logo\/image\/","url":"https:\/\/www.jousse-entreprise.com\/mobilier-architectes\/wp-content\/uploads\/sites\/5\/2019\/01\/logoret.jpg","contentUrl":"https:\/\/www.jousse-entreprise.com\/mobilier-architectes\/wp-content\/uploads\/sites\/5\/2019\/01\/logoret.jpg","width":500,"height":200,"caption":"Jousse entreprise - architecture x furniture"},"image":{"@id":"https:\/\/www.jousse-entreprise.com\/mobilier-architectes\/#\/schema\/logo\/image\/"},"sameAs":["https:\/\/www.instagram.com\/jousseentreprise\/"]}]}},"_links":{"self":[{"href":"https:\/\/www.jousse-entreprise.com\/mobilier-architectes\/wp-json\/wp\/v2\/expositions\/2265","targetHints":{"allow":["GET"]}}],"collection":[{"href":"https:\/\/www.jousse-entreprise.com\/mobilier-architectes\/wp-json\/wp\/v2\/expositions"}],"about":[{"href":"https:\/\/www.jousse-entreprise.com\/mobilier-architectes\/wp-json\/wp\/v2\/types\/expositions"}],"version-history":[{"count":7,"href":"https:\/\/www.jousse-entreprise.com\/mobilier-architectes\/wp-json\/wp\/v2\/expositions\/2265\/revisions"}],"predecessor-version":[{"id":6686,"href":"https:\/\/www.jousse-entreprise.com\/mobilier-architectes\/wp-json\/wp\/v2\/expositions\/2265\/revisions\/6686"}],"wp:featuredmedia":[{"embeddable":true,"href":"https:\/\/www.jousse-entreprise.com\/mobilier-architectes\/wp-json\/wp\/v2\/media\/2270"}],"wp:attachment":[{"href":"https:\/\/www.jousse-entreprise.com\/mobilier-architectes\/wp-json\/wp\/v2\/media?parent=2265"}],"curies":[{"name":"wp","href":"https:\/\/api.w.org\/{rel}","templated":true}]}}