{"id":892,"date":"2019-01-26T12:26:31","date_gmt":"2019-01-26T11:26:31","guid":{"rendered":"https:\/\/www.jousse-entreprise.com\/mobilier-architectes\/?post_type=artistes&#038;p=892"},"modified":"2026-04-04T13:17:47","modified_gmt":"2026-04-04T11:17:47","slug":"claude-et-francois-xavier-lalanne","status":"publish","type":"artistes","link":"https:\/\/www.jousse-entreprise.com\/mobilier-architectes\/fr\/createurs\/claude-et-francois-xavier-lalanne\/","title":{"rendered":"Claude et Fran\u00e7ois-Xavier Lalanne"},"content":{"rendered":"<p class=\"p1\"><span class=\"s1\">En 1949, Fran\u00e7ois-Xavier Lalanne \u00e9tudie le dessin, la sculpture et la peinture \u00e0 Paris. Sa premi\u00e8re exposition personnelle de peinture a lieu \u00e0 la galerie Cimaise en 1952.\u00a0<\/span><span class=\"s1\">Il<span class=\"Apple-converted-space\">\u00a0 <\/span>travaille la sculpture \u00e0 partir de 1956 avec Claude qu\u2019il \u00e9pouse en 1967.\u00a0<\/span><span class=\"s1\">Fran\u00e7ois-Xavier Lalanne est d&#8217;abord connu pour ses sculptures d&#8217;animaux, domestiques (moutons) ou sauvages (rhinoc\u00e9ros), qu&#8217;il pr\u00e9sente dans une conception utilitaire de la sculpture (rhino-secr\u00e9taire ; bo\u00eete de sardines-canap\u00e9&#8230;).\u00a0<\/span><span class=\"s1\">Les animaux sont \u00e9galement le sujet central de son \u0153uvre.\u00a0<\/span><span class=\"s1\">Jusqu&#8217;\u00e0 la fin de sa vie, Fran\u00e7ois-Xavier Lalanne a v\u00e9cu et travaill\u00e9 \u00e0 Ury (Seine-et-Marne).<\/span><\/p>\n","protected":false},"featured_media":893,"menu_order":17,"template":"","class_list":["post-892","artistes","type-artistes","status-publish","has-post-thumbnail","hentry"],"yoast_head":"<!-- This site is optimized with the Yoast SEO plugin v27.5 - https:\/\/yoast.com\/product\/yoast-seo-wordpress\/ -->\n<title>Claude et Fran\u00e7ois-Xavier Lalanne - Jousse-entreprise | architecture x furniture<\/title>\n<meta name=\"description\" content=\"En 1949, Fran\u00e7ois-Xavier Lalanne \u00e9tudie le dessin, la sculpture et la peinture \u00e0 Paris. sa premi\u00e8re exposition personnelle de peinture a lieu \u00e0 la galerie Cimaise en 1952.\u00a0Il\u00a0 travaille la sculpture \u00e0 partir de 1956 avec Claude qu\u2019il \u00e9pouse en 1967.\u00a0Fran\u00e7ois-Xavier Lalanne est d&#039;abord connu pour ses sculptures d&#039;animaux, domestiques (moutons) ou sauvages (rhinoc\u00e9ros), qu&#039;il pr\u00e9sente dans une conception utilitaire de la sculpture (rhino-secr\u00e9taire ; bo\u00eete de sardines-canap\u00e9...).\u00a0Les animaux sont \u00e9galement le sujet central de son \u0153uvre.\u00a0Jusqu&#039;\u00e0 la fin de sa vie, Fran\u00e7ois-Xavier Lalanne a v\u00e9cu et travaill\u00e9 \u00e0 Ury (Seine-et-Marne).\" \/>\n<meta name=\"robots\" content=\"index, follow, max-snippet:-1, max-image-preview:large, max-video-preview:-1\" \/>\n<link rel=\"canonical\" href=\"https:\/\/www.jousse-entreprise.com\/mobilier-architectes\/fr\/createurs\/claude-et-francois-xavier-lalanne\/\" \/>\n<meta property=\"og:locale\" content=\"en_US\" \/>\n<meta property=\"og:type\" content=\"article\" \/>\n<meta property=\"og:title\" content=\"Claude et Fran\u00e7ois-Xavier Lalanne - Jousse-entreprise | architecture x furniture\" \/>\n<meta property=\"og:description\" content=\"En 1949, Fran\u00e7ois-Xavier Lalanne \u00e9tudie le dessin, la sculpture et la peinture \u00e0 Paris. sa premi\u00e8re exposition personnelle de peinture a lieu \u00e0 la galerie Cimaise en 1952.\u00a0Il\u00a0 travaille la sculpture \u00e0 partir de 1956 avec Claude qu\u2019il \u00e9pouse en 1967.\u00a0Fran\u00e7ois-Xavier Lalanne est d&#039;abord connu pour ses sculptures d&#039;animaux, domestiques (moutons) ou sauvages (rhinoc\u00e9ros), qu&#039;il pr\u00e9sente dans une conception utilitaire de la sculpture (rhino-secr\u00e9taire ; bo\u00eete de sardines-canap\u00e9...).\u00a0Les animaux sont \u00e9galement le sujet central de son \u0153uvre.\u00a0Jusqu&#039;\u00e0 la fin de sa vie, Fran\u00e7ois-Xavier Lalanne a v\u00e9cu et travaill\u00e9 \u00e0 Ury (Seine-et-Marne).\" \/>\n<meta property=\"og:url\" content=\"https:\/\/www.jousse-entreprise.com\/mobilier-architectes\/fr\/createurs\/claude-et-francois-xavier-lalanne\/\" \/>\n<meta property=\"og:site_name\" content=\"Jousse-entreprise | architecture x furniture\" \/>\n<meta property=\"article:modified_time\" content=\"2026-04-04T11:17:47+00:00\" \/>\n<meta property=\"og:image\" content=\"https:\/\/www.jousse-entreprise.com\/mobilier-architectes\/wp-content\/uploads\/sites\/5\/2019\/01\/Lalanne_crapaud.jpg\" \/>\n\t<meta property=\"og:image:width\" content=\"1532\" \/>\n\t<meta property=\"og:image:height\" content=\"1356\" \/>\n\t<meta property=\"og:image:type\" content=\"image\/jpeg\" \/>\n<meta name=\"twitter:card\" content=\"summary_large_image\" \/>\n<script type=\"application\/ld+json\" class=\"yoast-schema-graph\">{\"@context\":\"https:\\\/\\\/schema.org\",\"@graph\":[{\"@type\":\"WebPage\",\"@id\":\"https:\\\/\\\/www.jousse-entreprise.com\\\/mobilier-architectes\\\/fr\\\/createurs\\\/claude-et-francois-xavier-lalanne\\\/\",\"url\":\"https:\\\/\\\/www.jousse-entreprise.com\\\/mobilier-architectes\\\/fr\\\/createurs\\\/claude-et-francois-xavier-lalanne\\\/\",\"name\":\"Claude et Fran\u00e7ois-Xavier Lalanne - Jousse-entreprise | architecture x furniture\",\"isPartOf\":{\"@id\":\"https:\\\/\\\/www.jousse-entreprise.com\\\/mobilier-architectes\\\/#website\"},\"primaryImageOfPage\":{\"@id\":\"https:\\\/\\\/www.jousse-entreprise.com\\\/mobilier-architectes\\\/fr\\\/createurs\\\/claude-et-francois-xavier-lalanne\\\/#primaryimage\"},\"image\":{\"@id\":\"https:\\\/\\\/www.jousse-entreprise.com\\\/mobilier-architectes\\\/fr\\\/createurs\\\/claude-et-francois-xavier-lalanne\\\/#primaryimage\"},\"thumbnailUrl\":\"https:\\\/\\\/www.jousse-entreprise.com\\\/mobilier-architectes\\\/wp-content\\\/uploads\\\/sites\\\/5\\\/2019\\\/01\\\/Lalanne_crapaud.jpg\",\"datePublished\":\"2019-01-26T11:26:31+00:00\",\"dateModified\":\"2026-04-04T11:17:47+00:00\",\"description\":\"En 1949, Fran\u00e7ois-Xavier Lalanne \u00e9tudie le dessin, la sculpture et la peinture \u00e0 Paris. sa premi\u00e8re exposition personnelle de peinture a lieu \u00e0 la galerie Cimaise en 1952.\u00a0Il\u00a0 travaille la sculpture \u00e0 partir de 1956 avec Claude qu\u2019il \u00e9pouse en 1967.\u00a0Fran\u00e7ois-Xavier Lalanne est d'abord connu pour ses sculptures d'animaux, domestiques (moutons) ou sauvages (rhinoc\u00e9ros), qu'il pr\u00e9sente dans une conception utilitaire de la sculpture (rhino-secr\u00e9taire ; bo\u00eete de sardines-canap\u00e9...).\u00a0Les animaux sont \u00e9galement le sujet central de son \u0153uvre.\u00a0Jusqu'\u00e0 la fin de sa vie, Fran\u00e7ois-Xavier Lalanne a v\u00e9cu et travaill\u00e9 \u00e0 Ury (Seine-et-Marne).\",\"breadcrumb\":{\"@id\":\"https:\\\/\\\/www.jousse-entreprise.com\\\/mobilier-architectes\\\/fr\\\/createurs\\\/claude-et-francois-xavier-lalanne\\\/#breadcrumb\"},\"inLanguage\":\"en-US\",\"potentialAction\":[{\"@type\":\"ReadAction\",\"target\":[\"https:\\\/\\\/www.jousse-entreprise.com\\\/mobilier-architectes\\\/fr\\\/createurs\\\/claude-et-francois-xavier-lalanne\\\/\"]}]},{\"@type\":\"ImageObject\",\"inLanguage\":\"en-US\",\"@id\":\"https:\\\/\\\/www.jousse-entreprise.com\\\/mobilier-architectes\\\/fr\\\/createurs\\\/claude-et-francois-xavier-lalanne\\\/#primaryimage\",\"url\":\"https:\\\/\\\/www.jousse-entreprise.com\\\/mobilier-architectes\\\/wp-content\\\/uploads\\\/sites\\\/5\\\/2019\\\/01\\\/Lalanne_crapaud.jpg\",\"contentUrl\":\"https:\\\/\\\/www.jousse-entreprise.com\\\/mobilier-architectes\\\/wp-content\\\/uploads\\\/sites\\\/5\\\/2019\\\/01\\\/Lalanne_crapaud.jpg\",\"width\":1532,\"height\":1356},{\"@type\":\"BreadcrumbList\",\"@id\":\"https:\\\/\\\/www.jousse-entreprise.com\\\/mobilier-architectes\\\/fr\\\/createurs\\\/claude-et-francois-xavier-lalanne\\\/#breadcrumb\",\"itemListElement\":[{\"@type\":\"ListItem\",\"position\":1,\"name\":\"Accueil\",\"item\":\"https:\\\/\\\/www.jousse-entreprise.com\\\/mobilier-architectes\\\/en\\\/\"},{\"@type\":\"ListItem\",\"position\":2,\"name\":\"Createurs\",\"item\":\"https:\\\/\\\/www.jousse-entreprise.com\\\/mobilier-architectes\\\/fr\\\/createurs\\\/\"},{\"@type\":\"ListItem\",\"position\":3,\"name\":\"Claude et Fran\u00e7ois-Xavier Lalanne\"}]},{\"@type\":\"WebSite\",\"@id\":\"https:\\\/\\\/www.jousse-entreprise.com\\\/mobilier-architectes\\\/#website\",\"url\":\"https:\\\/\\\/www.jousse-entreprise.com\\\/mobilier-architectes\\\/\",\"name\":\"Jousse-entreprise | architecture x furniture\",\"description\":\"\",\"publisher\":{\"@id\":\"https:\\\/\\\/www.jousse-entreprise.com\\\/mobilier-architectes\\\/#organization\"},\"potentialAction\":[{\"@type\":\"SearchAction\",\"target\":{\"@type\":\"EntryPoint\",\"urlTemplate\":\"https:\\\/\\\/www.jousse-entreprise.com\\\/mobilier-architectes\\\/?s={search_term_string}\"},\"query-input\":{\"@type\":\"PropertyValueSpecification\",\"valueRequired\":true,\"valueName\":\"search_term_string\"}}],\"inLanguage\":\"en-US\"},{\"@type\":\"Organization\",\"@id\":\"https:\\\/\\\/www.jousse-entreprise.com\\\/mobilier-architectes\\\/#organization\",\"name\":\"Jousse entreprise - architecture x furniture\",\"url\":\"https:\\\/\\\/www.jousse-entreprise.com\\\/mobilier-architectes\\\/\",\"logo\":{\"@type\":\"ImageObject\",\"inLanguage\":\"en-US\",\"@id\":\"https:\\\/\\\/www.jousse-entreprise.com\\\/mobilier-architectes\\\/#\\\/schema\\\/logo\\\/image\\\/\",\"url\":\"https:\\\/\\\/www.jousse-entreprise.com\\\/mobilier-architectes\\\/wp-content\\\/uploads\\\/sites\\\/5\\\/2019\\\/01\\\/logoret.jpg\",\"contentUrl\":\"https:\\\/\\\/www.jousse-entreprise.com\\\/mobilier-architectes\\\/wp-content\\\/uploads\\\/sites\\\/5\\\/2019\\\/01\\\/logoret.jpg\",\"width\":500,\"height\":200,\"caption\":\"Jousse entreprise - architecture x furniture\"},\"image\":{\"@id\":\"https:\\\/\\\/www.jousse-entreprise.com\\\/mobilier-architectes\\\/#\\\/schema\\\/logo\\\/image\\\/\"},\"sameAs\":[\"https:\\\/\\\/www.instagram.com\\\/jousseentreprise\\\/\"]}]}<\/script>\n<!-- \/ Yoast SEO plugin. -->","yoast_head_json":{"title":"Claude et Fran\u00e7ois-Xavier Lalanne - Jousse-entreprise | architecture x furniture","description":"En 1949, Fran\u00e7ois-Xavier Lalanne \u00e9tudie le dessin, la sculpture et la peinture \u00e0 Paris. sa premi\u00e8re exposition personnelle de peinture a lieu \u00e0 la galerie Cimaise en 1952.\u00a0Il\u00a0 travaille la sculpture \u00e0 partir de 1956 avec Claude qu\u2019il \u00e9pouse en 1967.\u00a0Fran\u00e7ois-Xavier Lalanne est d'abord connu pour ses sculptures d'animaux, domestiques (moutons) ou sauvages (rhinoc\u00e9ros), qu'il pr\u00e9sente dans une conception utilitaire de la sculpture (rhino-secr\u00e9taire ; bo\u00eete de sardines-canap\u00e9...).\u00a0Les animaux sont \u00e9galement le sujet central de son \u0153uvre.\u00a0Jusqu'\u00e0 la fin de sa vie, Fran\u00e7ois-Xavier Lalanne a v\u00e9cu et travaill\u00e9 \u00e0 Ury (Seine-et-Marne).","robots":{"index":"index","follow":"follow","max-snippet":"max-snippet:-1","max-image-preview":"max-image-preview:large","max-video-preview":"max-video-preview:-1"},"canonical":"https:\/\/www.jousse-entreprise.com\/mobilier-architectes\/fr\/createurs\/claude-et-francois-xavier-lalanne\/","og_locale":"en_US","og_type":"article","og_title":"Claude et Fran\u00e7ois-Xavier Lalanne - Jousse-entreprise | architecture x furniture","og_description":"En 1949, Fran\u00e7ois-Xavier Lalanne \u00e9tudie le dessin, la sculpture et la peinture \u00e0 Paris. sa premi\u00e8re exposition personnelle de peinture a lieu \u00e0 la galerie Cimaise en 1952.\u00a0Il\u00a0 travaille la sculpture \u00e0 partir de 1956 avec Claude qu\u2019il \u00e9pouse en 1967.\u00a0Fran\u00e7ois-Xavier Lalanne est d'abord connu pour ses sculptures d'animaux, domestiques (moutons) ou sauvages (rhinoc\u00e9ros), qu'il pr\u00e9sente dans une conception utilitaire de la sculpture (rhino-secr\u00e9taire ; bo\u00eete de sardines-canap\u00e9...).\u00a0Les animaux sont \u00e9galement le sujet central de son \u0153uvre.\u00a0Jusqu'\u00e0 la fin de sa vie, Fran\u00e7ois-Xavier Lalanne a v\u00e9cu et travaill\u00e9 \u00e0 Ury (Seine-et-Marne).","og_url":"https:\/\/www.jousse-entreprise.com\/mobilier-architectes\/fr\/createurs\/claude-et-francois-xavier-lalanne\/","og_site_name":"Jousse-entreprise | architecture x furniture","article_modified_time":"2026-04-04T11:17:47+00:00","og_image":[{"width":1532,"height":1356,"url":"https:\/\/www.jousse-entreprise.com\/mobilier-architectes\/wp-content\/uploads\/sites\/5\/2019\/01\/Lalanne_crapaud.jpg","type":"image\/jpeg"}],"twitter_card":"summary_large_image","schema":{"@context":"https:\/\/schema.org","@graph":[{"@type":"WebPage","@id":"https:\/\/www.jousse-entreprise.com\/mobilier-architectes\/fr\/createurs\/claude-et-francois-xavier-lalanne\/","url":"https:\/\/www.jousse-entreprise.com\/mobilier-architectes\/fr\/createurs\/claude-et-francois-xavier-lalanne\/","name":"Claude et Fran\u00e7ois-Xavier Lalanne - Jousse-entreprise | architecture x furniture","isPartOf":{"@id":"https:\/\/www.jousse-entreprise.com\/mobilier-architectes\/#website"},"primaryImageOfPage":{"@id":"https:\/\/www.jousse-entreprise.com\/mobilier-architectes\/fr\/createurs\/claude-et-francois-xavier-lalanne\/#primaryimage"},"image":{"@id":"https:\/\/www.jousse-entreprise.com\/mobilier-architectes\/fr\/createurs\/claude-et-francois-xavier-lalanne\/#primaryimage"},"thumbnailUrl":"https:\/\/www.jousse-entreprise.com\/mobilier-architectes\/wp-content\/uploads\/sites\/5\/2019\/01\/Lalanne_crapaud.jpg","datePublished":"2019-01-26T11:26:31+00:00","dateModified":"2026-04-04T11:17:47+00:00","description":"En 1949, Fran\u00e7ois-Xavier Lalanne \u00e9tudie le dessin, la sculpture et la peinture \u00e0 Paris. sa premi\u00e8re exposition personnelle de peinture a lieu \u00e0 la galerie Cimaise en 1952.\u00a0Il\u00a0 travaille la sculpture \u00e0 partir de 1956 avec Claude qu\u2019il \u00e9pouse en 1967.\u00a0Fran\u00e7ois-Xavier Lalanne est d'abord connu pour ses sculptures d'animaux, domestiques (moutons) ou sauvages (rhinoc\u00e9ros), qu'il pr\u00e9sente dans une conception utilitaire de la sculpture (rhino-secr\u00e9taire ; bo\u00eete de sardines-canap\u00e9...).\u00a0Les animaux sont \u00e9galement le sujet central de son \u0153uvre.\u00a0Jusqu'\u00e0 la fin de sa vie, Fran\u00e7ois-Xavier Lalanne a v\u00e9cu et travaill\u00e9 \u00e0 Ury (Seine-et-Marne).","breadcrumb":{"@id":"https:\/\/www.jousse-entreprise.com\/mobilier-architectes\/fr\/createurs\/claude-et-francois-xavier-lalanne\/#breadcrumb"},"inLanguage":"en-US","potentialAction":[{"@type":"ReadAction","target":["https:\/\/www.jousse-entreprise.com\/mobilier-architectes\/fr\/createurs\/claude-et-francois-xavier-lalanne\/"]}]},{"@type":"ImageObject","inLanguage":"en-US","@id":"https:\/\/www.jousse-entreprise.com\/mobilier-architectes\/fr\/createurs\/claude-et-francois-xavier-lalanne\/#primaryimage","url":"https:\/\/www.jousse-entreprise.com\/mobilier-architectes\/wp-content\/uploads\/sites\/5\/2019\/01\/Lalanne_crapaud.jpg","contentUrl":"https:\/\/www.jousse-entreprise.com\/mobilier-architectes\/wp-content\/uploads\/sites\/5\/2019\/01\/Lalanne_crapaud.jpg","width":1532,"height":1356},{"@type":"BreadcrumbList","@id":"https:\/\/www.jousse-entreprise.com\/mobilier-architectes\/fr\/createurs\/claude-et-francois-xavier-lalanne\/#breadcrumb","itemListElement":[{"@type":"ListItem","position":1,"name":"Accueil","item":"https:\/\/www.jousse-entreprise.com\/mobilier-architectes\/en\/"},{"@type":"ListItem","position":2,"name":"Createurs","item":"https:\/\/www.jousse-entreprise.com\/mobilier-architectes\/fr\/createurs\/"},{"@type":"ListItem","position":3,"name":"Claude et Fran\u00e7ois-Xavier Lalanne"}]},{"@type":"WebSite","@id":"https:\/\/www.jousse-entreprise.com\/mobilier-architectes\/#website","url":"https:\/\/www.jousse-entreprise.com\/mobilier-architectes\/","name":"Jousse-entreprise | architecture x furniture","description":"","publisher":{"@id":"https:\/\/www.jousse-entreprise.com\/mobilier-architectes\/#organization"},"potentialAction":[{"@type":"SearchAction","target":{"@type":"EntryPoint","urlTemplate":"https:\/\/www.jousse-entreprise.com\/mobilier-architectes\/?s={search_term_string}"},"query-input":{"@type":"PropertyValueSpecification","valueRequired":true,"valueName":"search_term_string"}}],"inLanguage":"en-US"},{"@type":"Organization","@id":"https:\/\/www.jousse-entreprise.com\/mobilier-architectes\/#organization","name":"Jousse entreprise - architecture x furniture","url":"https:\/\/www.jousse-entreprise.com\/mobilier-architectes\/","logo":{"@type":"ImageObject","inLanguage":"en-US","@id":"https:\/\/www.jousse-entreprise.com\/mobilier-architectes\/#\/schema\/logo\/image\/","url":"https:\/\/www.jousse-entreprise.com\/mobilier-architectes\/wp-content\/uploads\/sites\/5\/2019\/01\/logoret.jpg","contentUrl":"https:\/\/www.jousse-entreprise.com\/mobilier-architectes\/wp-content\/uploads\/sites\/5\/2019\/01\/logoret.jpg","width":500,"height":200,"caption":"Jousse entreprise - architecture x furniture"},"image":{"@id":"https:\/\/www.jousse-entreprise.com\/mobilier-architectes\/#\/schema\/logo\/image\/"},"sameAs":["https:\/\/www.instagram.com\/jousseentreprise\/"]}]}},"_links":{"self":[{"href":"https:\/\/www.jousse-entreprise.com\/mobilier-architectes\/wp-json\/wp\/v2\/artistes\/892","targetHints":{"allow":["GET"]}}],"collection":[{"href":"https:\/\/www.jousse-entreprise.com\/mobilier-architectes\/wp-json\/wp\/v2\/artistes"}],"about":[{"href":"https:\/\/www.jousse-entreprise.com\/mobilier-architectes\/wp-json\/wp\/v2\/types\/artistes"}],"version-history":[{"count":5,"href":"https:\/\/www.jousse-entreprise.com\/mobilier-architectes\/wp-json\/wp\/v2\/artistes\/892\/revisions"}],"predecessor-version":[{"id":7337,"href":"https:\/\/www.jousse-entreprise.com\/mobilier-architectes\/wp-json\/wp\/v2\/artistes\/892\/revisions\/7337"}],"wp:featuredmedia":[{"embeddable":true,"href":"https:\/\/www.jousse-entreprise.com\/mobilier-architectes\/wp-json\/wp\/v2\/media\/893"}],"wp:attachment":[{"href":"https:\/\/www.jousse-entreprise.com\/mobilier-architectes\/wp-json\/wp\/v2\/media?parent=892"}],"curies":[{"name":"wp","href":"https:\/\/api.w.org\/{rel}","templated":true}]}}