{"id":870,"date":"2019-01-26T11:59:39","date_gmt":"2019-01-26T10:59:39","guid":{"rendered":"https:\/\/www.jousse-entreprise.com\/mobilier-architectes\/?post_type=artistes&#038;p=870"},"modified":"2026-04-09T14:08:14","modified_gmt":"2026-04-09T12:08:14","slug":"jean-maneval","status":"publish","type":"artistes","link":"https:\/\/www.jousse-entreprise.com\/mobilier-architectes\/fr\/createurs\/jean-maneval\/","title":{"rendered":"Jean Maneval"},"content":{"rendered":"<p class=\"p1\"><span class=\"s1\">En 1956, la France marquait une avance consid\u00e9rable conceptuellement et techniquement en pr\u00e9sentant la premi\u00e8re maison en mati\u00e8res plastiques. Gr\u00e2ce \u00e0 l\u2019architecte Ionel Schein, ce projet pouvait voir le jour et recevoir un \u00e9cho enthousiaste du monde entier.\u201d\u00a0<\/span><span class=\"s1\">Pr\u00e9sent\u00e9e au Salon des Arts M\u00e9nagers en 1956, cette maison restera \u00e0 l\u2019\u00e9tat de prototype. Il faudra attendre le projet de l\u2019architecte-urbaniste et th\u00e9oricien Jean Maneval (1923-1986) pour qu\u2019une unit\u00e9 d\u2019habitation enti\u00e8rement r\u00e9alis\u00e9e en mat\u00e9riaux de synth\u00e8se soit fabriqu\u00e9e en s\u00e9rie et commercialis\u00e9e.\u00a0<\/span><\/p>\n<p class=\"p1\"><span class=\"s1\">Con\u00e7ue en 1964 et industrialis\u00e9e \u00e0 partir de 1968 par la soci\u00e9t\u00e9 Batiplastique, la bulle \u201csix coques\u201d de Jean Maneval fera l\u2019objet d\u2019un programme d\u2019\u00e9quipement d\u2019un village de vacances exp\u00e9rimental implant\u00e9 \u00e0 Gripp dans les Hautes-Pyr\u00e9n\u00e9es.\u00a0\u00a0<\/span><span class=\"s1\">Cet ensemble comprend vingt \u201cmaisons-bulles\u201d identiques (3) fabriqu\u00e9es en usine avec un montage minimum sur le chantier, et qui, par leur forme et leur couleur (blanc, vert, marron), s\u2019int\u00e8grent parfaitement dans le paysage. Chaque cellule est constitu\u00e9e de six coques assembl\u00e9es entre elles par des joints \u00e9tanches d\u00e9montables et suspendues \u00e0 une charpente m\u00e9tallique qui repose sur un socle en b\u00e9ton et supporte le plancher.<\/span><span class=\"s1\">\u00a0<\/span><span class=\"s1\">Une calotte h\u00e9misph\u00e9rique couronne l\u2019ensemble. Les coques sont r\u00e9alis\u00e9es en polyester arm\u00e9 avec m\u00e9thacrylate.\u00a0<\/span><span class=\"s1\">Apr\u00e8s le sauvetage et le montage d\u2019\u00e9l\u00e9ments d\u2019architecture de Jean Prouv\u00e9 d\u2019une part, et largement aid\u00e9 par les recherches de Jean-Philippe Mercier d\u2019autre part, la sauvegarde des maisons du village de vacances de Gripp de Jean Maneval s\u2019est impos\u00e9 comme une \u00e9vidence.\u00a0<\/span><span class=\"s1\">Des \u00abunit\u00e9s d\u2019urgence\u00bb de Jean Prouv\u00e9 aux maisons bulles six coques de Jean Maneval, toutes deux comme un fait expr\u00e8s, d\u2019une surface id\u00e9ale de 36 m2, il y a une continuit\u00e9 de processus qui s\u2019impose \u00e0 nous.\u00a0<\/span><\/p>\n<p class=\"p1\"><span class=\"s1\">De la maison d\u00e9montable de Jean Prouv\u00e9 aux maisons mobiles de Jean Maneval, il y a au del\u00e0 du stricte style, une unit\u00e9 de geste, d\u2019intention et de projet.<\/span><\/p>\n","protected":false},"featured_media":15674,"menu_order":19,"template":"","class_list":["post-870","artistes","type-artistes","status-publish","has-post-thumbnail","hentry"],"yoast_head":"<!-- This site is optimized with the Yoast SEO plugin v27.4 - https:\/\/yoast.com\/product\/yoast-seo-wordpress\/ -->\n<title>Jean Maneval - Jousse-entreprise | architecture x furniture<\/title>\n<meta name=\"description\" content=\"En 1956, la France marquait une avance consid\u00e9rable conceptuellement et techniquement en pr\u00e9sentant la premi\u00e8re maison en mati\u00e8res plastiques. Gr\u00e2ce \u00e0 l\u2019architecte Ionel Schein, ce projet pouvait voir le jour et recevoir un \u00e9cho enthousiaste du monde entier.\u201d\u00a0Pr\u00e9sent\u00e9e au Salon des Arts M\u00e9nagers en 1956, cette maison restera \u00e0 l\u2019\u00e9tat de prototype. Il faudra attendre le projet de l\u2019architecte-urbaniste et th\u00e9oricien Jean Maneval (1923-1986) pour qu\u2019une unit\u00e9 d\u2019habitation enti\u00e8rement r\u00e9alis\u00e9e en mat\u00e9riaux de synth\u00e8se soit fabriqu\u00e9e en s\u00e9rie et commercialis\u00e9e.\u00a0\" \/>\n<meta name=\"robots\" content=\"index, follow, max-snippet:-1, max-image-preview:large, max-video-preview:-1\" \/>\n<link rel=\"canonical\" href=\"https:\/\/www.jousse-entreprise.com\/mobilier-architectes\/fr\/createurs\/jean-maneval\/\" \/>\n<meta property=\"og:locale\" content=\"en_US\" \/>\n<meta property=\"og:type\" content=\"article\" \/>\n<meta property=\"og:title\" content=\"Jean Maneval - Jousse-entreprise | architecture x furniture\" \/>\n<meta property=\"og:description\" content=\"En 1956, la France marquait une avance consid\u00e9rable conceptuellement et techniquement en pr\u00e9sentant la premi\u00e8re maison en mati\u00e8res plastiques. Gr\u00e2ce \u00e0 l\u2019architecte Ionel Schein, ce projet pouvait voir le jour et recevoir un \u00e9cho enthousiaste du monde entier.\u201d\u00a0Pr\u00e9sent\u00e9e au Salon des Arts M\u00e9nagers en 1956, cette maison restera \u00e0 l\u2019\u00e9tat de prototype. Il faudra attendre le projet de l\u2019architecte-urbaniste et th\u00e9oricien Jean Maneval (1923-1986) pour qu\u2019une unit\u00e9 d\u2019habitation enti\u00e8rement r\u00e9alis\u00e9e en mat\u00e9riaux de synth\u00e8se soit fabriqu\u00e9e en s\u00e9rie et commercialis\u00e9e.\u00a0\" \/>\n<meta property=\"og:url\" content=\"https:\/\/www.jousse-entreprise.com\/mobilier-architectes\/fr\/createurs\/jean-maneval\/\" \/>\n<meta property=\"og:site_name\" content=\"Jousse-entreprise | architecture x furniture\" \/>\n<meta property=\"article:modified_time\" content=\"2026-04-09T12:08:14+00:00\" \/>\n<meta property=\"og:image\" content=\"https:\/\/www.jousse-entreprise.com\/mobilier-architectes\/wp-content\/uploads\/sites\/5\/2019\/01\/jousse-entreprise-jean-maneval-maison-bulle-DMB14_cropped-scaled.jpg\" \/>\n\t<meta property=\"og:image:width\" content=\"2560\" \/>\n\t<meta property=\"og:image:height\" content=\"2560\" \/>\n\t<meta property=\"og:image:type\" content=\"image\/jpeg\" \/>\n<meta name=\"twitter:card\" content=\"summary_large_image\" \/>\n<meta name=\"twitter:label1\" content=\"Est. reading time\" \/>\n\t<meta name=\"twitter:data1\" content=\"2 minutes\" \/>\n<script type=\"application\/ld+json\" class=\"yoast-schema-graph\">{\"@context\":\"https:\\\/\\\/schema.org\",\"@graph\":[{\"@type\":\"WebPage\",\"@id\":\"https:\\\/\\\/www.jousse-entreprise.com\\\/mobilier-architectes\\\/fr\\\/createurs\\\/jean-maneval\\\/\",\"url\":\"https:\\\/\\\/www.jousse-entreprise.com\\\/mobilier-architectes\\\/fr\\\/createurs\\\/jean-maneval\\\/\",\"name\":\"Jean Maneval - Jousse-entreprise | architecture x furniture\",\"isPartOf\":{\"@id\":\"https:\\\/\\\/www.jousse-entreprise.com\\\/mobilier-architectes\\\/#website\"},\"primaryImageOfPage\":{\"@id\":\"https:\\\/\\\/www.jousse-entreprise.com\\\/mobilier-architectes\\\/fr\\\/createurs\\\/jean-maneval\\\/#primaryimage\"},\"image\":{\"@id\":\"https:\\\/\\\/www.jousse-entreprise.com\\\/mobilier-architectes\\\/fr\\\/createurs\\\/jean-maneval\\\/#primaryimage\"},\"thumbnailUrl\":\"https:\\\/\\\/www.jousse-entreprise.com\\\/mobilier-architectes\\\/wp-content\\\/uploads\\\/sites\\\/5\\\/2019\\\/01\\\/jousse-entreprise-jean-maneval-maison-bulle-DMB14_cropped-scaled.jpg\",\"datePublished\":\"2019-01-26T10:59:39+00:00\",\"dateModified\":\"2026-04-09T12:08:14+00:00\",\"description\":\"En 1956, la France marquait une avance consid\u00e9rable conceptuellement et techniquement en pr\u00e9sentant la premi\u00e8re maison en mati\u00e8res plastiques. Gr\u00e2ce \u00e0 l\u2019architecte Ionel Schein, ce projet pouvait voir le jour et recevoir un \u00e9cho enthousiaste du monde entier.\u201d\u00a0Pr\u00e9sent\u00e9e au Salon des Arts M\u00e9nagers en 1956, cette maison restera \u00e0 l\u2019\u00e9tat de prototype. Il faudra attendre le projet de l\u2019architecte-urbaniste et th\u00e9oricien Jean Maneval (1923-1986) pour qu\u2019une unit\u00e9 d\u2019habitation enti\u00e8rement r\u00e9alis\u00e9e en mat\u00e9riaux de synth\u00e8se soit fabriqu\u00e9e en s\u00e9rie et commercialis\u00e9e.\u00a0\",\"breadcrumb\":{\"@id\":\"https:\\\/\\\/www.jousse-entreprise.com\\\/mobilier-architectes\\\/fr\\\/createurs\\\/jean-maneval\\\/#breadcrumb\"},\"inLanguage\":\"en-US\",\"potentialAction\":[{\"@type\":\"ReadAction\",\"target\":[\"https:\\\/\\\/www.jousse-entreprise.com\\\/mobilier-architectes\\\/fr\\\/createurs\\\/jean-maneval\\\/\"]}]},{\"@type\":\"ImageObject\",\"inLanguage\":\"en-US\",\"@id\":\"https:\\\/\\\/www.jousse-entreprise.com\\\/mobilier-architectes\\\/fr\\\/createurs\\\/jean-maneval\\\/#primaryimage\",\"url\":\"https:\\\/\\\/www.jousse-entreprise.com\\\/mobilier-architectes\\\/wp-content\\\/uploads\\\/sites\\\/5\\\/2019\\\/01\\\/jousse-entreprise-jean-maneval-maison-bulle-DMB14_cropped-scaled.jpg\",\"contentUrl\":\"https:\\\/\\\/www.jousse-entreprise.com\\\/mobilier-architectes\\\/wp-content\\\/uploads\\\/sites\\\/5\\\/2019\\\/01\\\/jousse-entreprise-jean-maneval-maison-bulle-DMB14_cropped-scaled.jpg\",\"width\":2560,\"height\":2560,\"caption\":\"jousse-entreprise-jean-maneval-maison-bulle-DMB14_cropped\"},{\"@type\":\"BreadcrumbList\",\"@id\":\"https:\\\/\\\/www.jousse-entreprise.com\\\/mobilier-architectes\\\/fr\\\/createurs\\\/jean-maneval\\\/#breadcrumb\",\"itemListElement\":[{\"@type\":\"ListItem\",\"position\":1,\"name\":\"Accueil\",\"item\":\"https:\\\/\\\/www.jousse-entreprise.com\\\/mobilier-architectes\\\/en\\\/\"},{\"@type\":\"ListItem\",\"position\":2,\"name\":\"Createurs\",\"item\":\"https:\\\/\\\/www.jousse-entreprise.com\\\/mobilier-architectes\\\/fr\\\/createurs\\\/\"},{\"@type\":\"ListItem\",\"position\":3,\"name\":\"Jean Maneval\"}]},{\"@type\":\"WebSite\",\"@id\":\"https:\\\/\\\/www.jousse-entreprise.com\\\/mobilier-architectes\\\/#website\",\"url\":\"https:\\\/\\\/www.jousse-entreprise.com\\\/mobilier-architectes\\\/\",\"name\":\"Jousse-entreprise | architecture x furniture\",\"description\":\"\",\"publisher\":{\"@id\":\"https:\\\/\\\/www.jousse-entreprise.com\\\/mobilier-architectes\\\/#organization\"},\"potentialAction\":[{\"@type\":\"SearchAction\",\"target\":{\"@type\":\"EntryPoint\",\"urlTemplate\":\"https:\\\/\\\/www.jousse-entreprise.com\\\/mobilier-architectes\\\/?s={search_term_string}\"},\"query-input\":{\"@type\":\"PropertyValueSpecification\",\"valueRequired\":true,\"valueName\":\"search_term_string\"}}],\"inLanguage\":\"en-US\"},{\"@type\":\"Organization\",\"@id\":\"https:\\\/\\\/www.jousse-entreprise.com\\\/mobilier-architectes\\\/#organization\",\"name\":\"Jousse entreprise - architecture x furniture\",\"url\":\"https:\\\/\\\/www.jousse-entreprise.com\\\/mobilier-architectes\\\/\",\"logo\":{\"@type\":\"ImageObject\",\"inLanguage\":\"en-US\",\"@id\":\"https:\\\/\\\/www.jousse-entreprise.com\\\/mobilier-architectes\\\/#\\\/schema\\\/logo\\\/image\\\/\",\"url\":\"https:\\\/\\\/www.jousse-entreprise.com\\\/mobilier-architectes\\\/wp-content\\\/uploads\\\/sites\\\/5\\\/2019\\\/01\\\/logoret.jpg\",\"contentUrl\":\"https:\\\/\\\/www.jousse-entreprise.com\\\/mobilier-architectes\\\/wp-content\\\/uploads\\\/sites\\\/5\\\/2019\\\/01\\\/logoret.jpg\",\"width\":500,\"height\":200,\"caption\":\"Jousse entreprise - architecture x furniture\"},\"image\":{\"@id\":\"https:\\\/\\\/www.jousse-entreprise.com\\\/mobilier-architectes\\\/#\\\/schema\\\/logo\\\/image\\\/\"},\"sameAs\":[\"https:\\\/\\\/www.instagram.com\\\/jousseentreprise\\\/\"]}]}<\/script>\n<!-- \/ Yoast SEO plugin. -->","yoast_head_json":{"title":"Jean Maneval - Jousse-entreprise | architecture x furniture","description":"En 1956, la France marquait une avance consid\u00e9rable conceptuellement et techniquement en pr\u00e9sentant la premi\u00e8re maison en mati\u00e8res plastiques. Gr\u00e2ce \u00e0 l\u2019architecte Ionel Schein, ce projet pouvait voir le jour et recevoir un \u00e9cho enthousiaste du monde entier.\u201d\u00a0Pr\u00e9sent\u00e9e au Salon des Arts M\u00e9nagers en 1956, cette maison restera \u00e0 l\u2019\u00e9tat de prototype. Il faudra attendre le projet de l\u2019architecte-urbaniste et th\u00e9oricien Jean Maneval (1923-1986) pour qu\u2019une unit\u00e9 d\u2019habitation enti\u00e8rement r\u00e9alis\u00e9e en mat\u00e9riaux de synth\u00e8se soit fabriqu\u00e9e en s\u00e9rie et commercialis\u00e9e.\u00a0","robots":{"index":"index","follow":"follow","max-snippet":"max-snippet:-1","max-image-preview":"max-image-preview:large","max-video-preview":"max-video-preview:-1"},"canonical":"https:\/\/www.jousse-entreprise.com\/mobilier-architectes\/fr\/createurs\/jean-maneval\/","og_locale":"en_US","og_type":"article","og_title":"Jean Maneval - Jousse-entreprise | architecture x furniture","og_description":"En 1956, la France marquait une avance consid\u00e9rable conceptuellement et techniquement en pr\u00e9sentant la premi\u00e8re maison en mati\u00e8res plastiques. Gr\u00e2ce \u00e0 l\u2019architecte Ionel Schein, ce projet pouvait voir le jour et recevoir un \u00e9cho enthousiaste du monde entier.\u201d\u00a0Pr\u00e9sent\u00e9e au Salon des Arts M\u00e9nagers en 1956, cette maison restera \u00e0 l\u2019\u00e9tat de prototype. Il faudra attendre le projet de l\u2019architecte-urbaniste et th\u00e9oricien Jean Maneval (1923-1986) pour qu\u2019une unit\u00e9 d\u2019habitation enti\u00e8rement r\u00e9alis\u00e9e en mat\u00e9riaux de synth\u00e8se soit fabriqu\u00e9e en s\u00e9rie et commercialis\u00e9e.\u00a0","og_url":"https:\/\/www.jousse-entreprise.com\/mobilier-architectes\/fr\/createurs\/jean-maneval\/","og_site_name":"Jousse-entreprise | architecture x furniture","article_modified_time":"2026-04-09T12:08:14+00:00","og_image":[{"width":2560,"height":2560,"url":"https:\/\/www.jousse-entreprise.com\/mobilier-architectes\/wp-content\/uploads\/sites\/5\/2019\/01\/jousse-entreprise-jean-maneval-maison-bulle-DMB14_cropped-scaled.jpg","type":"image\/jpeg"}],"twitter_card":"summary_large_image","twitter_misc":{"Est. reading time":"2 minutes"},"schema":{"@context":"https:\/\/schema.org","@graph":[{"@type":"WebPage","@id":"https:\/\/www.jousse-entreprise.com\/mobilier-architectes\/fr\/createurs\/jean-maneval\/","url":"https:\/\/www.jousse-entreprise.com\/mobilier-architectes\/fr\/createurs\/jean-maneval\/","name":"Jean Maneval - Jousse-entreprise | architecture x furniture","isPartOf":{"@id":"https:\/\/www.jousse-entreprise.com\/mobilier-architectes\/#website"},"primaryImageOfPage":{"@id":"https:\/\/www.jousse-entreprise.com\/mobilier-architectes\/fr\/createurs\/jean-maneval\/#primaryimage"},"image":{"@id":"https:\/\/www.jousse-entreprise.com\/mobilier-architectes\/fr\/createurs\/jean-maneval\/#primaryimage"},"thumbnailUrl":"https:\/\/www.jousse-entreprise.com\/mobilier-architectes\/wp-content\/uploads\/sites\/5\/2019\/01\/jousse-entreprise-jean-maneval-maison-bulle-DMB14_cropped-scaled.jpg","datePublished":"2019-01-26T10:59:39+00:00","dateModified":"2026-04-09T12:08:14+00:00","description":"En 1956, la France marquait une avance consid\u00e9rable conceptuellement et techniquement en pr\u00e9sentant la premi\u00e8re maison en mati\u00e8res plastiques. Gr\u00e2ce \u00e0 l\u2019architecte Ionel Schein, ce projet pouvait voir le jour et recevoir un \u00e9cho enthousiaste du monde entier.\u201d\u00a0Pr\u00e9sent\u00e9e au Salon des Arts M\u00e9nagers en 1956, cette maison restera \u00e0 l\u2019\u00e9tat de prototype. Il faudra attendre le projet de l\u2019architecte-urbaniste et th\u00e9oricien Jean Maneval (1923-1986) pour qu\u2019une unit\u00e9 d\u2019habitation enti\u00e8rement r\u00e9alis\u00e9e en mat\u00e9riaux de synth\u00e8se soit fabriqu\u00e9e en s\u00e9rie et commercialis\u00e9e.\u00a0","breadcrumb":{"@id":"https:\/\/www.jousse-entreprise.com\/mobilier-architectes\/fr\/createurs\/jean-maneval\/#breadcrumb"},"inLanguage":"en-US","potentialAction":[{"@type":"ReadAction","target":["https:\/\/www.jousse-entreprise.com\/mobilier-architectes\/fr\/createurs\/jean-maneval\/"]}]},{"@type":"ImageObject","inLanguage":"en-US","@id":"https:\/\/www.jousse-entreprise.com\/mobilier-architectes\/fr\/createurs\/jean-maneval\/#primaryimage","url":"https:\/\/www.jousse-entreprise.com\/mobilier-architectes\/wp-content\/uploads\/sites\/5\/2019\/01\/jousse-entreprise-jean-maneval-maison-bulle-DMB14_cropped-scaled.jpg","contentUrl":"https:\/\/www.jousse-entreprise.com\/mobilier-architectes\/wp-content\/uploads\/sites\/5\/2019\/01\/jousse-entreprise-jean-maneval-maison-bulle-DMB14_cropped-scaled.jpg","width":2560,"height":2560,"caption":"jousse-entreprise-jean-maneval-maison-bulle-DMB14_cropped"},{"@type":"BreadcrumbList","@id":"https:\/\/www.jousse-entreprise.com\/mobilier-architectes\/fr\/createurs\/jean-maneval\/#breadcrumb","itemListElement":[{"@type":"ListItem","position":1,"name":"Accueil","item":"https:\/\/www.jousse-entreprise.com\/mobilier-architectes\/en\/"},{"@type":"ListItem","position":2,"name":"Createurs","item":"https:\/\/www.jousse-entreprise.com\/mobilier-architectes\/fr\/createurs\/"},{"@type":"ListItem","position":3,"name":"Jean Maneval"}]},{"@type":"WebSite","@id":"https:\/\/www.jousse-entreprise.com\/mobilier-architectes\/#website","url":"https:\/\/www.jousse-entreprise.com\/mobilier-architectes\/","name":"Jousse-entreprise | architecture x furniture","description":"","publisher":{"@id":"https:\/\/www.jousse-entreprise.com\/mobilier-architectes\/#organization"},"potentialAction":[{"@type":"SearchAction","target":{"@type":"EntryPoint","urlTemplate":"https:\/\/www.jousse-entreprise.com\/mobilier-architectes\/?s={search_term_string}"},"query-input":{"@type":"PropertyValueSpecification","valueRequired":true,"valueName":"search_term_string"}}],"inLanguage":"en-US"},{"@type":"Organization","@id":"https:\/\/www.jousse-entreprise.com\/mobilier-architectes\/#organization","name":"Jousse entreprise - architecture x furniture","url":"https:\/\/www.jousse-entreprise.com\/mobilier-architectes\/","logo":{"@type":"ImageObject","inLanguage":"en-US","@id":"https:\/\/www.jousse-entreprise.com\/mobilier-architectes\/#\/schema\/logo\/image\/","url":"https:\/\/www.jousse-entreprise.com\/mobilier-architectes\/wp-content\/uploads\/sites\/5\/2019\/01\/logoret.jpg","contentUrl":"https:\/\/www.jousse-entreprise.com\/mobilier-architectes\/wp-content\/uploads\/sites\/5\/2019\/01\/logoret.jpg","width":500,"height":200,"caption":"Jousse entreprise - architecture x furniture"},"image":{"@id":"https:\/\/www.jousse-entreprise.com\/mobilier-architectes\/#\/schema\/logo\/image\/"},"sameAs":["https:\/\/www.instagram.com\/jousseentreprise\/"]}]}},"_links":{"self":[{"href":"https:\/\/www.jousse-entreprise.com\/mobilier-architectes\/wp-json\/wp\/v2\/artistes\/870","targetHints":{"allow":["GET"]}}],"collection":[{"href":"https:\/\/www.jousse-entreprise.com\/mobilier-architectes\/wp-json\/wp\/v2\/artistes"}],"about":[{"href":"https:\/\/www.jousse-entreprise.com\/mobilier-architectes\/wp-json\/wp\/v2\/types\/artistes"}],"version-history":[{"count":8,"href":"https:\/\/www.jousse-entreprise.com\/mobilier-architectes\/wp-json\/wp\/v2\/artistes\/870\/revisions"}],"predecessor-version":[{"id":7329,"href":"https:\/\/www.jousse-entreprise.com\/mobilier-architectes\/wp-json\/wp\/v2\/artistes\/870\/revisions\/7329"}],"wp:featuredmedia":[{"embeddable":true,"href":"https:\/\/www.jousse-entreprise.com\/mobilier-architectes\/wp-json\/wp\/v2\/media\/15674"}],"wp:attachment":[{"href":"https:\/\/www.jousse-entreprise.com\/mobilier-architectes\/wp-json\/wp\/v2\/media?parent=870"}],"curies":[{"name":"wp","href":"https:\/\/api.w.org\/{rel}","templated":true}]}}