{"id":24168,"date":"2026-04-30T12:50:18","date_gmt":"2026-04-30T10:50:18","guid":{"rendered":"https:\/\/www.jousse-entreprise.com\/art-contemporain\/?post_type=expositions&#038;p=24168"},"modified":"2026-04-30T12:53:53","modified_gmt":"2026-04-30T10:53:53","slug":"marion-chaillou-rodeo-galerie-du-jour-agnes-b","status":"publish","type":"expositions","link":"https:\/\/www.jousse-entreprise.com\/art-contemporain\/fr\/expositions\/marion-chaillou-rodeo-galerie-du-jour-agnes-b\/","title":{"rendered":"MARION CHAILLOU | Rod\u00e9o! | Galerie du jour agn\u00e8s b"},"content":{"rendered":"<p>Nous avons le plaisir d&rsquo;annoncer la participation de Marion Chaillou \u00e0 l&rsquo;exposition\u00a0<em>Rod\u00e9o!\u00a0<\/em>en duo show avec avec Salom\u00e9 Botella, du 4 juin au 27 juillet 2026 \u00e0 la galerie du jour agn\u00e8s b.<\/p>\n<p>Le titre\u00a0<em>Rod\u00e9o!<\/em>\u00a0na\u00eet de la proximit\u00e9 quotidienne des deux artistes, qui partagent un atelier au Houloc, nourrissant des \u00e9chos et des r\u00e9sonances dans leurs imaginaires respectifs. Le rod\u00e9o, entendu ici dans sa dimension performative et spectaculaire, devient une grille de lecture de l\u2019exposition : un espace de mise en sc\u00e8ne o\u00f9 se rejouent des rapports de force, de domination mais aussi de r\u00e9sistance. Si leurs pratiques diff\u00e8rent dans leurs formes et leurs r\u00e9f\u00e9rences, Salom\u00e9 Botella et Marion Chaillou partagent un int\u00e9r\u00eat pour des figures issues de l\u2019imaginaire collectif dont elles rejouent les r\u00e9cits et les gestes en fa\u00e7onnant des mati\u00e8res brutes. Elles r\u00e9interpr\u00e8tent des formes charg\u00e9es de sens, allant de la jupe au fer \u00e0 cheval, en d\u00e9pla\u00e7ant leurs usages, en questionnant les syst\u00e8mes de repr\u00e9sentation qui les structurent et en r\u00e9v\u00e9lant les d\u00e9terminismes sociaux qui les sous-tendent.<\/p>\n<p>Dans son travail,\u00a0Salom\u00e9 Botella\u00a0puise dans un imaginaire rural et vernaculaire. Ses sculptures et installations convoquent des mat\u00e9riaux issus de l\u2019artisanat, incarnant \u00e0 la fois l\u2019effort du geste et celui d\u2019une mati\u00e8re mise \u00e0 l\u2019\u00e9preuve. \u00c0 partir de motifs simples, branche, fl\u00e8che et plume, elle compose des situations o\u00f9 les objets semblent pris dans des dynamiques accident\u00e9es, parfois maladroites ou comiques, \u00e9voquant les logiques narratives des premiers cartoons ou de certains westerns hollywoodiens.<\/p>\n<p>De son c\u00f4t\u00e9, le travail de\u00a0Marion Chaillou\u00a0s\u2019ancre dans un espace intime o\u00f9 ses sculptures en bois d\u00e9tournent des formes traditionnelles pour en r\u00e9v\u00e9ler les structures de pouvoir et les dynamiques genr\u00e9es qui les sous-entendent. \u00c0 l\u2019int\u00e9rieur, l\u2019artiste dissimule des peintures, miniatures d\u2019images \u00e0 la gouache, s\u00e9lectionn\u00e9es parmi des photos prises et re\u00e7ues. En mobilisant un vocabulaire vestimentaire fortement codifi\u00e9, elle interroge la fabrication des identit\u00e9s et des r\u00f4les et lib\u00e8re une forme de domestication symbolique \u00e0 la fois critique et performative.<\/p>\n<p>Entre espace intime et imaginaire rural, Rod\u00e9o! fait \u00e9merger un terrain commun o\u00f9 les \u0153uvres se r\u00e9pondent dans un jeu de postures et de tensions. \u00c0 travers ce dialogue, l\u2019exposition montre comment des formes famili\u00e8res, charg\u00e9es d\u2019usages et de r\u00e9cits, peuvent \u00eatre rejou\u00e9es pour en d\u00e9placer les significations. Meubles, v\u00eatements, outils et objets deviennent vecteurs d\u2019interactions sociales et symboliques, recomposant une cartographie sensible des rapports de force et des constructions de genre, dans un espace instable o\u00f9 s\u2019entrelacent m\u00e9moire intime et h\u00e9ritages collectifs.<\/p>\n<p><a href=\"https:\/\/la-fab.com\/la_galerie\/salome-botella-marion-chaillou-rodeo\/\">Plus d&rsquo;informations<\/a><\/p>\n<p>&nbsp;<\/p>\n<p>Image : Marion Chaillou, <i>Baby doll #2, <\/i>2025, \u00e9rable, vernis, tissu,\u00a0 48,7 x 25 x 40,3 cm, unique<\/p>\n","protected":false},"featured_media":24169,"menu_order":0,"template":"","class_list":["post-24168","expositions","type-expositions","status-publish","has-post-thumbnail","hentry"],"yoast_head":"<!-- This site is optimized with the Yoast SEO plugin v27.5 - https:\/\/yoast.com\/product\/yoast-seo-wordpress\/ -->\n<title>MARION CHAILLOU | Rod\u00e9o! | Galerie du jour agn\u00e8s b - Jousse-entreprise | Art Contemporain<\/title>\n<meta name=\"description\" content=\"Nous avons le plaisir d&#039;annoncer la participation de Marion Chaillou \u00e0 l&#039;exposition\u00a0&quot;Rod\u00e9o!&quot;\u00a0en duo show avec avec Salom\u00e9 Botella, du 4 juin au 27 juillet 2026 \u00e0 la galerie du jour agn\u00e8s b.\u00a0\" class=\"yoast-seo-meta-tag\" \/>\n<meta name=\"robots\" content=\"index, follow, max-snippet:-1, max-image-preview:large, max-video-preview:-1\" \/>\n<link rel=\"canonical\" href=\"https:\/\/www.jousse-entreprise.com\/art-contemporain\/fr\/expositions\/marion-chaillou-rodeo-galerie-du-jour-agnes-b\/\" class=\"yoast-seo-meta-tag\" \/>\n<meta property=\"og:locale\" content=\"fr_FR\" class=\"yoast-seo-meta-tag\" \/>\n<meta property=\"og:type\" content=\"article\" class=\"yoast-seo-meta-tag\" \/>\n<meta property=\"og:title\" content=\"MARION CHAILLOU | Rod\u00e9o! | Galerie du jour agn\u00e8s b - Jousse-entreprise | Art Contemporain\" class=\"yoast-seo-meta-tag\" \/>\n<meta property=\"og:description\" content=\"Nous avons le plaisir d&#039;annoncer la participation de Marion Chaillou \u00e0 l&#039;exposition\u00a0&quot;Rod\u00e9o!&quot;\u00a0en duo show avec avec Salom\u00e9 Botella, du 4 juin au 27 juillet 2026 \u00e0 la galerie du jour agn\u00e8s b.\u00a0\" class=\"yoast-seo-meta-tag\" \/>\n<meta property=\"og:url\" content=\"https:\/\/www.jousse-entreprise.com\/art-contemporain\/fr\/expositions\/marion-chaillou-rodeo-galerie-du-jour-agnes-b\/\" class=\"yoast-seo-meta-tag\" \/>\n<meta property=\"og:site_name\" content=\"Jousse-entreprise | Art Contemporain\" class=\"yoast-seo-meta-tag\" \/>\n<meta property=\"article:modified_time\" content=\"2026-04-30T10:53:53+00:00\" class=\"yoast-seo-meta-tag\" \/>\n<meta property=\"og:image\" content=\"https:\/\/www.jousse-entreprise.com\/art-contemporain\/wp-content\/uploads\/sites\/4\/2026\/04\/Sculptures_Marion-Chaillou-09-min-scaled.jpg\" class=\"yoast-seo-meta-tag\" \/>\n\t<meta property=\"og:image:width\" content=\"2560\" class=\"yoast-seo-meta-tag\" \/>\n\t<meta property=\"og:image:height\" content=\"1920\" class=\"yoast-seo-meta-tag\" \/>\n\t<meta property=\"og:image:type\" content=\"image\/jpeg\" class=\"yoast-seo-meta-tag\" \/>\n<meta name=\"twitter:card\" content=\"summary_large_image\" class=\"yoast-seo-meta-tag\" \/>\n<meta name=\"twitter:label1\" content=\"Dur\u00e9e de lecture estim\u00e9e\" class=\"yoast-seo-meta-tag\" \/>\n\t<meta name=\"twitter:data1\" content=\"3 minutes\" class=\"yoast-seo-meta-tag\" \/>\n<script type=\"application\/ld+json\" class=\"yoast-schema-graph\">{\"@context\":\"https:\\\/\\\/schema.org\",\"@graph\":[{\"@type\":\"WebPage\",\"@id\":\"https:\\\/\\\/www.jousse-entreprise.com\\\/art-contemporain\\\/fr\\\/expositions\\\/marion-chaillou-rodeo-galerie-du-jour-agnes-b\\\/\",\"url\":\"https:\\\/\\\/www.jousse-entreprise.com\\\/art-contemporain\\\/fr\\\/expositions\\\/marion-chaillou-rodeo-galerie-du-jour-agnes-b\\\/\",\"name\":\"MARION CHAILLOU | Rod\u00e9o! | Galerie du jour agn\u00e8s b - Jousse-entreprise | Art Contemporain\",\"isPartOf\":{\"@id\":\"https:\\\/\\\/www.jousse-entreprise.com\\\/art-contemporain\\\/#website\"},\"primaryImageOfPage\":{\"@id\":\"https:\\\/\\\/www.jousse-entreprise.com\\\/art-contemporain\\\/fr\\\/expositions\\\/marion-chaillou-rodeo-galerie-du-jour-agnes-b\\\/#primaryimage\"},\"image\":{\"@id\":\"https:\\\/\\\/www.jousse-entreprise.com\\\/art-contemporain\\\/fr\\\/expositions\\\/marion-chaillou-rodeo-galerie-du-jour-agnes-b\\\/#primaryimage\"},\"thumbnailUrl\":\"https:\\\/\\\/www.jousse-entreprise.com\\\/art-contemporain\\\/wp-content\\\/uploads\\\/sites\\\/4\\\/2026\\\/04\\\/Sculptures_Marion-Chaillou-09-min-scaled.jpg\",\"datePublished\":\"2026-04-30T10:50:18+00:00\",\"dateModified\":\"2026-04-30T10:53:53+00:00\",\"description\":\"Nous avons le plaisir d'annoncer la participation de Marion Chaillou \u00e0 l'exposition\u00a0\\\"Rod\u00e9o!\\\"\u00a0en duo show avec avec Salom\u00e9 Botella, du 4 juin au 27 juillet 2026 \u00e0 la galerie du jour agn\u00e8s b.\u00a0\",\"breadcrumb\":{\"@id\":\"https:\\\/\\\/www.jousse-entreprise.com\\\/art-contemporain\\\/fr\\\/expositions\\\/marion-chaillou-rodeo-galerie-du-jour-agnes-b\\\/#breadcrumb\"},\"inLanguage\":\"fr-FR\",\"potentialAction\":[{\"@type\":\"ReadAction\",\"target\":[\"https:\\\/\\\/www.jousse-entreprise.com\\\/art-contemporain\\\/fr\\\/expositions\\\/marion-chaillou-rodeo-galerie-du-jour-agnes-b\\\/\"]}]},{\"@type\":\"ImageObject\",\"inLanguage\":\"fr-FR\",\"@id\":\"https:\\\/\\\/www.jousse-entreprise.com\\\/art-contemporain\\\/fr\\\/expositions\\\/marion-chaillou-rodeo-galerie-du-jour-agnes-b\\\/#primaryimage\",\"url\":\"https:\\\/\\\/www.jousse-entreprise.com\\\/art-contemporain\\\/wp-content\\\/uploads\\\/sites\\\/4\\\/2026\\\/04\\\/Sculptures_Marion-Chaillou-09-min-scaled.jpg\",\"contentUrl\":\"https:\\\/\\\/www.jousse-entreprise.com\\\/art-contemporain\\\/wp-content\\\/uploads\\\/sites\\\/4\\\/2026\\\/04\\\/Sculptures_Marion-Chaillou-09-min-scaled.jpg\",\"width\":2560,\"height\":1920},{\"@type\":\"BreadcrumbList\",\"@id\":\"https:\\\/\\\/www.jousse-entreprise.com\\\/art-contemporain\\\/fr\\\/expositions\\\/marion-chaillou-rodeo-galerie-du-jour-agnes-b\\\/#breadcrumb\",\"itemListElement\":[{\"@type\":\"ListItem\",\"position\":1,\"name\":\"Accueil\",\"item\":\"https:\\\/\\\/www.jousse-entreprise.com\\\/art-contemporain\\\/fr\\\/\"},{\"@type\":\"ListItem\",\"position\":2,\"name\":\"Expositions\",\"item\":\"https:\\\/\\\/www.jousse-entreprise.com\\\/art-contemporain\\\/fr\\\/expositions\\\/\"},{\"@type\":\"ListItem\",\"position\":3,\"name\":\"MARION CHAILLOU | Rod\u00e9o! | Galerie du jour agn\u00e8s b\"}]},{\"@type\":\"WebSite\",\"@id\":\"https:\\\/\\\/www.jousse-entreprise.com\\\/art-contemporain\\\/#website\",\"url\":\"https:\\\/\\\/www.jousse-entreprise.com\\\/art-contemporain\\\/\",\"name\":\"Jousse-entreprise | Art Contemporain\",\"description\":\"\",\"publisher\":{\"@id\":\"https:\\\/\\\/www.jousse-entreprise.com\\\/art-contemporain\\\/#organization\"},\"potentialAction\":[{\"@type\":\"SearchAction\",\"target\":{\"@type\":\"EntryPoint\",\"urlTemplate\":\"https:\\\/\\\/www.jousse-entreprise.com\\\/art-contemporain\\\/?s={search_term_string}\"},\"query-input\":{\"@type\":\"PropertyValueSpecification\",\"valueRequired\":true,\"valueName\":\"search_term_string\"}}],\"inLanguage\":\"fr-FR\"},{\"@type\":\"Organization\",\"@id\":\"https:\\\/\\\/www.jousse-entreprise.com\\\/art-contemporain\\\/#organization\",\"name\":\"Jousse-entreprise | Art Contemporain\",\"url\":\"https:\\\/\\\/www.jousse-entreprise.com\\\/art-contemporain\\\/\",\"logo\":{\"@type\":\"ImageObject\",\"inLanguage\":\"fr-FR\",\"@id\":\"https:\\\/\\\/www.jousse-entreprise.com\\\/art-contemporain\\\/#\\\/schema\\\/logo\\\/image\\\/\",\"url\":\"https:\\\/\\\/www.jousse-entreprise.com\\\/art-contemporain\\\/wp-content\\\/uploads\\\/sites\\\/4\\\/2019\\\/01\\\/logoret.jpg\",\"contentUrl\":\"https:\\\/\\\/www.jousse-entreprise.com\\\/art-contemporain\\\/wp-content\\\/uploads\\\/sites\\\/4\\\/2019\\\/01\\\/logoret.jpg\",\"width\":500,\"height\":200,\"caption\":\"Jousse-entreprise | Art Contemporain\"},\"image\":{\"@id\":\"https:\\\/\\\/www.jousse-entreprise.com\\\/art-contemporain\\\/#\\\/schema\\\/logo\\\/image\\\/\"},\"sameAs\":[\"https:\\\/\\\/www.instagram.com\\\/galeriejousseentreprise\\\/\"]}]}<\/script>\n<!-- \/ Yoast SEO plugin. -->","yoast_head_json":{"title":"MARION CHAILLOU | Rod\u00e9o! | Galerie du jour agn\u00e8s b - Jousse-entreprise | Art Contemporain","description":"Nous avons le plaisir d'annoncer la participation de Marion Chaillou \u00e0 l'exposition\u00a0\"Rod\u00e9o!\"\u00a0en duo show avec avec Salom\u00e9 Botella, du 4 juin au 27 juillet 2026 \u00e0 la galerie du jour agn\u00e8s b.\u00a0","robots":{"index":"index","follow":"follow","max-snippet":"max-snippet:-1","max-image-preview":"max-image-preview:large","max-video-preview":"max-video-preview:-1"},"canonical":"https:\/\/www.jousse-entreprise.com\/art-contemporain\/fr\/expositions\/marion-chaillou-rodeo-galerie-du-jour-agnes-b\/","og_locale":"fr_FR","og_type":"article","og_title":"MARION CHAILLOU | Rod\u00e9o! | Galerie du jour agn\u00e8s b - Jousse-entreprise | Art Contemporain","og_description":"Nous avons le plaisir d'annoncer la participation de Marion Chaillou \u00e0 l'exposition\u00a0\"Rod\u00e9o!\"\u00a0en duo show avec avec Salom\u00e9 Botella, du 4 juin au 27 juillet 2026 \u00e0 la galerie du jour agn\u00e8s b.\u00a0","og_url":"https:\/\/www.jousse-entreprise.com\/art-contemporain\/fr\/expositions\/marion-chaillou-rodeo-galerie-du-jour-agnes-b\/","og_site_name":"Jousse-entreprise | Art Contemporain","article_modified_time":"2026-04-30T10:53:53+00:00","og_image":[{"width":2560,"height":1920,"url":"https:\/\/www.jousse-entreprise.com\/art-contemporain\/wp-content\/uploads\/sites\/4\/2026\/04\/Sculptures_Marion-Chaillou-09-min-scaled.jpg","type":"image\/jpeg"}],"twitter_card":"summary_large_image","twitter_misc":{"Dur\u00e9e de lecture estim\u00e9e":"3 minutes"},"schema":{"@context":"https:\/\/schema.org","@graph":[{"@type":"WebPage","@id":"https:\/\/www.jousse-entreprise.com\/art-contemporain\/fr\/expositions\/marion-chaillou-rodeo-galerie-du-jour-agnes-b\/","url":"https:\/\/www.jousse-entreprise.com\/art-contemporain\/fr\/expositions\/marion-chaillou-rodeo-galerie-du-jour-agnes-b\/","name":"MARION CHAILLOU | Rod\u00e9o! | Galerie du jour agn\u00e8s b - Jousse-entreprise | Art Contemporain","isPartOf":{"@id":"https:\/\/www.jousse-entreprise.com\/art-contemporain\/#website"},"primaryImageOfPage":{"@id":"https:\/\/www.jousse-entreprise.com\/art-contemporain\/fr\/expositions\/marion-chaillou-rodeo-galerie-du-jour-agnes-b\/#primaryimage"},"image":{"@id":"https:\/\/www.jousse-entreprise.com\/art-contemporain\/fr\/expositions\/marion-chaillou-rodeo-galerie-du-jour-agnes-b\/#primaryimage"},"thumbnailUrl":"https:\/\/www.jousse-entreprise.com\/art-contemporain\/wp-content\/uploads\/sites\/4\/2026\/04\/Sculptures_Marion-Chaillou-09-min-scaled.jpg","datePublished":"2026-04-30T10:50:18+00:00","dateModified":"2026-04-30T10:53:53+00:00","description":"Nous avons le plaisir d'annoncer la participation de Marion Chaillou \u00e0 l'exposition\u00a0\"Rod\u00e9o!\"\u00a0en duo show avec avec Salom\u00e9 Botella, du 4 juin au 27 juillet 2026 \u00e0 la galerie du jour agn\u00e8s b.\u00a0","breadcrumb":{"@id":"https:\/\/www.jousse-entreprise.com\/art-contemporain\/fr\/expositions\/marion-chaillou-rodeo-galerie-du-jour-agnes-b\/#breadcrumb"},"inLanguage":"fr-FR","potentialAction":[{"@type":"ReadAction","target":["https:\/\/www.jousse-entreprise.com\/art-contemporain\/fr\/expositions\/marion-chaillou-rodeo-galerie-du-jour-agnes-b\/"]}]},{"@type":"ImageObject","inLanguage":"fr-FR","@id":"https:\/\/www.jousse-entreprise.com\/art-contemporain\/fr\/expositions\/marion-chaillou-rodeo-galerie-du-jour-agnes-b\/#primaryimage","url":"https:\/\/www.jousse-entreprise.com\/art-contemporain\/wp-content\/uploads\/sites\/4\/2026\/04\/Sculptures_Marion-Chaillou-09-min-scaled.jpg","contentUrl":"https:\/\/www.jousse-entreprise.com\/art-contemporain\/wp-content\/uploads\/sites\/4\/2026\/04\/Sculptures_Marion-Chaillou-09-min-scaled.jpg","width":2560,"height":1920},{"@type":"BreadcrumbList","@id":"https:\/\/www.jousse-entreprise.com\/art-contemporain\/fr\/expositions\/marion-chaillou-rodeo-galerie-du-jour-agnes-b\/#breadcrumb","itemListElement":[{"@type":"ListItem","position":1,"name":"Accueil","item":"https:\/\/www.jousse-entreprise.com\/art-contemporain\/fr\/"},{"@type":"ListItem","position":2,"name":"Expositions","item":"https:\/\/www.jousse-entreprise.com\/art-contemporain\/fr\/expositions\/"},{"@type":"ListItem","position":3,"name":"MARION CHAILLOU | Rod\u00e9o! | Galerie du jour agn\u00e8s b"}]},{"@type":"WebSite","@id":"https:\/\/www.jousse-entreprise.com\/art-contemporain\/#website","url":"https:\/\/www.jousse-entreprise.com\/art-contemporain\/","name":"Jousse-entreprise | Art Contemporain","description":"","publisher":{"@id":"https:\/\/www.jousse-entreprise.com\/art-contemporain\/#organization"},"potentialAction":[{"@type":"SearchAction","target":{"@type":"EntryPoint","urlTemplate":"https:\/\/www.jousse-entreprise.com\/art-contemporain\/?s={search_term_string}"},"query-input":{"@type":"PropertyValueSpecification","valueRequired":true,"valueName":"search_term_string"}}],"inLanguage":"fr-FR"},{"@type":"Organization","@id":"https:\/\/www.jousse-entreprise.com\/art-contemporain\/#organization","name":"Jousse-entreprise | Art Contemporain","url":"https:\/\/www.jousse-entreprise.com\/art-contemporain\/","logo":{"@type":"ImageObject","inLanguage":"fr-FR","@id":"https:\/\/www.jousse-entreprise.com\/art-contemporain\/#\/schema\/logo\/image\/","url":"https:\/\/www.jousse-entreprise.com\/art-contemporain\/wp-content\/uploads\/sites\/4\/2019\/01\/logoret.jpg","contentUrl":"https:\/\/www.jousse-entreprise.com\/art-contemporain\/wp-content\/uploads\/sites\/4\/2019\/01\/logoret.jpg","width":500,"height":200,"caption":"Jousse-entreprise | Art Contemporain"},"image":{"@id":"https:\/\/www.jousse-entreprise.com\/art-contemporain\/#\/schema\/logo\/image\/"},"sameAs":["https:\/\/www.instagram.com\/galeriejousseentreprise\/"]}]}},"_links":{"self":[{"href":"https:\/\/www.jousse-entreprise.com\/art-contemporain\/wp-json\/wp\/v2\/expositions\/24168","targetHints":{"allow":["GET"]}}],"collection":[{"href":"https:\/\/www.jousse-entreprise.com\/art-contemporain\/wp-json\/wp\/v2\/expositions"}],"about":[{"href":"https:\/\/www.jousse-entreprise.com\/art-contemporain\/wp-json\/wp\/v2\/types\/expositions"}],"version-history":[{"count":2,"href":"https:\/\/www.jousse-entreprise.com\/art-contemporain\/wp-json\/wp\/v2\/expositions\/24168\/revisions"}],"predecessor-version":[{"id":24174,"href":"https:\/\/www.jousse-entreprise.com\/art-contemporain\/wp-json\/wp\/v2\/expositions\/24168\/revisions\/24174"}],"wp:featuredmedia":[{"embeddable":true,"href":"https:\/\/www.jousse-entreprise.com\/art-contemporain\/wp-json\/wp\/v2\/media\/24169"}],"wp:attachment":[{"href":"https:\/\/www.jousse-entreprise.com\/art-contemporain\/wp-json\/wp\/v2\/media?parent=24168"}],"curies":[{"name":"wp","href":"https:\/\/api.w.org\/{rel}","templated":true}]}}