{"id":24164,"date":"2026-04-30T12:29:52","date_gmt":"2026-04-30T10:29:52","guid":{"rendered":"https:\/\/www.jousse-entreprise.com\/art-contemporain\/?post_type=expositions&#038;p=24164"},"modified":"2026-04-30T12:29:52","modified_gmt":"2026-04-30T10:29:52","slug":"elisabetta-benassi-ange-leccia-mediterranee-odysee-contemporaines-fondation-villa-datris-lisle-sur-la-sorgue","status":"publish","type":"expositions","link":"https:\/\/www.jousse-entreprise.com\/art-contemporain\/en\/expositions\/elisabetta-benassi-ange-leccia-mediterranee-odysee-contemporaines-fondation-villa-datris-lisle-sur-la-sorgue\/","title":{"rendered":"ELISABETTA BENASSI | ANGE LECCIA | M\u00e9diterran\u00e9e, Odys\u00e9e contemporaines | Fondation Villa Datris, L&rsquo;Isle-sur-la-Sorgue"},"content":{"rendered":"<p>We are delighted to announce the participation of Elisabetta Benassi and Ange Leccia to the group show <em>M\u00e9ditarran\u00e9e, Odys\u00e9es contemporaines<\/em>\u00a0at the Fondation Villa Datris in L&rsquo;Isle-sur-la-Sorgue from 15 May to 1 November 2026.<\/p>\n<p>An inland sea, a space of passage and transmission, the Mediterranean is a vehicle of memory shaped by voyage, exchange, and composite culture. It is also marked by rupture, exile, and profound wounds. For centuries, people have looked to the Mediterranean for refuge, for a future, for dignity\u2014often through crossings risking heartbreak and loss.<\/p>\n<p>In 2026, the Fondation Villa Datris brings together 74 artists from 20 countries who engage the Mediterranean as a shared, living territory. These artworks create dialogues among migration histories, roots, traditions, and cultures, while also confronting contemporary realities: climate change, migration policies, borders, and violence. Balancing activism and poetry, the artists advocate for welcome, hospitality, and recognition of the Other. The exhibition presents stories of hope and resilience, conveyed by those who continue to believe in an open, compassionate, and deeply human Mediterranean.<\/p>\n<p>Curators: Dani\u00e8le Marcovici and St\u00e9phane Baumet<\/p>\n<p><a href=\"https:\/\/fondationvilladatris.fr\/en\/fondation-villa-datris\/exhibition-2026\/\">More infos<\/a><\/p>\n<p>&nbsp;<\/p>\n<p>Image : Ange Leccia, La Mer, 1976, still vid\u00e9o, 21&rsquo;56\u00a0\u00bb.<\/p>\n","protected":false},"featured_media":24162,"menu_order":0,"template":"","class_list":["post-24164","expositions","type-expositions","status-publish","has-post-thumbnail","hentry"],"yoast_head":"<!-- This site is optimized with the Yoast SEO plugin v27.5 - https:\/\/yoast.com\/product\/yoast-seo-wordpress\/ -->\n<title>ELISABETTA BENASSI | ANGE LECCIA | M\u00e9diterran\u00e9e, Odys\u00e9e contemporaines | Fondation Villa Datris, L&#039;Isle-sur-la-Sorgue - Jousse-entreprise | Art Contemporain<\/title>\n<meta name=\"description\" content=\"We are delighted to announce the participation of Elisabetta Benassi and Ange Leccia to the group show M\u00e9ditarran\u00e9e, Odys\u00e9es contemporaines\u00a0at the Fondation Villa Datris in L&#039;Isle-sur-la-Sorgue from 15 May to 1 November 2026.\" class=\"yoast-seo-meta-tag\" \/>\n<meta name=\"robots\" content=\"index, follow, max-snippet:-1, max-image-preview:large, max-video-preview:-1\" \/>\n<link rel=\"canonical\" href=\"https:\/\/www.jousse-entreprise.com\/art-contemporain\/en\/expositions\/elisabetta-benassi-ange-leccia-mediterranee-odysee-contemporaines-fondation-villa-datris-lisle-sur-la-sorgue\/\" class=\"yoast-seo-meta-tag\" \/>\n<meta property=\"og:locale\" content=\"fr_FR\" class=\"yoast-seo-meta-tag\" \/>\n<meta property=\"og:type\" content=\"article\" class=\"yoast-seo-meta-tag\" \/>\n<meta property=\"og:title\" content=\"ELISABETTA BENASSI | ANGE LECCIA | M\u00e9diterran\u00e9e, Odys\u00e9e contemporaines | Fondation Villa Datris, L&#039;Isle-sur-la-Sorgue - Jousse-entreprise | Art Contemporain\" class=\"yoast-seo-meta-tag\" \/>\n<meta property=\"og:description\" content=\"We are delighted to announce the participation of Elisabetta Benassi and Ange Leccia to the group show M\u00e9ditarran\u00e9e, Odys\u00e9es contemporaines\u00a0at the Fondation Villa Datris in L&#039;Isle-sur-la-Sorgue from 15 May to 1 November 2026.\" class=\"yoast-seo-meta-tag\" \/>\n<meta property=\"og:url\" content=\"https:\/\/www.jousse-entreprise.com\/art-contemporain\/en\/expositions\/elisabetta-benassi-ange-leccia-mediterranee-odysee-contemporaines-fondation-villa-datris-lisle-sur-la-sorgue\/\" class=\"yoast-seo-meta-tag\" \/>\n<meta property=\"og:site_name\" content=\"Jousse-entreprise | Art Contemporain\" class=\"yoast-seo-meta-tag\" \/>\n<meta property=\"og:image\" content=\"https:\/\/www.jousse-entreprise.com\/art-contemporain\/wp-content\/uploads\/sites\/4\/2026\/04\/La-Mer-Super-8_BD4--scaled.jpg\" class=\"yoast-seo-meta-tag\" \/>\n\t<meta property=\"og:image:width\" content=\"2560\" class=\"yoast-seo-meta-tag\" \/>\n\t<meta property=\"og:image:height\" content=\"1910\" class=\"yoast-seo-meta-tag\" \/>\n\t<meta property=\"og:image:type\" content=\"image\/jpeg\" class=\"yoast-seo-meta-tag\" \/>\n<meta name=\"twitter:card\" content=\"summary_large_image\" class=\"yoast-seo-meta-tag\" \/>\n<meta name=\"twitter:label1\" content=\"Dur\u00e9e de lecture estim\u00e9e\" class=\"yoast-seo-meta-tag\" \/>\n\t<meta name=\"twitter:data1\" content=\"2 minutes\" class=\"yoast-seo-meta-tag\" \/>\n<script type=\"application\/ld+json\" class=\"yoast-schema-graph\">{\"@context\":\"https:\\\/\\\/schema.org\",\"@graph\":[{\"@type\":\"WebPage\",\"@id\":\"https:\\\/\\\/www.jousse-entreprise.com\\\/art-contemporain\\\/en\\\/expositions\\\/elisabetta-benassi-ange-leccia-mediterranee-odysee-contemporaines-fondation-villa-datris-lisle-sur-la-sorgue\\\/\",\"url\":\"https:\\\/\\\/www.jousse-entreprise.com\\\/art-contemporain\\\/en\\\/expositions\\\/elisabetta-benassi-ange-leccia-mediterranee-odysee-contemporaines-fondation-villa-datris-lisle-sur-la-sorgue\\\/\",\"name\":\"ELISABETTA BENASSI | ANGE LECCIA | M\u00e9diterran\u00e9e, Odys\u00e9e contemporaines | Fondation Villa Datris, L'Isle-sur-la-Sorgue - Jousse-entreprise | Art Contemporain\",\"isPartOf\":{\"@id\":\"https:\\\/\\\/www.jousse-entreprise.com\\\/art-contemporain\\\/#website\"},\"primaryImageOfPage\":{\"@id\":\"https:\\\/\\\/www.jousse-entreprise.com\\\/art-contemporain\\\/en\\\/expositions\\\/elisabetta-benassi-ange-leccia-mediterranee-odysee-contemporaines-fondation-villa-datris-lisle-sur-la-sorgue\\\/#primaryimage\"},\"image\":{\"@id\":\"https:\\\/\\\/www.jousse-entreprise.com\\\/art-contemporain\\\/en\\\/expositions\\\/elisabetta-benassi-ange-leccia-mediterranee-odysee-contemporaines-fondation-villa-datris-lisle-sur-la-sorgue\\\/#primaryimage\"},\"thumbnailUrl\":\"https:\\\/\\\/www.jousse-entreprise.com\\\/art-contemporain\\\/wp-content\\\/uploads\\\/sites\\\/4\\\/2026\\\/04\\\/La-Mer-Super-8_BD4--scaled.jpg\",\"datePublished\":\"2026-04-30T10:29:52+00:00\",\"description\":\"We are delighted to announce the participation of Elisabetta Benassi and Ange Leccia to the group show M\u00e9ditarran\u00e9e, Odys\u00e9es contemporaines\u00a0at the Fondation Villa Datris in L'Isle-sur-la-Sorgue from 15 May to 1 November 2026.\",\"breadcrumb\":{\"@id\":\"https:\\\/\\\/www.jousse-entreprise.com\\\/art-contemporain\\\/en\\\/expositions\\\/elisabetta-benassi-ange-leccia-mediterranee-odysee-contemporaines-fondation-villa-datris-lisle-sur-la-sorgue\\\/#breadcrumb\"},\"inLanguage\":\"fr-FR\",\"potentialAction\":[{\"@type\":\"ReadAction\",\"target\":[\"https:\\\/\\\/www.jousse-entreprise.com\\\/art-contemporain\\\/en\\\/expositions\\\/elisabetta-benassi-ange-leccia-mediterranee-odysee-contemporaines-fondation-villa-datris-lisle-sur-la-sorgue\\\/\"]}]},{\"@type\":\"ImageObject\",\"inLanguage\":\"fr-FR\",\"@id\":\"https:\\\/\\\/www.jousse-entreprise.com\\\/art-contemporain\\\/en\\\/expositions\\\/elisabetta-benassi-ange-leccia-mediterranee-odysee-contemporaines-fondation-villa-datris-lisle-sur-la-sorgue\\\/#primaryimage\",\"url\":\"https:\\\/\\\/www.jousse-entreprise.com\\\/art-contemporain\\\/wp-content\\\/uploads\\\/sites\\\/4\\\/2026\\\/04\\\/La-Mer-Super-8_BD4--scaled.jpg\",\"contentUrl\":\"https:\\\/\\\/www.jousse-entreprise.com\\\/art-contemporain\\\/wp-content\\\/uploads\\\/sites\\\/4\\\/2026\\\/04\\\/La-Mer-Super-8_BD4--scaled.jpg\",\"width\":2560,\"height\":1910},{\"@type\":\"BreadcrumbList\",\"@id\":\"https:\\\/\\\/www.jousse-entreprise.com\\\/art-contemporain\\\/en\\\/expositions\\\/elisabetta-benassi-ange-leccia-mediterranee-odysee-contemporaines-fondation-villa-datris-lisle-sur-la-sorgue\\\/#breadcrumb\",\"itemListElement\":[{\"@type\":\"ListItem\",\"position\":1,\"name\":\"Accueil\",\"item\":\"https:\\\/\\\/www.jousse-entreprise.com\\\/art-contemporain\\\/fr\\\/\"},{\"@type\":\"ListItem\",\"position\":2,\"name\":\"Expositions\",\"item\":\"https:\\\/\\\/www.jousse-entreprise.com\\\/art-contemporain\\\/fr\\\/expositions\\\/\"},{\"@type\":\"ListItem\",\"position\":3,\"name\":\"ELISABETTA BENASSI | ANGE LECCIA | M\u00e9diterran\u00e9e, Odys\u00e9e contemporaines | Fondation Villa Datris, L&rsquo;Isle-sur-la-Sorgue\"}]},{\"@type\":\"WebSite\",\"@id\":\"https:\\\/\\\/www.jousse-entreprise.com\\\/art-contemporain\\\/#website\",\"url\":\"https:\\\/\\\/www.jousse-entreprise.com\\\/art-contemporain\\\/\",\"name\":\"Jousse-entreprise | Art Contemporain\",\"description\":\"\",\"publisher\":{\"@id\":\"https:\\\/\\\/www.jousse-entreprise.com\\\/art-contemporain\\\/#organization\"},\"potentialAction\":[{\"@type\":\"SearchAction\",\"target\":{\"@type\":\"EntryPoint\",\"urlTemplate\":\"https:\\\/\\\/www.jousse-entreprise.com\\\/art-contemporain\\\/?s={search_term_string}\"},\"query-input\":{\"@type\":\"PropertyValueSpecification\",\"valueRequired\":true,\"valueName\":\"search_term_string\"}}],\"inLanguage\":\"fr-FR\"},{\"@type\":\"Organization\",\"@id\":\"https:\\\/\\\/www.jousse-entreprise.com\\\/art-contemporain\\\/#organization\",\"name\":\"Jousse-entreprise | Art Contemporain\",\"url\":\"https:\\\/\\\/www.jousse-entreprise.com\\\/art-contemporain\\\/\",\"logo\":{\"@type\":\"ImageObject\",\"inLanguage\":\"fr-FR\",\"@id\":\"https:\\\/\\\/www.jousse-entreprise.com\\\/art-contemporain\\\/#\\\/schema\\\/logo\\\/image\\\/\",\"url\":\"https:\\\/\\\/www.jousse-entreprise.com\\\/art-contemporain\\\/wp-content\\\/uploads\\\/sites\\\/4\\\/2019\\\/01\\\/logoret.jpg\",\"contentUrl\":\"https:\\\/\\\/www.jousse-entreprise.com\\\/art-contemporain\\\/wp-content\\\/uploads\\\/sites\\\/4\\\/2019\\\/01\\\/logoret.jpg\",\"width\":500,\"height\":200,\"caption\":\"Jousse-entreprise | Art Contemporain\"},\"image\":{\"@id\":\"https:\\\/\\\/www.jousse-entreprise.com\\\/art-contemporain\\\/#\\\/schema\\\/logo\\\/image\\\/\"},\"sameAs\":[\"https:\\\/\\\/www.instagram.com\\\/galeriejousseentreprise\\\/\"]}]}<\/script>\n<!-- \/ Yoast SEO plugin. -->","yoast_head_json":{"title":"ELISABETTA BENASSI | ANGE LECCIA | M\u00e9diterran\u00e9e, Odys\u00e9e contemporaines | Fondation Villa Datris, L'Isle-sur-la-Sorgue - Jousse-entreprise | Art Contemporain","description":"We are delighted to announce the participation of Elisabetta Benassi and Ange Leccia to the group show M\u00e9ditarran\u00e9e, Odys\u00e9es contemporaines\u00a0at the Fondation Villa Datris in L'Isle-sur-la-Sorgue from 15 May to 1 November 2026.","robots":{"index":"index","follow":"follow","max-snippet":"max-snippet:-1","max-image-preview":"max-image-preview:large","max-video-preview":"max-video-preview:-1"},"canonical":"https:\/\/www.jousse-entreprise.com\/art-contemporain\/en\/expositions\/elisabetta-benassi-ange-leccia-mediterranee-odysee-contemporaines-fondation-villa-datris-lisle-sur-la-sorgue\/","og_locale":"fr_FR","og_type":"article","og_title":"ELISABETTA BENASSI | ANGE LECCIA | M\u00e9diterran\u00e9e, Odys\u00e9e contemporaines | Fondation Villa Datris, L'Isle-sur-la-Sorgue - Jousse-entreprise | Art Contemporain","og_description":"We are delighted to announce the participation of Elisabetta Benassi and Ange Leccia to the group show M\u00e9ditarran\u00e9e, Odys\u00e9es contemporaines\u00a0at the Fondation Villa Datris in L'Isle-sur-la-Sorgue from 15 May to 1 November 2026.","og_url":"https:\/\/www.jousse-entreprise.com\/art-contemporain\/en\/expositions\/elisabetta-benassi-ange-leccia-mediterranee-odysee-contemporaines-fondation-villa-datris-lisle-sur-la-sorgue\/","og_site_name":"Jousse-entreprise | Art Contemporain","og_image":[{"width":2560,"height":1910,"url":"https:\/\/www.jousse-entreprise.com\/art-contemporain\/wp-content\/uploads\/sites\/4\/2026\/04\/La-Mer-Super-8_BD4--scaled.jpg","type":"image\/jpeg"}],"twitter_card":"summary_large_image","twitter_misc":{"Dur\u00e9e de lecture estim\u00e9e":"2 minutes"},"schema":{"@context":"https:\/\/schema.org","@graph":[{"@type":"WebPage","@id":"https:\/\/www.jousse-entreprise.com\/art-contemporain\/en\/expositions\/elisabetta-benassi-ange-leccia-mediterranee-odysee-contemporaines-fondation-villa-datris-lisle-sur-la-sorgue\/","url":"https:\/\/www.jousse-entreprise.com\/art-contemporain\/en\/expositions\/elisabetta-benassi-ange-leccia-mediterranee-odysee-contemporaines-fondation-villa-datris-lisle-sur-la-sorgue\/","name":"ELISABETTA BENASSI | ANGE LECCIA | M\u00e9diterran\u00e9e, Odys\u00e9e contemporaines | Fondation Villa Datris, L'Isle-sur-la-Sorgue - Jousse-entreprise | Art Contemporain","isPartOf":{"@id":"https:\/\/www.jousse-entreprise.com\/art-contemporain\/#website"},"primaryImageOfPage":{"@id":"https:\/\/www.jousse-entreprise.com\/art-contemporain\/en\/expositions\/elisabetta-benassi-ange-leccia-mediterranee-odysee-contemporaines-fondation-villa-datris-lisle-sur-la-sorgue\/#primaryimage"},"image":{"@id":"https:\/\/www.jousse-entreprise.com\/art-contemporain\/en\/expositions\/elisabetta-benassi-ange-leccia-mediterranee-odysee-contemporaines-fondation-villa-datris-lisle-sur-la-sorgue\/#primaryimage"},"thumbnailUrl":"https:\/\/www.jousse-entreprise.com\/art-contemporain\/wp-content\/uploads\/sites\/4\/2026\/04\/La-Mer-Super-8_BD4--scaled.jpg","datePublished":"2026-04-30T10:29:52+00:00","description":"We are delighted to announce the participation of Elisabetta Benassi and Ange Leccia to the group show M\u00e9ditarran\u00e9e, Odys\u00e9es contemporaines\u00a0at the Fondation Villa Datris in L'Isle-sur-la-Sorgue from 15 May to 1 November 2026.","breadcrumb":{"@id":"https:\/\/www.jousse-entreprise.com\/art-contemporain\/en\/expositions\/elisabetta-benassi-ange-leccia-mediterranee-odysee-contemporaines-fondation-villa-datris-lisle-sur-la-sorgue\/#breadcrumb"},"inLanguage":"fr-FR","potentialAction":[{"@type":"ReadAction","target":["https:\/\/www.jousse-entreprise.com\/art-contemporain\/en\/expositions\/elisabetta-benassi-ange-leccia-mediterranee-odysee-contemporaines-fondation-villa-datris-lisle-sur-la-sorgue\/"]}]},{"@type":"ImageObject","inLanguage":"fr-FR","@id":"https:\/\/www.jousse-entreprise.com\/art-contemporain\/en\/expositions\/elisabetta-benassi-ange-leccia-mediterranee-odysee-contemporaines-fondation-villa-datris-lisle-sur-la-sorgue\/#primaryimage","url":"https:\/\/www.jousse-entreprise.com\/art-contemporain\/wp-content\/uploads\/sites\/4\/2026\/04\/La-Mer-Super-8_BD4--scaled.jpg","contentUrl":"https:\/\/www.jousse-entreprise.com\/art-contemporain\/wp-content\/uploads\/sites\/4\/2026\/04\/La-Mer-Super-8_BD4--scaled.jpg","width":2560,"height":1910},{"@type":"BreadcrumbList","@id":"https:\/\/www.jousse-entreprise.com\/art-contemporain\/en\/expositions\/elisabetta-benassi-ange-leccia-mediterranee-odysee-contemporaines-fondation-villa-datris-lisle-sur-la-sorgue\/#breadcrumb","itemListElement":[{"@type":"ListItem","position":1,"name":"Accueil","item":"https:\/\/www.jousse-entreprise.com\/art-contemporain\/fr\/"},{"@type":"ListItem","position":2,"name":"Expositions","item":"https:\/\/www.jousse-entreprise.com\/art-contemporain\/fr\/expositions\/"},{"@type":"ListItem","position":3,"name":"ELISABETTA BENASSI | ANGE LECCIA | M\u00e9diterran\u00e9e, Odys\u00e9e contemporaines | Fondation Villa Datris, L&rsquo;Isle-sur-la-Sorgue"}]},{"@type":"WebSite","@id":"https:\/\/www.jousse-entreprise.com\/art-contemporain\/#website","url":"https:\/\/www.jousse-entreprise.com\/art-contemporain\/","name":"Jousse-entreprise | Art Contemporain","description":"","publisher":{"@id":"https:\/\/www.jousse-entreprise.com\/art-contemporain\/#organization"},"potentialAction":[{"@type":"SearchAction","target":{"@type":"EntryPoint","urlTemplate":"https:\/\/www.jousse-entreprise.com\/art-contemporain\/?s={search_term_string}"},"query-input":{"@type":"PropertyValueSpecification","valueRequired":true,"valueName":"search_term_string"}}],"inLanguage":"fr-FR"},{"@type":"Organization","@id":"https:\/\/www.jousse-entreprise.com\/art-contemporain\/#organization","name":"Jousse-entreprise | Art Contemporain","url":"https:\/\/www.jousse-entreprise.com\/art-contemporain\/","logo":{"@type":"ImageObject","inLanguage":"fr-FR","@id":"https:\/\/www.jousse-entreprise.com\/art-contemporain\/#\/schema\/logo\/image\/","url":"https:\/\/www.jousse-entreprise.com\/art-contemporain\/wp-content\/uploads\/sites\/4\/2019\/01\/logoret.jpg","contentUrl":"https:\/\/www.jousse-entreprise.com\/art-contemporain\/wp-content\/uploads\/sites\/4\/2019\/01\/logoret.jpg","width":500,"height":200,"caption":"Jousse-entreprise | Art Contemporain"},"image":{"@id":"https:\/\/www.jousse-entreprise.com\/art-contemporain\/#\/schema\/logo\/image\/"},"sameAs":["https:\/\/www.instagram.com\/galeriejousseentreprise\/"]}]}},"_links":{"self":[{"href":"https:\/\/www.jousse-entreprise.com\/art-contemporain\/wp-json\/wp\/v2\/expositions\/24164","targetHints":{"allow":["GET"]}}],"collection":[{"href":"https:\/\/www.jousse-entreprise.com\/art-contemporain\/wp-json\/wp\/v2\/expositions"}],"about":[{"href":"https:\/\/www.jousse-entreprise.com\/art-contemporain\/wp-json\/wp\/v2\/types\/expositions"}],"version-history":[{"count":2,"href":"https:\/\/www.jousse-entreprise.com\/art-contemporain\/wp-json\/wp\/v2\/expositions\/24164\/revisions"}],"predecessor-version":[{"id":24166,"href":"https:\/\/www.jousse-entreprise.com\/art-contemporain\/wp-json\/wp\/v2\/expositions\/24164\/revisions\/24166"}],"wp:featuredmedia":[{"embeddable":true,"href":"https:\/\/www.jousse-entreprise.com\/art-contemporain\/wp-json\/wp\/v2\/media\/24162"}],"wp:attachment":[{"href":"https:\/\/www.jousse-entreprise.com\/art-contemporain\/wp-json\/wp\/v2\/media?parent=24164"}],"curies":[{"name":"wp","href":"https:\/\/api.w.org\/{rel}","templated":true}]}}