{"id":21078,"date":"2024-11-09T17:56:21","date_gmt":"2024-11-09T16:56:21","guid":{"rendered":"https:\/\/www.jousse-entreprise.com\/art-contemporain\/?post_type=expositions&#038;p=21078"},"modified":"2025-01-03T11:35:20","modified_gmt":"2025-01-03T10:35:20","slug":"nathan-bertet-le-jour-est-un-melange","status":"publish","type":"expositions","link":"https:\/\/www.jousse-entreprise.com\/art-contemporain\/fr\/expositions\/nathan-bertet-le-jour-est-un-melange\/","title":{"rendered":"NATHAN BERTET | Le jour est un m\u00e9lange"},"content":{"rendered":"<p>Pour sa premi\u00e8re exposition personnelle \u00e0 la Galerie Jousse Entreprise, Nathan Bertet d\u00e9voile un ensemble de peintures \u00e0 l\u2019huile et d\u2019aquarelles, toutes r\u00e9alis\u00e9es \u00e0 Palaiseau. Ville d\u2019origine de l\u2019artiste o\u00f9 il a aujourd\u2019hui son atelier, Palaiseau est pour le peintre une source in\u00e9puisable de souvenirs qu\u2019il cartographie minutieusement dans ses \u0153uvres.<\/p>\n<p>Dans un \u00e9quilibre subtil entre abstraction et figuration, il compose dans son atelier des images \u00e9voquant les lieux familiers qu\u2019il arpente depuis l\u2019enfance. Chaque journ\u00e9e se d\u00e9ploie en couleurs pour Nathan Bertet, qui travaille simultan\u00e9ment sur des dizaines de toiles \u00e9troitement dispos\u00e9es dans son atelier, gardant chaque sc\u00e8ne \u00e0 port\u00e9e de vue. Avenues, parcs, lotissements et collines apparaissent comme des perspectives singuli\u00e8res de sa ville natale. Ses \u0153uvres, polys\u00e9miques et sans titre, sont ouvertes \u00e0 l\u2019interpr\u00e9tation. Il peint de petits formats : des images mentales, voluptueuses et harmonieuses, dans un effort pour r\u00e9affirmer le souvenir sans support photographique. Pour lui, la pers\u00e9v\u00e9rance presque m\u00e9canique de la m\u00e9moire est essentielle ; si celle-ci t\u00e2tonne et doute, il doit y retourner physiquement pour confirmer son intuition.<\/p>\n<p><em>Mati\u00e8re et M\u00e9moire<\/em><em><sup>1 <\/sup><\/em>d&rsquo;Henri Bergson est un ouvrage cl\u00e9 pour saisir la pratique du peintre. Bergson y explore la m\u00e9moire et les relations entre le corps et l\u2019esprit, proposant que le pass\u00e9 subsiste de deux mani\u00e8res : \u00e0 travers des m\u00e9canismes moteurs et des souvenirs ind\u00e9pendants. Le travail de Nathan Bertet mobilise ces deux formes de m\u00e9moire : la m\u00e9moire spontan\u00e9e de l\u2019image, surgissant comme un instant pr\u00e9cis dans le temps, qu\u2019il transpose dans sa peinture ; et la m\u00e9moire m\u00e9canique, o\u00f9, par un effort presque mn\u00e9motechnique, il fixe ses images en atelier, ind\u00e9pendamment de leur source, dans un acte de rappel volontaire. Son atelier devient, \u00e0 l\u2019image d\u2019une chambre noire, un lieu de r\u00e9v\u00e9lation de la m\u00e9moire.<\/p>\n<p>\u00c9loign\u00e9 d\u2019une vision capitaliste et \u00ab\u00a0instagrammable\u00a0\u00bb de l\u2019exotisme et de l\u2019ailleurs, Nathan Bertet rend hommage \u00e0 Palaiseau, ville impr\u00e9gn\u00e9e de ses souvenirs intimes. C\u2019est un artiste qui aime retrouver les lieux qu\u2019il traverse toujours dans la h\u00e2te d\u2019y revenir, dans ce d\u00e9sir joyeux de s\u2019y sentir enfin familier. La vie quotidienne, toile de fond ordinaire et discr\u00e8te, est une trame continue et commune o\u00f9 se s\u00e9dimentent toutes nos exp\u00e9riences et temporalit\u00e9s pass\u00e9es, jusqu\u2019\u00e0 ce qu\u2019un d\u00e9tail extraordinaire \u00e9merge, r\u00e9v\u00e9lant la profondeur cach\u00e9e du banal. L\u2019artiste se situe dans cet interstice, il porte un regard nouveau sur le quotidien, et c\u2019est en s\u2019extrayant du tumulte du pr\u00e9sent qu\u2019il peut convoquer le pass\u00e9, appr\u00e9cier l\u2019inutile, et cultiver le luxe du r\u00eave.<\/p>\n<p>La question du temps et de la dur\u00e9e est au c\u0153ur de la pratique radicale de Nathan Bertet, pour qui chaque toile est un acte de r\u00e9sistance face \u00e0 l\u2019imm\u00e9diatet\u00e9 contemporaine. Sa m\u00e9thode de cr\u00e9ation, \u00e9tir\u00e9e sur deux ans, d\u00e9fie les imp\u00e9ratifs de vitesse et de productivit\u00e9. Il superpose minutieusement des couches de pigments purs, appliquant parfois seulement quelques touches par jour, avant de laisser s\u00e9cher chaque strate, dans une appr\u00e9ciation profonde des moments de peinture. Inspir\u00e9 par les ma\u00eetres v\u00e9nitiens et le minimalisme am\u00e9ricain, Nathan Bertet instaure un \u00e9quilibre d\u00e9licat entre repr\u00e9sentation et expression, entre la pr\u00e9sence de l\u2019objet et la force du geste.<\/p>\n<p>\u00ab Le temps est cette h\u00e9sitation m\u00eame<sup>2<\/sup> \u00bb, et c\u2019est pr\u00e9cis\u00e9ment dans cet \u00e9cart que s\u2019inscrit son geste : Nathan Bertet allonge d\u00e9lib\u00e9r\u00e9ment le temps, il \u00e9tire chaque \u00e9tape pour en intensifier la profondeur. Il se place \u00e0 contretemps, refusant de compresser le rythme de sa cr\u00e9ation. Son travail impose un ralentissement, affirmant que l\u2019art, loin de c\u00e9der aux pressions du march\u00e9, peut-\u00eatre un espace o\u00f9 chaque instant s\u2019approfondit, se d\u00e9ploie, et o\u00f9 la lenteur devient une force de r\u00e9v\u00e9lation.<\/p>\n<p><u>\u00a0<\/u><sup>1 <\/sup>Bergson Henri, <em>Mati\u00e8re et m\u00e9moire<\/em>, Paris, PUF, coll. Quadrige, 2012<\/p>\n<p><sup>2 <\/sup>Bergson Henri,<em> La Pens\u00e9e et Le Mouvant<\/em>, Paris, PUF, coll. Quadrige, 1985, p.101<\/p>\n<p>&nbsp;<\/p>\n<p style=\"text-align: right\">Margaux Knight<\/p>\n<p>&nbsp;<\/p>\n<p>Image : Nathan Bertet, <em>Sans Titre (Rousseau)<\/em>, 2024, huile et pigments sur toile, 14 x 18 cm<\/p>\n","protected":false},"featured_media":21252,"menu_order":0,"template":"","class_list":["post-21078","expositions","type-expositions","status-publish","has-post-thumbnail","hentry"],"yoast_head":"<!-- This site is optimized with the Yoast SEO plugin v27.5 - https:\/\/yoast.com\/product\/yoast-seo-wordpress\/ -->\n<title>NATHAN BERTET | Le jour est un m\u00e9lange | Jousse-entreprise | Art Contemporain<\/title>\n<meta name=\"description\" content=\"Pour sa premi\u00e8re exposition personnelle \u00e0 la Galerie Jousse Entreprise, Nathan Bertet d\u00e9voile un ensemble de peintures \u00e0 l\u2019huile et d\u2019aquarelles, toutes r\u00e9alis\u00e9es \u00e0 Palaiseau. Ville d\u2019origine de l\u2019artiste o\u00f9 il a aujourd\u2019hui son atelier, Palaiseau est pour le peintre une source in\u00e9puisable de souvenirs qu\u2019il cartographie minutieusement dans ses \u0153uvres.\" class=\"yoast-seo-meta-tag\" \/>\n<meta name=\"robots\" content=\"index, follow, max-snippet:-1, max-image-preview:large, max-video-preview:-1\" \/>\n<link rel=\"canonical\" href=\"https:\/\/www.jousse-entreprise.com\/art-contemporain\/fr\/expositions\/nathan-bertet-le-jour-est-un-melange\/\" class=\"yoast-seo-meta-tag\" \/>\n<meta property=\"og:locale\" content=\"fr_FR\" class=\"yoast-seo-meta-tag\" \/>\n<meta property=\"og:type\" content=\"article\" class=\"yoast-seo-meta-tag\" \/>\n<meta property=\"og:title\" content=\"NATHAN BERTET | Le jour est un m\u00e9lange | Jousse-entreprise | Art Contemporain\" class=\"yoast-seo-meta-tag\" \/>\n<meta property=\"og:description\" content=\"Pour sa premi\u00e8re exposition personnelle \u00e0 la Galerie Jousse Entreprise, Nathan Bertet d\u00e9voile un ensemble de peintures \u00e0 l\u2019huile et d\u2019aquarelles, toutes r\u00e9alis\u00e9es \u00e0 Palaiseau. Ville d\u2019origine de l\u2019artiste o\u00f9 il a aujourd\u2019hui son atelier, Palaiseau est pour le peintre une source in\u00e9puisable de souvenirs qu\u2019il cartographie minutieusement dans ses \u0153uvres.\" class=\"yoast-seo-meta-tag\" \/>\n<meta property=\"og:url\" content=\"https:\/\/www.jousse-entreprise.com\/art-contemporain\/fr\/expositions\/nathan-bertet-le-jour-est-un-melange\/\" class=\"yoast-seo-meta-tag\" \/>\n<meta property=\"og:site_name\" content=\"Jousse-entreprise | Art Contemporain\" class=\"yoast-seo-meta-tag\" \/>\n<meta property=\"article:modified_time\" content=\"2025-01-03T10:35:20+00:00\" class=\"yoast-seo-meta-tag\" \/>\n<meta property=\"og:image\" content=\"https:\/\/www.jousse-entreprise.com\/art-contemporain\/wp-content\/uploads\/sites\/4\/2024\/11\/Nathan-01-min-scaled.jpg\" class=\"yoast-seo-meta-tag\" \/>\n\t<meta property=\"og:image:width\" content=\"2560\" class=\"yoast-seo-meta-tag\" \/>\n\t<meta property=\"og:image:height\" content=\"1641\" class=\"yoast-seo-meta-tag\" \/>\n\t<meta property=\"og:image:type\" content=\"image\/jpeg\" class=\"yoast-seo-meta-tag\" \/>\n<meta name=\"twitter:card\" content=\"summary_large_image\" class=\"yoast-seo-meta-tag\" \/>\n<meta name=\"twitter:label1\" content=\"Dur\u00e9e de lecture estim\u00e9e\" class=\"yoast-seo-meta-tag\" \/>\n\t<meta name=\"twitter:data1\" content=\"4 minutes\" class=\"yoast-seo-meta-tag\" \/>\n<script type=\"application\/ld+json\" class=\"yoast-schema-graph\">{\"@context\":\"https:\\\/\\\/schema.org\",\"@graph\":[{\"@type\":\"WebPage\",\"@id\":\"https:\\\/\\\/www.jousse-entreprise.com\\\/art-contemporain\\\/fr\\\/expositions\\\/nathan-bertet-le-jour-est-un-melange\\\/\",\"url\":\"https:\\\/\\\/www.jousse-entreprise.com\\\/art-contemporain\\\/fr\\\/expositions\\\/nathan-bertet-le-jour-est-un-melange\\\/\",\"name\":\"NATHAN BERTET | Le jour est un m\u00e9lange | Jousse-entreprise | Art Contemporain\",\"isPartOf\":{\"@id\":\"https:\\\/\\\/www.jousse-entreprise.com\\\/art-contemporain\\\/#website\"},\"primaryImageOfPage\":{\"@id\":\"https:\\\/\\\/www.jousse-entreprise.com\\\/art-contemporain\\\/fr\\\/expositions\\\/nathan-bertet-le-jour-est-un-melange\\\/#primaryimage\"},\"image\":{\"@id\":\"https:\\\/\\\/www.jousse-entreprise.com\\\/art-contemporain\\\/fr\\\/expositions\\\/nathan-bertet-le-jour-est-un-melange\\\/#primaryimage\"},\"thumbnailUrl\":\"https:\\\/\\\/www.jousse-entreprise.com\\\/art-contemporain\\\/wp-content\\\/uploads\\\/sites\\\/4\\\/2024\\\/11\\\/Nathan-01-min-scaled.jpg\",\"datePublished\":\"2024-11-09T16:56:21+00:00\",\"dateModified\":\"2025-01-03T10:35:20+00:00\",\"description\":\"Pour sa premi\u00e8re exposition personnelle \u00e0 la Galerie Jousse Entreprise, Nathan Bertet d\u00e9voile un ensemble de peintures \u00e0 l\u2019huile et d\u2019aquarelles, toutes r\u00e9alis\u00e9es \u00e0 Palaiseau. Ville d\u2019origine de l\u2019artiste o\u00f9 il a aujourd\u2019hui son atelier, Palaiseau est pour le peintre une source in\u00e9puisable de souvenirs qu\u2019il cartographie minutieusement dans ses \u0153uvres.\",\"breadcrumb\":{\"@id\":\"https:\\\/\\\/www.jousse-entreprise.com\\\/art-contemporain\\\/fr\\\/expositions\\\/nathan-bertet-le-jour-est-un-melange\\\/#breadcrumb\"},\"inLanguage\":\"fr-FR\",\"potentialAction\":[{\"@type\":\"ReadAction\",\"target\":[\"https:\\\/\\\/www.jousse-entreprise.com\\\/art-contemporain\\\/fr\\\/expositions\\\/nathan-bertet-le-jour-est-un-melange\\\/\"]}]},{\"@type\":\"ImageObject\",\"inLanguage\":\"fr-FR\",\"@id\":\"https:\\\/\\\/www.jousse-entreprise.com\\\/art-contemporain\\\/fr\\\/expositions\\\/nathan-bertet-le-jour-est-un-melange\\\/#primaryimage\",\"url\":\"https:\\\/\\\/www.jousse-entreprise.com\\\/art-contemporain\\\/wp-content\\\/uploads\\\/sites\\\/4\\\/2024\\\/11\\\/Nathan-01-min-scaled.jpg\",\"contentUrl\":\"https:\\\/\\\/www.jousse-entreprise.com\\\/art-contemporain\\\/wp-content\\\/uploads\\\/sites\\\/4\\\/2024\\\/11\\\/Nathan-01-min-scaled.jpg\",\"width\":2560,\"height\":1641},{\"@type\":\"BreadcrumbList\",\"@id\":\"https:\\\/\\\/www.jousse-entreprise.com\\\/art-contemporain\\\/fr\\\/expositions\\\/nathan-bertet-le-jour-est-un-melange\\\/#breadcrumb\",\"itemListElement\":[{\"@type\":\"ListItem\",\"position\":1,\"name\":\"Accueil\",\"item\":\"https:\\\/\\\/www.jousse-entreprise.com\\\/art-contemporain\\\/fr\\\/\"},{\"@type\":\"ListItem\",\"position\":2,\"name\":\"Expositions\",\"item\":\"https:\\\/\\\/www.jousse-entreprise.com\\\/art-contemporain\\\/fr\\\/expositions\\\/\"},{\"@type\":\"ListItem\",\"position\":3,\"name\":\"NATHAN BERTET | Le jour est un m\u00e9lange\"}]},{\"@type\":\"WebSite\",\"@id\":\"https:\\\/\\\/www.jousse-entreprise.com\\\/art-contemporain\\\/#website\",\"url\":\"https:\\\/\\\/www.jousse-entreprise.com\\\/art-contemporain\\\/\",\"name\":\"Jousse-entreprise | Art Contemporain\",\"description\":\"\",\"publisher\":{\"@id\":\"https:\\\/\\\/www.jousse-entreprise.com\\\/art-contemporain\\\/#organization\"},\"potentialAction\":[{\"@type\":\"SearchAction\",\"target\":{\"@type\":\"EntryPoint\",\"urlTemplate\":\"https:\\\/\\\/www.jousse-entreprise.com\\\/art-contemporain\\\/?s={search_term_string}\"},\"query-input\":{\"@type\":\"PropertyValueSpecification\",\"valueRequired\":true,\"valueName\":\"search_term_string\"}}],\"inLanguage\":\"fr-FR\"},{\"@type\":\"Organization\",\"@id\":\"https:\\\/\\\/www.jousse-entreprise.com\\\/art-contemporain\\\/#organization\",\"name\":\"Jousse-entreprise | Art Contemporain\",\"url\":\"https:\\\/\\\/www.jousse-entreprise.com\\\/art-contemporain\\\/\",\"logo\":{\"@type\":\"ImageObject\",\"inLanguage\":\"fr-FR\",\"@id\":\"https:\\\/\\\/www.jousse-entreprise.com\\\/art-contemporain\\\/#\\\/schema\\\/logo\\\/image\\\/\",\"url\":\"https:\\\/\\\/www.jousse-entreprise.com\\\/art-contemporain\\\/wp-content\\\/uploads\\\/sites\\\/4\\\/2019\\\/01\\\/logoret.jpg\",\"contentUrl\":\"https:\\\/\\\/www.jousse-entreprise.com\\\/art-contemporain\\\/wp-content\\\/uploads\\\/sites\\\/4\\\/2019\\\/01\\\/logoret.jpg\",\"width\":500,\"height\":200,\"caption\":\"Jousse-entreprise | Art Contemporain\"},\"image\":{\"@id\":\"https:\\\/\\\/www.jousse-entreprise.com\\\/art-contemporain\\\/#\\\/schema\\\/logo\\\/image\\\/\"},\"sameAs\":[\"https:\\\/\\\/www.instagram.com\\\/galeriejousseentreprise\\\/\"]}]}<\/script>\n<!-- \/ Yoast SEO plugin. -->","yoast_head_json":{"title":"NATHAN BERTET | Le jour est un m\u00e9lange | Jousse-entreprise | Art Contemporain","description":"Pour sa premi\u00e8re exposition personnelle \u00e0 la Galerie Jousse Entreprise, Nathan Bertet d\u00e9voile un ensemble de peintures \u00e0 l\u2019huile et d\u2019aquarelles, toutes r\u00e9alis\u00e9es \u00e0 Palaiseau. Ville d\u2019origine de l\u2019artiste o\u00f9 il a aujourd\u2019hui son atelier, Palaiseau est pour le peintre une source in\u00e9puisable de souvenirs qu\u2019il cartographie minutieusement dans ses \u0153uvres.","robots":{"index":"index","follow":"follow","max-snippet":"max-snippet:-1","max-image-preview":"max-image-preview:large","max-video-preview":"max-video-preview:-1"},"canonical":"https:\/\/www.jousse-entreprise.com\/art-contemporain\/fr\/expositions\/nathan-bertet-le-jour-est-un-melange\/","og_locale":"fr_FR","og_type":"article","og_title":"NATHAN BERTET | Le jour est un m\u00e9lange | Jousse-entreprise | Art Contemporain","og_description":"Pour sa premi\u00e8re exposition personnelle \u00e0 la Galerie Jousse Entreprise, Nathan Bertet d\u00e9voile un ensemble de peintures \u00e0 l\u2019huile et d\u2019aquarelles, toutes r\u00e9alis\u00e9es \u00e0 Palaiseau. Ville d\u2019origine de l\u2019artiste o\u00f9 il a aujourd\u2019hui son atelier, Palaiseau est pour le peintre une source in\u00e9puisable de souvenirs qu\u2019il cartographie minutieusement dans ses \u0153uvres.","og_url":"https:\/\/www.jousse-entreprise.com\/art-contemporain\/fr\/expositions\/nathan-bertet-le-jour-est-un-melange\/","og_site_name":"Jousse-entreprise | Art Contemporain","article_modified_time":"2025-01-03T10:35:20+00:00","og_image":[{"width":2560,"height":1641,"url":"https:\/\/www.jousse-entreprise.com\/art-contemporain\/wp-content\/uploads\/sites\/4\/2024\/11\/Nathan-01-min-scaled.jpg","type":"image\/jpeg"}],"twitter_card":"summary_large_image","twitter_misc":{"Dur\u00e9e de lecture estim\u00e9e":"4 minutes"},"schema":{"@context":"https:\/\/schema.org","@graph":[{"@type":"WebPage","@id":"https:\/\/www.jousse-entreprise.com\/art-contemporain\/fr\/expositions\/nathan-bertet-le-jour-est-un-melange\/","url":"https:\/\/www.jousse-entreprise.com\/art-contemporain\/fr\/expositions\/nathan-bertet-le-jour-est-un-melange\/","name":"NATHAN BERTET | Le jour est un m\u00e9lange | Jousse-entreprise | Art Contemporain","isPartOf":{"@id":"https:\/\/www.jousse-entreprise.com\/art-contemporain\/#website"},"primaryImageOfPage":{"@id":"https:\/\/www.jousse-entreprise.com\/art-contemporain\/fr\/expositions\/nathan-bertet-le-jour-est-un-melange\/#primaryimage"},"image":{"@id":"https:\/\/www.jousse-entreprise.com\/art-contemporain\/fr\/expositions\/nathan-bertet-le-jour-est-un-melange\/#primaryimage"},"thumbnailUrl":"https:\/\/www.jousse-entreprise.com\/art-contemporain\/wp-content\/uploads\/sites\/4\/2024\/11\/Nathan-01-min-scaled.jpg","datePublished":"2024-11-09T16:56:21+00:00","dateModified":"2025-01-03T10:35:20+00:00","description":"Pour sa premi\u00e8re exposition personnelle \u00e0 la Galerie Jousse Entreprise, Nathan Bertet d\u00e9voile un ensemble de peintures \u00e0 l\u2019huile et d\u2019aquarelles, toutes r\u00e9alis\u00e9es \u00e0 Palaiseau. Ville d\u2019origine de l\u2019artiste o\u00f9 il a aujourd\u2019hui son atelier, Palaiseau est pour le peintre une source in\u00e9puisable de souvenirs qu\u2019il cartographie minutieusement dans ses \u0153uvres.","breadcrumb":{"@id":"https:\/\/www.jousse-entreprise.com\/art-contemporain\/fr\/expositions\/nathan-bertet-le-jour-est-un-melange\/#breadcrumb"},"inLanguage":"fr-FR","potentialAction":[{"@type":"ReadAction","target":["https:\/\/www.jousse-entreprise.com\/art-contemporain\/fr\/expositions\/nathan-bertet-le-jour-est-un-melange\/"]}]},{"@type":"ImageObject","inLanguage":"fr-FR","@id":"https:\/\/www.jousse-entreprise.com\/art-contemporain\/fr\/expositions\/nathan-bertet-le-jour-est-un-melange\/#primaryimage","url":"https:\/\/www.jousse-entreprise.com\/art-contemporain\/wp-content\/uploads\/sites\/4\/2024\/11\/Nathan-01-min-scaled.jpg","contentUrl":"https:\/\/www.jousse-entreprise.com\/art-contemporain\/wp-content\/uploads\/sites\/4\/2024\/11\/Nathan-01-min-scaled.jpg","width":2560,"height":1641},{"@type":"BreadcrumbList","@id":"https:\/\/www.jousse-entreprise.com\/art-contemporain\/fr\/expositions\/nathan-bertet-le-jour-est-un-melange\/#breadcrumb","itemListElement":[{"@type":"ListItem","position":1,"name":"Accueil","item":"https:\/\/www.jousse-entreprise.com\/art-contemporain\/fr\/"},{"@type":"ListItem","position":2,"name":"Expositions","item":"https:\/\/www.jousse-entreprise.com\/art-contemporain\/fr\/expositions\/"},{"@type":"ListItem","position":3,"name":"NATHAN BERTET | Le jour est un m\u00e9lange"}]},{"@type":"WebSite","@id":"https:\/\/www.jousse-entreprise.com\/art-contemporain\/#website","url":"https:\/\/www.jousse-entreprise.com\/art-contemporain\/","name":"Jousse-entreprise | Art Contemporain","description":"","publisher":{"@id":"https:\/\/www.jousse-entreprise.com\/art-contemporain\/#organization"},"potentialAction":[{"@type":"SearchAction","target":{"@type":"EntryPoint","urlTemplate":"https:\/\/www.jousse-entreprise.com\/art-contemporain\/?s={search_term_string}"},"query-input":{"@type":"PropertyValueSpecification","valueRequired":true,"valueName":"search_term_string"}}],"inLanguage":"fr-FR"},{"@type":"Organization","@id":"https:\/\/www.jousse-entreprise.com\/art-contemporain\/#organization","name":"Jousse-entreprise | Art Contemporain","url":"https:\/\/www.jousse-entreprise.com\/art-contemporain\/","logo":{"@type":"ImageObject","inLanguage":"fr-FR","@id":"https:\/\/www.jousse-entreprise.com\/art-contemporain\/#\/schema\/logo\/image\/","url":"https:\/\/www.jousse-entreprise.com\/art-contemporain\/wp-content\/uploads\/sites\/4\/2019\/01\/logoret.jpg","contentUrl":"https:\/\/www.jousse-entreprise.com\/art-contemporain\/wp-content\/uploads\/sites\/4\/2019\/01\/logoret.jpg","width":500,"height":200,"caption":"Jousse-entreprise | Art Contemporain"},"image":{"@id":"https:\/\/www.jousse-entreprise.com\/art-contemporain\/#\/schema\/logo\/image\/"},"sameAs":["https:\/\/www.instagram.com\/galeriejousseentreprise\/"]}]}},"_links":{"self":[{"href":"https:\/\/www.jousse-entreprise.com\/art-contemporain\/wp-json\/wp\/v2\/expositions\/21078","targetHints":{"allow":["GET"]}}],"collection":[{"href":"https:\/\/www.jousse-entreprise.com\/art-contemporain\/wp-json\/wp\/v2\/expositions"}],"about":[{"href":"https:\/\/www.jousse-entreprise.com\/art-contemporain\/wp-json\/wp\/v2\/types\/expositions"}],"version-history":[{"count":10,"href":"https:\/\/www.jousse-entreprise.com\/art-contemporain\/wp-json\/wp\/v2\/expositions\/21078\/revisions"}],"predecessor-version":[{"id":21297,"href":"https:\/\/www.jousse-entreprise.com\/art-contemporain\/wp-json\/wp\/v2\/expositions\/21078\/revisions\/21297"}],"wp:featuredmedia":[{"embeddable":true,"href":"https:\/\/www.jousse-entreprise.com\/art-contemporain\/wp-json\/wp\/v2\/media\/21252"}],"wp:attachment":[{"href":"https:\/\/www.jousse-entreprise.com\/art-contemporain\/wp-json\/wp\/v2\/media?parent=21078"}],"curies":[{"name":"wp","href":"https:\/\/api.w.org\/{rel}","templated":true}]}}