{"id":19629,"date":"2024-01-04T15:01:11","date_gmt":"2024-01-04T14:01:11","guid":{"rendered":"https:\/\/www.jousse-entreprise.com\/art-contemporain\/?post_type=expositions&#038;p=19629"},"modified":"2025-05-28T15:26:00","modified_gmt":"2025-05-28T13:26:00","slug":"clarisse-hahn-exterieurs-annie-ernaux-et-la-photographie-mep","status":"publish","type":"expositions","link":"https:\/\/www.jousse-entreprise.com\/art-contemporain\/fr\/expositions\/clarisse-hahn-exterieurs-annie-ernaux-et-la-photographie-mep\/","title":{"rendered":"CLARISSE HAHN | MEP | Ext\u00e9rieurs &#8211; Annie Ernaux et la Photographie"},"content":{"rendered":"<p><em>Ext\u00e9rieurs \u2014 Annie Ernaux et la Photographie<\/em> c\u00e9l\u00e8bre la relation \u00e9troite entre la photographie et l\u2019\u00e9criture d\u2019Annie Ernaux, laur\u00e9ate du prix Nobel de litt\u00e9rature en 2022, \u00e0 travers des textes tir\u00e9s de son livre <em>Journal du dehors<\/em> (1993) et des photographies issues de la collection de la MEP. L&rsquo;exposition est le fruit d&rsquo;une r\u00e9sidence men\u00e9e par la commissaire et \u00e9crivaine Lou Stoppard en mai 2022. Pendant un mois, elle s&rsquo;est appuy\u00e9e sur la collection de la MEP pour une recherche liant photographie et litt\u00e9rature.<\/p>\n<p class=\"p1\">L\u2019exposition associe des textes tir\u00e9s du livre d\u2019Annie Ernaux <em>Journal du dehors<\/em>, 1993 \u2013 une retranscription de sc\u00e8nes de vie quotidienne dans les rues, les trains, les magasins entre Cergy-Pontoise et Paris de 1985 et 1992 \u2013 \u00e0 des \u0153uvres de la collection de la MEP. La s\u00e9lection de 150 tirages r\u00e9alis\u00e9s par 29 photographes parmi lesquel\u00b7les Harry Callahan, Claude Dityvon, Dolor\u00e8s Marat, Daido Moriyama, Janine Niepce, Issei Suda, Henry Wessel et Bernard Pierre Wolff, couvre la p\u00e9riode de 1940 \u00e0 2010. D\u00e9passant le cadre g\u00e9ographique du livre, l\u2019exposition r\u00e9unit les photographies pour la plupart prises en France mais \u00e9galement en Angleterre, au Japon, aux \u00c9tats-Unis et d\u2019autres pays.<\/p>\n<p class=\"p1\">Annie Ernaux s\u2019int\u00e9resse depuis longtemps \u00e0 la photographie et des r\u00e9f\u00e9rences \u00e0 des photos d\u2019enfance apparaissent dans son travail. Dans <em>Journal du dehors<\/em>, elle \u00e9voque la tentative d\u2019\u00e9crire comme si elle faisait des images : \u00ab J\u2019ai cherch\u00e9 \u00e0 pratiquer une sorte d\u2019\u00e9criture photographique du r\u00e9el, dans laquelle les existences crois\u00e9es conserveraient leur opacit\u00e9 et leur \u00e9nigme. \u00bb La MEP rend hommage \u00e0 la vision d\u2019Ernaux en affichant ses \u00e9crits sur les murs comme des tirages photographiques. Les images et les \u00e9crits d\u00e9voilent comment les \u00e9v\u00e9nements ordinaires, en apparence insignifiants, observ\u00e9s dans la ville, nous renvoient \u00e0 des in\u00e9galit\u00e9s et des st\u00e9r\u00e9otypes sociaux plus larges. L\u2019exposition s\u2019articule autour de th\u00e8mes centraux du livre \u2013 nos rituels quotidiens de d\u00e9placement et de consommation, notre performance de classe et de genre qui hi\u00e9rarchise la soci\u00e9t\u00e9, mais aussi les sentiments de peur et de solitude que peuvent provoquer nos villes modernes.<\/p>\n<p>Dolor\u00e8s Marat, <em>La femme aux gants<\/em>, 1987. Tirage pigmentaire Fresson<br \/>\nCollection MEP, Paris, acquis en 2006. \u00a9 Dolor\u00e8s Marat<\/p>\n<p>Avec : Barbara Alper \u00b7 Jean-Christophe B\u00e9chet \u00b7 Gianni Berengo Gardin \u00b7 Marguerite Bornhauser \u00b7 Mohamed Bourouissa \u00b7 Harry Callahan \u00b7 Jean-Philippe Charbonnier \u00b7 Claude Dityvon \u00b7 Martine Franck \u00b7 Luigi Ghirri \u00b7 Yingguang Guo \u00b7 Clarisse Hahn \u00b7 Hiro \u00b7 Richard Kalvar \u00b7 Ihei Kimura \u00b7 William Klein \u00b7 Dolor\u00e8s Marat \u00b7 Daido Moriyama \u00b7 Marie-Paule N\u00e8gre \u00b7 Janine Niepce \u00b7 Mika Ninagawa \u00b7 Tony Ray-Jones \u00b7 Ursula Schulz-Dornburg \u00b7 Issei Suda \u00b7 Johan Van der Keuken \u00b7 Kheng-Li Wee \u00b7 Henry Wessel \u00b7 Garry Winogrand \u00b7 Bernard Pierre Loup<\/p>\n","protected":false},"featured_media":19630,"menu_order":0,"template":"","class_list":["post-19629","expositions","type-expositions","status-publish","has-post-thumbnail","hentry"],"yoast_head":"<!-- This site is optimized with the Yoast SEO plugin v27.5 - https:\/\/yoast.com\/product\/yoast-seo-wordpress\/ -->\n<title>CLARISSE HAHN | MEP | Ext\u00e9rieurs - Annie Ernaux et la Photographie - Jousse-entreprise | Art Contemporain<\/title>\n<meta name=\"description\" content=\"Exposition hors-les-murs, Clarisse Hahn, &quot;Ext\u00e9rieurs - Annie Ernaux et la Photographie&quot;, MEP, 28 f\u00e9vrier au 26 mai 2024, Paris, France.\" class=\"yoast-seo-meta-tag\" \/>\n<meta name=\"robots\" content=\"index, follow, max-snippet:-1, max-image-preview:large, max-video-preview:-1\" \/>\n<link rel=\"canonical\" href=\"https:\/\/www.jousse-entreprise.com\/art-contemporain\/fr\/expositions\/clarisse-hahn-exterieurs-annie-ernaux-et-la-photographie-mep\/\" class=\"yoast-seo-meta-tag\" \/>\n<meta property=\"og:locale\" content=\"fr_FR\" class=\"yoast-seo-meta-tag\" \/>\n<meta property=\"og:type\" content=\"article\" class=\"yoast-seo-meta-tag\" \/>\n<meta property=\"og:title\" content=\"CLARISSE HAHN | MEP | Ext\u00e9rieurs - Annie Ernaux et la Photographie - Jousse-entreprise | Art Contemporain\" class=\"yoast-seo-meta-tag\" \/>\n<meta property=\"og:description\" content=\"Exposition hors-les-murs, Clarisse Hahn, &quot;Ext\u00e9rieurs - Annie Ernaux et la Photographie&quot;, MEP, 28 f\u00e9vrier au 26 mai 2024, Paris, France.\" class=\"yoast-seo-meta-tag\" \/>\n<meta property=\"og:url\" content=\"https:\/\/www.jousse-entreprise.com\/art-contemporain\/fr\/expositions\/clarisse-hahn-exterieurs-annie-ernaux-et-la-photographie-mep\/\" class=\"yoast-seo-meta-tag\" \/>\n<meta property=\"og:site_name\" content=\"Jousse-entreprise | Art Contemporain\" class=\"yoast-seo-meta-tag\" \/>\n<meta property=\"article:modified_time\" content=\"2025-05-28T13:26:00+00:00\" class=\"yoast-seo-meta-tag\" \/>\n<meta property=\"og:image\" content=\"https:\/\/www.jousse-entreprise.com\/art-contemporain\/wp-content\/uploads\/sites\/4\/2024\/01\/Capture-decran-2024-01-04-a-14.55.49-1024x662.png\" class=\"yoast-seo-meta-tag\" \/>\n\t<meta property=\"og:image:width\" content=\"1024\" class=\"yoast-seo-meta-tag\" \/>\n\t<meta property=\"og:image:height\" content=\"662\" class=\"yoast-seo-meta-tag\" \/>\n\t<meta property=\"og:image:type\" content=\"image\/png\" class=\"yoast-seo-meta-tag\" \/>\n<meta name=\"twitter:card\" content=\"summary_large_image\" class=\"yoast-seo-meta-tag\" \/>\n<meta name=\"twitter:label1\" content=\"Dur\u00e9e de lecture estim\u00e9e\" class=\"yoast-seo-meta-tag\" \/>\n\t<meta name=\"twitter:data1\" content=\"2 minutes\" class=\"yoast-seo-meta-tag\" \/>\n<script type=\"application\/ld+json\" class=\"yoast-schema-graph\">{\"@context\":\"https:\\\/\\\/schema.org\",\"@graph\":[{\"@type\":\"WebPage\",\"@id\":\"https:\\\/\\\/www.jousse-entreprise.com\\\/art-contemporain\\\/fr\\\/expositions\\\/clarisse-hahn-exterieurs-annie-ernaux-et-la-photographie-mep\\\/\",\"url\":\"https:\\\/\\\/www.jousse-entreprise.com\\\/art-contemporain\\\/fr\\\/expositions\\\/clarisse-hahn-exterieurs-annie-ernaux-et-la-photographie-mep\\\/\",\"name\":\"CLARISSE HAHN | MEP | Ext\u00e9rieurs - Annie Ernaux et la Photographie - Jousse-entreprise | Art Contemporain\",\"isPartOf\":{\"@id\":\"https:\\\/\\\/www.jousse-entreprise.com\\\/art-contemporain\\\/#website\"},\"primaryImageOfPage\":{\"@id\":\"https:\\\/\\\/www.jousse-entreprise.com\\\/art-contemporain\\\/fr\\\/expositions\\\/clarisse-hahn-exterieurs-annie-ernaux-et-la-photographie-mep\\\/#primaryimage\"},\"image\":{\"@id\":\"https:\\\/\\\/www.jousse-entreprise.com\\\/art-contemporain\\\/fr\\\/expositions\\\/clarisse-hahn-exterieurs-annie-ernaux-et-la-photographie-mep\\\/#primaryimage\"},\"thumbnailUrl\":\"https:\\\/\\\/www.jousse-entreprise.com\\\/art-contemporain\\\/wp-content\\\/uploads\\\/sites\\\/4\\\/2024\\\/01\\\/Capture-decran-2024-01-04-a-14.55.49.png\",\"datePublished\":\"2024-01-04T14:01:11+00:00\",\"dateModified\":\"2025-05-28T13:26:00+00:00\",\"description\":\"Exposition hors-les-murs, Clarisse Hahn, \\\"Ext\u00e9rieurs - Annie Ernaux et la Photographie\\\", MEP, 28 f\u00e9vrier au 26 mai 2024, Paris, France.\",\"breadcrumb\":{\"@id\":\"https:\\\/\\\/www.jousse-entreprise.com\\\/art-contemporain\\\/fr\\\/expositions\\\/clarisse-hahn-exterieurs-annie-ernaux-et-la-photographie-mep\\\/#breadcrumb\"},\"inLanguage\":\"fr-FR\",\"potentialAction\":[{\"@type\":\"ReadAction\",\"target\":[\"https:\\\/\\\/www.jousse-entreprise.com\\\/art-contemporain\\\/fr\\\/expositions\\\/clarisse-hahn-exterieurs-annie-ernaux-et-la-photographie-mep\\\/\"]}]},{\"@type\":\"ImageObject\",\"inLanguage\":\"fr-FR\",\"@id\":\"https:\\\/\\\/www.jousse-entreprise.com\\\/art-contemporain\\\/fr\\\/expositions\\\/clarisse-hahn-exterieurs-annie-ernaux-et-la-photographie-mep\\\/#primaryimage\",\"url\":\"https:\\\/\\\/www.jousse-entreprise.com\\\/art-contemporain\\\/wp-content\\\/uploads\\\/sites\\\/4\\\/2024\\\/01\\\/Capture-decran-2024-01-04-a-14.55.49.png\",\"contentUrl\":\"https:\\\/\\\/www.jousse-entreprise.com\\\/art-contemporain\\\/wp-content\\\/uploads\\\/sites\\\/4\\\/2024\\\/01\\\/Capture-decran-2024-01-04-a-14.55.49.png\",\"width\":1880,\"height\":1216},{\"@type\":\"BreadcrumbList\",\"@id\":\"https:\\\/\\\/www.jousse-entreprise.com\\\/art-contemporain\\\/fr\\\/expositions\\\/clarisse-hahn-exterieurs-annie-ernaux-et-la-photographie-mep\\\/#breadcrumb\",\"itemListElement\":[{\"@type\":\"ListItem\",\"position\":1,\"name\":\"Accueil\",\"item\":\"https:\\\/\\\/www.jousse-entreprise.com\\\/art-contemporain\\\/fr\\\/\"},{\"@type\":\"ListItem\",\"position\":2,\"name\":\"Expositions\",\"item\":\"https:\\\/\\\/www.jousse-entreprise.com\\\/art-contemporain\\\/fr\\\/expositions\\\/\"},{\"@type\":\"ListItem\",\"position\":3,\"name\":\"CLARISSE HAHN | MEP | Ext\u00e9rieurs &#8211; Annie Ernaux et la Photographie\"}]},{\"@type\":\"WebSite\",\"@id\":\"https:\\\/\\\/www.jousse-entreprise.com\\\/art-contemporain\\\/#website\",\"url\":\"https:\\\/\\\/www.jousse-entreprise.com\\\/art-contemporain\\\/\",\"name\":\"Jousse-entreprise | Art Contemporain\",\"description\":\"\",\"publisher\":{\"@id\":\"https:\\\/\\\/www.jousse-entreprise.com\\\/art-contemporain\\\/#organization\"},\"potentialAction\":[{\"@type\":\"SearchAction\",\"target\":{\"@type\":\"EntryPoint\",\"urlTemplate\":\"https:\\\/\\\/www.jousse-entreprise.com\\\/art-contemporain\\\/?s={search_term_string}\"},\"query-input\":{\"@type\":\"PropertyValueSpecification\",\"valueRequired\":true,\"valueName\":\"search_term_string\"}}],\"inLanguage\":\"fr-FR\"},{\"@type\":\"Organization\",\"@id\":\"https:\\\/\\\/www.jousse-entreprise.com\\\/art-contemporain\\\/#organization\",\"name\":\"Jousse-entreprise | Art Contemporain\",\"url\":\"https:\\\/\\\/www.jousse-entreprise.com\\\/art-contemporain\\\/\",\"logo\":{\"@type\":\"ImageObject\",\"inLanguage\":\"fr-FR\",\"@id\":\"https:\\\/\\\/www.jousse-entreprise.com\\\/art-contemporain\\\/#\\\/schema\\\/logo\\\/image\\\/\",\"url\":\"https:\\\/\\\/www.jousse-entreprise.com\\\/art-contemporain\\\/wp-content\\\/uploads\\\/sites\\\/4\\\/2019\\\/01\\\/logoret.jpg\",\"contentUrl\":\"https:\\\/\\\/www.jousse-entreprise.com\\\/art-contemporain\\\/wp-content\\\/uploads\\\/sites\\\/4\\\/2019\\\/01\\\/logoret.jpg\",\"width\":500,\"height\":200,\"caption\":\"Jousse-entreprise | Art Contemporain\"},\"image\":{\"@id\":\"https:\\\/\\\/www.jousse-entreprise.com\\\/art-contemporain\\\/#\\\/schema\\\/logo\\\/image\\\/\"},\"sameAs\":[\"https:\\\/\\\/www.instagram.com\\\/galeriejousseentreprise\\\/\"]}]}<\/script>\n<!-- \/ Yoast SEO plugin. -->","yoast_head_json":{"title":"CLARISSE HAHN | MEP | Ext\u00e9rieurs - Annie Ernaux et la Photographie - Jousse-entreprise | Art Contemporain","description":"Exposition hors-les-murs, Clarisse Hahn, \"Ext\u00e9rieurs - Annie Ernaux et la Photographie\", MEP, 28 f\u00e9vrier au 26 mai 2024, Paris, France.","robots":{"index":"index","follow":"follow","max-snippet":"max-snippet:-1","max-image-preview":"max-image-preview:large","max-video-preview":"max-video-preview:-1"},"canonical":"https:\/\/www.jousse-entreprise.com\/art-contemporain\/fr\/expositions\/clarisse-hahn-exterieurs-annie-ernaux-et-la-photographie-mep\/","og_locale":"fr_FR","og_type":"article","og_title":"CLARISSE HAHN | MEP | Ext\u00e9rieurs - Annie Ernaux et la Photographie - Jousse-entreprise | Art Contemporain","og_description":"Exposition hors-les-murs, Clarisse Hahn, \"Ext\u00e9rieurs - Annie Ernaux et la Photographie\", MEP, 28 f\u00e9vrier au 26 mai 2024, Paris, France.","og_url":"https:\/\/www.jousse-entreprise.com\/art-contemporain\/fr\/expositions\/clarisse-hahn-exterieurs-annie-ernaux-et-la-photographie-mep\/","og_site_name":"Jousse-entreprise | Art Contemporain","article_modified_time":"2025-05-28T13:26:00+00:00","og_image":[{"width":1024,"height":662,"url":"https:\/\/www.jousse-entreprise.com\/art-contemporain\/wp-content\/uploads\/sites\/4\/2024\/01\/Capture-decran-2024-01-04-a-14.55.49-1024x662.png","type":"image\/png"}],"twitter_card":"summary_large_image","twitter_misc":{"Dur\u00e9e de lecture estim\u00e9e":"2 minutes"},"schema":{"@context":"https:\/\/schema.org","@graph":[{"@type":"WebPage","@id":"https:\/\/www.jousse-entreprise.com\/art-contemporain\/fr\/expositions\/clarisse-hahn-exterieurs-annie-ernaux-et-la-photographie-mep\/","url":"https:\/\/www.jousse-entreprise.com\/art-contemporain\/fr\/expositions\/clarisse-hahn-exterieurs-annie-ernaux-et-la-photographie-mep\/","name":"CLARISSE HAHN | MEP | Ext\u00e9rieurs - Annie Ernaux et la Photographie - Jousse-entreprise | Art Contemporain","isPartOf":{"@id":"https:\/\/www.jousse-entreprise.com\/art-contemporain\/#website"},"primaryImageOfPage":{"@id":"https:\/\/www.jousse-entreprise.com\/art-contemporain\/fr\/expositions\/clarisse-hahn-exterieurs-annie-ernaux-et-la-photographie-mep\/#primaryimage"},"image":{"@id":"https:\/\/www.jousse-entreprise.com\/art-contemporain\/fr\/expositions\/clarisse-hahn-exterieurs-annie-ernaux-et-la-photographie-mep\/#primaryimage"},"thumbnailUrl":"https:\/\/www.jousse-entreprise.com\/art-contemporain\/wp-content\/uploads\/sites\/4\/2024\/01\/Capture-decran-2024-01-04-a-14.55.49.png","datePublished":"2024-01-04T14:01:11+00:00","dateModified":"2025-05-28T13:26:00+00:00","description":"Exposition hors-les-murs, Clarisse Hahn, \"Ext\u00e9rieurs - Annie Ernaux et la Photographie\", MEP, 28 f\u00e9vrier au 26 mai 2024, Paris, France.","breadcrumb":{"@id":"https:\/\/www.jousse-entreprise.com\/art-contemporain\/fr\/expositions\/clarisse-hahn-exterieurs-annie-ernaux-et-la-photographie-mep\/#breadcrumb"},"inLanguage":"fr-FR","potentialAction":[{"@type":"ReadAction","target":["https:\/\/www.jousse-entreprise.com\/art-contemporain\/fr\/expositions\/clarisse-hahn-exterieurs-annie-ernaux-et-la-photographie-mep\/"]}]},{"@type":"ImageObject","inLanguage":"fr-FR","@id":"https:\/\/www.jousse-entreprise.com\/art-contemporain\/fr\/expositions\/clarisse-hahn-exterieurs-annie-ernaux-et-la-photographie-mep\/#primaryimage","url":"https:\/\/www.jousse-entreprise.com\/art-contemporain\/wp-content\/uploads\/sites\/4\/2024\/01\/Capture-decran-2024-01-04-a-14.55.49.png","contentUrl":"https:\/\/www.jousse-entreprise.com\/art-contemporain\/wp-content\/uploads\/sites\/4\/2024\/01\/Capture-decran-2024-01-04-a-14.55.49.png","width":1880,"height":1216},{"@type":"BreadcrumbList","@id":"https:\/\/www.jousse-entreprise.com\/art-contemporain\/fr\/expositions\/clarisse-hahn-exterieurs-annie-ernaux-et-la-photographie-mep\/#breadcrumb","itemListElement":[{"@type":"ListItem","position":1,"name":"Accueil","item":"https:\/\/www.jousse-entreprise.com\/art-contemporain\/fr\/"},{"@type":"ListItem","position":2,"name":"Expositions","item":"https:\/\/www.jousse-entreprise.com\/art-contemporain\/fr\/expositions\/"},{"@type":"ListItem","position":3,"name":"CLARISSE HAHN | MEP | Ext\u00e9rieurs &#8211; Annie Ernaux et la Photographie"}]},{"@type":"WebSite","@id":"https:\/\/www.jousse-entreprise.com\/art-contemporain\/#website","url":"https:\/\/www.jousse-entreprise.com\/art-contemporain\/","name":"Jousse-entreprise | Art Contemporain","description":"","publisher":{"@id":"https:\/\/www.jousse-entreprise.com\/art-contemporain\/#organization"},"potentialAction":[{"@type":"SearchAction","target":{"@type":"EntryPoint","urlTemplate":"https:\/\/www.jousse-entreprise.com\/art-contemporain\/?s={search_term_string}"},"query-input":{"@type":"PropertyValueSpecification","valueRequired":true,"valueName":"search_term_string"}}],"inLanguage":"fr-FR"},{"@type":"Organization","@id":"https:\/\/www.jousse-entreprise.com\/art-contemporain\/#organization","name":"Jousse-entreprise | Art Contemporain","url":"https:\/\/www.jousse-entreprise.com\/art-contemporain\/","logo":{"@type":"ImageObject","inLanguage":"fr-FR","@id":"https:\/\/www.jousse-entreprise.com\/art-contemporain\/#\/schema\/logo\/image\/","url":"https:\/\/www.jousse-entreprise.com\/art-contemporain\/wp-content\/uploads\/sites\/4\/2019\/01\/logoret.jpg","contentUrl":"https:\/\/www.jousse-entreprise.com\/art-contemporain\/wp-content\/uploads\/sites\/4\/2019\/01\/logoret.jpg","width":500,"height":200,"caption":"Jousse-entreprise | Art Contemporain"},"image":{"@id":"https:\/\/www.jousse-entreprise.com\/art-contemporain\/#\/schema\/logo\/image\/"},"sameAs":["https:\/\/www.instagram.com\/galeriejousseentreprise\/"]}]}},"_links":{"self":[{"href":"https:\/\/www.jousse-entreprise.com\/art-contemporain\/wp-json\/wp\/v2\/expositions\/19629","targetHints":{"allow":["GET"]}}],"collection":[{"href":"https:\/\/www.jousse-entreprise.com\/art-contemporain\/wp-json\/wp\/v2\/expositions"}],"about":[{"href":"https:\/\/www.jousse-entreprise.com\/art-contemporain\/wp-json\/wp\/v2\/types\/expositions"}],"version-history":[{"count":5,"href":"https:\/\/www.jousse-entreprise.com\/art-contemporain\/wp-json\/wp\/v2\/expositions\/19629\/revisions"}],"predecessor-version":[{"id":22231,"href":"https:\/\/www.jousse-entreprise.com\/art-contemporain\/wp-json\/wp\/v2\/expositions\/19629\/revisions\/22231"}],"wp:featuredmedia":[{"embeddable":true,"href":"https:\/\/www.jousse-entreprise.com\/art-contemporain\/wp-json\/wp\/v2\/media\/19630"}],"wp:attachment":[{"href":"https:\/\/www.jousse-entreprise.com\/art-contemporain\/wp-json\/wp\/v2\/media?parent=19629"}],"curies":[{"name":"wp","href":"https:\/\/api.w.org\/{rel}","templated":true}]}}