{"id":19318,"date":"2023-11-08T11:51:54","date_gmt":"2023-11-08T10:51:54","guid":{"rendered":"https:\/\/www.jousse-entreprise.com\/art-contemporain\/?post_type=expositions&#038;p=19318"},"modified":"2023-12-08T11:53:41","modified_gmt":"2023-12-08T10:53:41","slug":"renaissance-sauvage-la-perspective-symbiotique","status":"publish","type":"expositions","link":"https:\/\/www.jousse-entreprise.com\/art-contemporain\/en\/expositions\/renaissance-sauvage-la-perspective-symbiotique\/","title":{"rendered":"Renaissance sauvage : la perspective symbiotique"},"content":{"rendered":"<p>Galerie Jousse Entreprise is pleased to present the group exhibition Renaissance Sauvage: la perspective symbiotique curated by Guillaume Log\u00e9. The exhibition will run until January 13, 2024. (closed from December 22, 2023 to January 2, 2024 inclusive).<\/p>\n<p>With<strong>\u00a0<\/strong>Art Orient\u00e9 Objet (Marion Laval-Jeantet &amp; Beno\u00eet Mangin), David Bihanic, Michel Blazy, Cl\u00e9ment Borderie, David Christoffel, Edith Dekyndt, Laurent Derobert, Claude Gilli, J\u00e9r\u00e9my Gob\u00e9, Andy Goldsworthy, Victoire Inchausp\u00e9, Susan Jacobs, Chlo\u00e9 Jeanne, anne marie maes, Ariane Michel &amp; C\u00e9leste Boursier-Mougenot, Val\u00e9rie Mr\u00e9jen, Luc Petton, Tom\u00e1s Saraceno, Niccol\u00f2 de Martinelli, dit il Trometta, Jean-Luc Vilmouth, Yang Zhichao.<\/p>\n<p>&nbsp;<\/p>\n<p>Why are we speaking about a new form of perspective in art, six hundred years after linear perspective theories emerged \u2013 which paved the way for modernity \u2013 during the Renaissance of the 15<sup>th<\/sup> and 16<sup>th<\/sup> centuries? What are the characteristics of this new perspective? In what ways is it intimately tied to the ecological context that we know? What does it say about our era? And what horizons does it open up?<\/p>\n<p>An in-depth answer to these questions can be found in an article that was just published in the online journal <em>La pens\u00e9e \u00e9cologique<\/em>, <a href=\"\/\/282DAD1F-E013-4345-AA96-8837821E44C5#_ftn1\" name=\"_ftnref1\">[1]<\/a> which has been reprinted and published in a booklet that is available at the gallery.<a href=\"\/\/282DAD1F-E013-4345-AA96-8837821E44C5#_ftn2\" name=\"_ftnref2\">[2]<\/a><\/p>\n<p>The context is that of a \u00ab\u00a0Wild Renaissance,\u00a0\u00bb whose first manifestations we are now witnessing. Our book <em>Renaissance sauvage. L\u2019art de Anthropoc\u00e8ne <\/em>(Puf, 2019) describes the genesis and spirit of this Wild Renaissance, and comments on various examples. The \u201csymbiotic perspective\u201d is a form of perspective associated with this possible shift in civilization. Like all perspectives, it bears witness to a certain way of seeing, translating into a method for constructing works. It gives birth to a new space and to new connections. Far from a mere technical term, <em>perspective<\/em> speaks about the world \u2013 perhaps like no other device \u2013 about its underlying dynamics and its future.<\/p>\n<p>To put it briefly, the paradigm of a linear perspective (which we might call a \u201cmodernist perspective\u201d) is based on a mathematical approach to reality and on adhering to a certain conception of man\u2019s place and power on Earth. The symbiotic perspective changes scientific and philosophical reference frames. Environmental sciences and philosophies nurture it, while simultaneously calling into question the anthropocentrism inherent in modernity. At its most basic level, the symbiotic perspective involves soliciting plural, creative forces in the realization of a work. The individual is no longer at the center, deciding and determining all things, imposing his will on an inert nature. Instead, he seeks ways to collaborate with what he discovers about life and an impetus beyond himself.<\/p>\n<p>The symbiotic perspective touches on the most sensitive ecological questions, among which: how do we see our place and role on Earth? How do we approach and work with the living (or more generally, \u201cthe moving\u201d)? How can we understand and listen to nature\u2019s active diversity? How can we welcome and express non-human forms of intelligence and sensitivity? Or even: how can we give voice and presence to those, that for too long, have been condemned to invisibility or disregarded? How can we coexist and build a sustainable future in harmony with all the other beings and entities that inhabit the planet? What\u2019s the difference between collaborating and controlling? How do we obtain the consent and participation of those other-than-us? And so on.<\/p>\n<p>The exhibition explores different variations of the symbiotic perspective within the creations by some twenty artists. Although presented non-chronologically, the exhibition is situated in comparison to the canon of linear perspective through the presence of a drawing by Niccol\u00f2 Martinelli (known as Il Trometta, c. 1540-1611). The exhibition reminds us that certain 20th-century artists initiated a paradigm shift, notably Claude Gilli (1938-2015) and Jean-Luc Vilmouth (1952-2015) who are shown here.<\/p>\n<p><a href=\"\/\/282DAD1F-E013-4345-AA96-8837821E44C5#_ftnref1\" name=\"_ftn1\">[1]<\/a> <a href=\"https:\/\/lapenseeecologique.com\/la-perspective-symbiotique\/#_ftnref77\">https:\/\/lapenseeecologique.com\/la-perspective-symbiotique\/#_ftnref77<\/a><\/p>\n<p><a href=\"\/\/282DAD1F-E013-4345-AA96-8837821E44C5#_ftnref2\" name=\"_ftn2\">[2]<\/a> Guillaume Log\u00e9, <em>La perspective symbiotique. Une nouvelle forme de perspective en art<\/em>, Paris, Galerie Jousse Entreprise, 2023.<\/p>\n<p><em>Ruinart supported the artists Chlo\u00e9 Jeanne and J\u00e9r\u00e9my Gob\u00e9<\/em> <em>as part of its patronage program, and commissioned an art piece from Tom\u00e1s Saraceno in 2021.<\/em><\/p>\n<p>&nbsp;<\/p>\n<p><i><em>Many thanks to artists for the loan of their works<\/em>. Thanks also to\u00a0galerie Anne-Sarah B\u00e9nichou (Pairs), galerie Les filles du Calvaire (Paris), galerie neugerriemschneider (Berlin), galerie\u00a0Paul Proute\u0301, galerie Art : Concept (Paris),\u00a0galerie Greta Meert (Bruxelles),\u00a0galerie Lelong &amp; Co (Paris).\u00a0<\/i><\/p>\n<p><a href=\"\/\/91FC39B5-0D8F-4ED3-9AA2-CA6A3F5F86F3#_ftnref1\" name=\"_ftn1\"><\/a><\/p>\n","protected":false},"featured_media":19350,"menu_order":0,"template":"","class_list":["post-19318","expositions","type-expositions","status-publish","has-post-thumbnail","hentry"],"yoast_head":"<!-- This site is optimized with the Yoast SEO plugin v27.4 - https:\/\/yoast.com\/product\/yoast-seo-wordpress\/ -->\n<title>Renaissance sauvage : la perspective symbiotique | Jousse-entreprise | Art Contemporain<\/title>\n<meta name=\"description\" content=\"Exposition collective &quot;Renaissance sauvage : la perspective symbiotique&quot;, du 18 novembre 2023 au 13 janvier 2024, commissariat Guillaume Log\u00e9 - galerie Jousse Entreprise\" class=\"yoast-seo-meta-tag\" \/>\n<meta name=\"robots\" content=\"index, follow, max-snippet:-1, max-image-preview:large, max-video-preview:-1\" \/>\n<link rel=\"canonical\" href=\"https:\/\/www.jousse-entreprise.com\/art-contemporain\/en\/expositions\/renaissance-sauvage-la-perspective-symbiotique\/\" class=\"yoast-seo-meta-tag\" \/>\n<meta property=\"og:locale\" content=\"fr_FR\" class=\"yoast-seo-meta-tag\" \/>\n<meta property=\"og:type\" content=\"article\" class=\"yoast-seo-meta-tag\" \/>\n<meta property=\"og:title\" content=\"Renaissance sauvage : la perspective symbiotique | Jousse-entreprise | Art Contemporain\" class=\"yoast-seo-meta-tag\" \/>\n<meta property=\"og:description\" content=\"Exposition collective &quot;Renaissance sauvage : la perspective symbiotique&quot;, du 18 novembre 2023 au 13 janvier 2024, commissariat Guillaume Log\u00e9 - galerie Jousse Entreprise\" class=\"yoast-seo-meta-tag\" \/>\n<meta property=\"og:url\" content=\"https:\/\/www.jousse-entreprise.com\/art-contemporain\/en\/expositions\/renaissance-sauvage-la-perspective-symbiotique\/\" class=\"yoast-seo-meta-tag\" \/>\n<meta property=\"og:site_name\" content=\"Jousse-entreprise | Art Contemporain\" class=\"yoast-seo-meta-tag\" \/>\n<meta property=\"article:modified_time\" content=\"2023-12-08T10:53:41+00:00\" class=\"yoast-seo-meta-tag\" \/>\n<meta property=\"og:image\" content=\"https:\/\/www.jousse-entreprise.com\/art-contemporain\/wp-content\/uploads\/sites\/4\/2023\/11\/1.Renaissance-JousseEntreprise-Max-Borderie-min-scaled.jpg\" class=\"yoast-seo-meta-tag\" \/>\n\t<meta property=\"og:image:width\" content=\"2560\" class=\"yoast-seo-meta-tag\" \/>\n\t<meta property=\"og:image:height\" content=\"1621\" class=\"yoast-seo-meta-tag\" \/>\n\t<meta property=\"og:image:type\" content=\"image\/jpeg\" class=\"yoast-seo-meta-tag\" \/>\n<meta name=\"twitter:card\" content=\"summary_large_image\" class=\"yoast-seo-meta-tag\" \/>\n<meta name=\"twitter:label1\" content=\"Dur\u00e9e de lecture estim\u00e9e\" class=\"yoast-seo-meta-tag\" \/>\n\t<meta name=\"twitter:data1\" content=\"4 minutes\" class=\"yoast-seo-meta-tag\" \/>\n<script type=\"application\/ld+json\" class=\"yoast-schema-graph\">{\"@context\":\"https:\\\/\\\/schema.org\",\"@graph\":[{\"@type\":\"WebPage\",\"@id\":\"https:\\\/\\\/www.jousse-entreprise.com\\\/art-contemporain\\\/en\\\/expositions\\\/renaissance-sauvage-la-perspective-symbiotique\\\/\",\"url\":\"https:\\\/\\\/www.jousse-entreprise.com\\\/art-contemporain\\\/en\\\/expositions\\\/renaissance-sauvage-la-perspective-symbiotique\\\/\",\"name\":\"Renaissance sauvage : la perspective symbiotique | Jousse-entreprise | Art Contemporain\",\"isPartOf\":{\"@id\":\"https:\\\/\\\/www.jousse-entreprise.com\\\/art-contemporain\\\/#website\"},\"primaryImageOfPage\":{\"@id\":\"https:\\\/\\\/www.jousse-entreprise.com\\\/art-contemporain\\\/en\\\/expositions\\\/renaissance-sauvage-la-perspective-symbiotique\\\/#primaryimage\"},\"image\":{\"@id\":\"https:\\\/\\\/www.jousse-entreprise.com\\\/art-contemporain\\\/en\\\/expositions\\\/renaissance-sauvage-la-perspective-symbiotique\\\/#primaryimage\"},\"thumbnailUrl\":\"https:\\\/\\\/www.jousse-entreprise.com\\\/art-contemporain\\\/wp-content\\\/uploads\\\/sites\\\/4\\\/2023\\\/11\\\/1.Renaissance-JousseEntreprise-Max-Borderie-min-scaled.jpg\",\"datePublished\":\"2023-11-08T10:51:54+00:00\",\"dateModified\":\"2023-12-08T10:53:41+00:00\",\"description\":\"Exposition collective \\\"Renaissance sauvage : la perspective symbiotique\\\", du 18 novembre 2023 au 13 janvier 2024, commissariat Guillaume Log\u00e9 - galerie Jousse Entreprise\",\"breadcrumb\":{\"@id\":\"https:\\\/\\\/www.jousse-entreprise.com\\\/art-contemporain\\\/en\\\/expositions\\\/renaissance-sauvage-la-perspective-symbiotique\\\/#breadcrumb\"},\"inLanguage\":\"fr-FR\",\"potentialAction\":[{\"@type\":\"ReadAction\",\"target\":[\"https:\\\/\\\/www.jousse-entreprise.com\\\/art-contemporain\\\/en\\\/expositions\\\/renaissance-sauvage-la-perspective-symbiotique\\\/\"]}]},{\"@type\":\"ImageObject\",\"inLanguage\":\"fr-FR\",\"@id\":\"https:\\\/\\\/www.jousse-entreprise.com\\\/art-contemporain\\\/en\\\/expositions\\\/renaissance-sauvage-la-perspective-symbiotique\\\/#primaryimage\",\"url\":\"https:\\\/\\\/www.jousse-entreprise.com\\\/art-contemporain\\\/wp-content\\\/uploads\\\/sites\\\/4\\\/2023\\\/11\\\/1.Renaissance-JousseEntreprise-Max-Borderie-min-scaled.jpg\",\"contentUrl\":\"https:\\\/\\\/www.jousse-entreprise.com\\\/art-contemporain\\\/wp-content\\\/uploads\\\/sites\\\/4\\\/2023\\\/11\\\/1.Renaissance-JousseEntreprise-Max-Borderie-min-scaled.jpg\",\"width\":2560,\"height\":1621},{\"@type\":\"BreadcrumbList\",\"@id\":\"https:\\\/\\\/www.jousse-entreprise.com\\\/art-contemporain\\\/en\\\/expositions\\\/renaissance-sauvage-la-perspective-symbiotique\\\/#breadcrumb\",\"itemListElement\":[{\"@type\":\"ListItem\",\"position\":1,\"name\":\"Accueil\",\"item\":\"https:\\\/\\\/www.jousse-entreprise.com\\\/art-contemporain\\\/fr\\\/\"},{\"@type\":\"ListItem\",\"position\":2,\"name\":\"Expositions\",\"item\":\"https:\\\/\\\/www.jousse-entreprise.com\\\/art-contemporain\\\/fr\\\/expositions\\\/\"},{\"@type\":\"ListItem\",\"position\":3,\"name\":\"Renaissance sauvage : la perspective symbiotique\"}]},{\"@type\":\"WebSite\",\"@id\":\"https:\\\/\\\/www.jousse-entreprise.com\\\/art-contemporain\\\/#website\",\"url\":\"https:\\\/\\\/www.jousse-entreprise.com\\\/art-contemporain\\\/\",\"name\":\"Jousse-entreprise | Art Contemporain\",\"description\":\"\",\"publisher\":{\"@id\":\"https:\\\/\\\/www.jousse-entreprise.com\\\/art-contemporain\\\/#organization\"},\"potentialAction\":[{\"@type\":\"SearchAction\",\"target\":{\"@type\":\"EntryPoint\",\"urlTemplate\":\"https:\\\/\\\/www.jousse-entreprise.com\\\/art-contemporain\\\/?s={search_term_string}\"},\"query-input\":{\"@type\":\"PropertyValueSpecification\",\"valueRequired\":true,\"valueName\":\"search_term_string\"}}],\"inLanguage\":\"fr-FR\"},{\"@type\":\"Organization\",\"@id\":\"https:\\\/\\\/www.jousse-entreprise.com\\\/art-contemporain\\\/#organization\",\"name\":\"Jousse-entreprise | Art Contemporain\",\"url\":\"https:\\\/\\\/www.jousse-entreprise.com\\\/art-contemporain\\\/\",\"logo\":{\"@type\":\"ImageObject\",\"inLanguage\":\"fr-FR\",\"@id\":\"https:\\\/\\\/www.jousse-entreprise.com\\\/art-contemporain\\\/#\\\/schema\\\/logo\\\/image\\\/\",\"url\":\"https:\\\/\\\/www.jousse-entreprise.com\\\/art-contemporain\\\/wp-content\\\/uploads\\\/sites\\\/4\\\/2019\\\/01\\\/logoret.jpg\",\"contentUrl\":\"https:\\\/\\\/www.jousse-entreprise.com\\\/art-contemporain\\\/wp-content\\\/uploads\\\/sites\\\/4\\\/2019\\\/01\\\/logoret.jpg\",\"width\":500,\"height\":200,\"caption\":\"Jousse-entreprise | Art Contemporain\"},\"image\":{\"@id\":\"https:\\\/\\\/www.jousse-entreprise.com\\\/art-contemporain\\\/#\\\/schema\\\/logo\\\/image\\\/\"},\"sameAs\":[\"https:\\\/\\\/www.instagram.com\\\/galeriejousseentreprise\\\/\"]}]}<\/script>\n<!-- \/ Yoast SEO plugin. -->","yoast_head_json":{"title":"Renaissance sauvage : la perspective symbiotique | Jousse-entreprise | Art Contemporain","description":"Exposition collective \"Renaissance sauvage : la perspective symbiotique\", du 18 novembre 2023 au 13 janvier 2024, commissariat Guillaume Log\u00e9 - galerie Jousse Entreprise","robots":{"index":"index","follow":"follow","max-snippet":"max-snippet:-1","max-image-preview":"max-image-preview:large","max-video-preview":"max-video-preview:-1"},"canonical":"https:\/\/www.jousse-entreprise.com\/art-contemporain\/en\/expositions\/renaissance-sauvage-la-perspective-symbiotique\/","og_locale":"fr_FR","og_type":"article","og_title":"Renaissance sauvage : la perspective symbiotique | Jousse-entreprise | Art Contemporain","og_description":"Exposition collective \"Renaissance sauvage : la perspective symbiotique\", du 18 novembre 2023 au 13 janvier 2024, commissariat Guillaume Log\u00e9 - galerie Jousse Entreprise","og_url":"https:\/\/www.jousse-entreprise.com\/art-contemporain\/en\/expositions\/renaissance-sauvage-la-perspective-symbiotique\/","og_site_name":"Jousse-entreprise | Art Contemporain","article_modified_time":"2023-12-08T10:53:41+00:00","og_image":[{"width":2560,"height":1621,"url":"https:\/\/www.jousse-entreprise.com\/art-contemporain\/wp-content\/uploads\/sites\/4\/2023\/11\/1.Renaissance-JousseEntreprise-Max-Borderie-min-scaled.jpg","type":"image\/jpeg"}],"twitter_card":"summary_large_image","twitter_misc":{"Dur\u00e9e de lecture estim\u00e9e":"4 minutes"},"schema":{"@context":"https:\/\/schema.org","@graph":[{"@type":"WebPage","@id":"https:\/\/www.jousse-entreprise.com\/art-contemporain\/en\/expositions\/renaissance-sauvage-la-perspective-symbiotique\/","url":"https:\/\/www.jousse-entreprise.com\/art-contemporain\/en\/expositions\/renaissance-sauvage-la-perspective-symbiotique\/","name":"Renaissance sauvage : la perspective symbiotique | Jousse-entreprise | Art Contemporain","isPartOf":{"@id":"https:\/\/www.jousse-entreprise.com\/art-contemporain\/#website"},"primaryImageOfPage":{"@id":"https:\/\/www.jousse-entreprise.com\/art-contemporain\/en\/expositions\/renaissance-sauvage-la-perspective-symbiotique\/#primaryimage"},"image":{"@id":"https:\/\/www.jousse-entreprise.com\/art-contemporain\/en\/expositions\/renaissance-sauvage-la-perspective-symbiotique\/#primaryimage"},"thumbnailUrl":"https:\/\/www.jousse-entreprise.com\/art-contemporain\/wp-content\/uploads\/sites\/4\/2023\/11\/1.Renaissance-JousseEntreprise-Max-Borderie-min-scaled.jpg","datePublished":"2023-11-08T10:51:54+00:00","dateModified":"2023-12-08T10:53:41+00:00","description":"Exposition collective \"Renaissance sauvage : la perspective symbiotique\", du 18 novembre 2023 au 13 janvier 2024, commissariat Guillaume Log\u00e9 - galerie Jousse Entreprise","breadcrumb":{"@id":"https:\/\/www.jousse-entreprise.com\/art-contemporain\/en\/expositions\/renaissance-sauvage-la-perspective-symbiotique\/#breadcrumb"},"inLanguage":"fr-FR","potentialAction":[{"@type":"ReadAction","target":["https:\/\/www.jousse-entreprise.com\/art-contemporain\/en\/expositions\/renaissance-sauvage-la-perspective-symbiotique\/"]}]},{"@type":"ImageObject","inLanguage":"fr-FR","@id":"https:\/\/www.jousse-entreprise.com\/art-contemporain\/en\/expositions\/renaissance-sauvage-la-perspective-symbiotique\/#primaryimage","url":"https:\/\/www.jousse-entreprise.com\/art-contemporain\/wp-content\/uploads\/sites\/4\/2023\/11\/1.Renaissance-JousseEntreprise-Max-Borderie-min-scaled.jpg","contentUrl":"https:\/\/www.jousse-entreprise.com\/art-contemporain\/wp-content\/uploads\/sites\/4\/2023\/11\/1.Renaissance-JousseEntreprise-Max-Borderie-min-scaled.jpg","width":2560,"height":1621},{"@type":"BreadcrumbList","@id":"https:\/\/www.jousse-entreprise.com\/art-contemporain\/en\/expositions\/renaissance-sauvage-la-perspective-symbiotique\/#breadcrumb","itemListElement":[{"@type":"ListItem","position":1,"name":"Accueil","item":"https:\/\/www.jousse-entreprise.com\/art-contemporain\/fr\/"},{"@type":"ListItem","position":2,"name":"Expositions","item":"https:\/\/www.jousse-entreprise.com\/art-contemporain\/fr\/expositions\/"},{"@type":"ListItem","position":3,"name":"Renaissance sauvage : la perspective symbiotique"}]},{"@type":"WebSite","@id":"https:\/\/www.jousse-entreprise.com\/art-contemporain\/#website","url":"https:\/\/www.jousse-entreprise.com\/art-contemporain\/","name":"Jousse-entreprise | Art Contemporain","description":"","publisher":{"@id":"https:\/\/www.jousse-entreprise.com\/art-contemporain\/#organization"},"potentialAction":[{"@type":"SearchAction","target":{"@type":"EntryPoint","urlTemplate":"https:\/\/www.jousse-entreprise.com\/art-contemporain\/?s={search_term_string}"},"query-input":{"@type":"PropertyValueSpecification","valueRequired":true,"valueName":"search_term_string"}}],"inLanguage":"fr-FR"},{"@type":"Organization","@id":"https:\/\/www.jousse-entreprise.com\/art-contemporain\/#organization","name":"Jousse-entreprise | Art Contemporain","url":"https:\/\/www.jousse-entreprise.com\/art-contemporain\/","logo":{"@type":"ImageObject","inLanguage":"fr-FR","@id":"https:\/\/www.jousse-entreprise.com\/art-contemporain\/#\/schema\/logo\/image\/","url":"https:\/\/www.jousse-entreprise.com\/art-contemporain\/wp-content\/uploads\/sites\/4\/2019\/01\/logoret.jpg","contentUrl":"https:\/\/www.jousse-entreprise.com\/art-contemporain\/wp-content\/uploads\/sites\/4\/2019\/01\/logoret.jpg","width":500,"height":200,"caption":"Jousse-entreprise | Art Contemporain"},"image":{"@id":"https:\/\/www.jousse-entreprise.com\/art-contemporain\/#\/schema\/logo\/image\/"},"sameAs":["https:\/\/www.instagram.com\/galeriejousseentreprise\/"]}]}},"_links":{"self":[{"href":"https:\/\/www.jousse-entreprise.com\/art-contemporain\/wp-json\/wp\/v2\/expositions\/19318","targetHints":{"allow":["GET"]}}],"collection":[{"href":"https:\/\/www.jousse-entreprise.com\/art-contemporain\/wp-json\/wp\/v2\/expositions"}],"about":[{"href":"https:\/\/www.jousse-entreprise.com\/art-contemporain\/wp-json\/wp\/v2\/types\/expositions"}],"version-history":[{"count":10,"href":"https:\/\/www.jousse-entreprise.com\/art-contemporain\/wp-json\/wp\/v2\/expositions\/19318\/revisions"}],"predecessor-version":[{"id":19524,"href":"https:\/\/www.jousse-entreprise.com\/art-contemporain\/wp-json\/wp\/v2\/expositions\/19318\/revisions\/19524"}],"wp:featuredmedia":[{"embeddable":true,"href":"https:\/\/www.jousse-entreprise.com\/art-contemporain\/wp-json\/wp\/v2\/media\/19350"}],"wp:attachment":[{"href":"https:\/\/www.jousse-entreprise.com\/art-contemporain\/wp-json\/wp\/v2\/media?parent=19318"}],"curies":[{"name":"wp","href":"https:\/\/api.w.org\/{rel}","templated":true}]}}