{"id":18141,"date":"2023-01-24T12:42:05","date_gmt":"2023-01-24T11:42:05","guid":{"rendered":"https:\/\/www.jousse-entreprise.com\/art-contemporain\/?post_type=expositions&#038;p=18141"},"modified":"2023-02-09T18:39:34","modified_gmt":"2023-02-09T17:39:34","slug":"wood%c2%b7wood%c2%b7wooden","status":"publish","type":"expositions","link":"https:\/\/www.jousse-entreprise.com\/art-contemporain\/fr\/expositions\/wood%c2%b7wood%c2%b7wooden\/","title":{"rendered":"wood\u00b7wood\u00b7wooden"},"content":{"rendered":"<p>Avec : Stephan Balkenhol | Marion Chaillou | Max Coulon | Jose\u0301phine Ducat-May | Shengqi Kong | Alexandre Noll | Raphae\u0308l Sitbon<\/p>\n<p>&nbsp;<\/p>\n<p>L\u2019exposition wood\u00b7wood\u00b7wooden fait dialoguer le travail de sept artistes qui mettent \u00e0 l\u2019honneur le bois dans leurs pratiques sculpturales. Plusieurs temporalit\u00e9s, g\u00e9n\u00e9rations et techniques se conjuguent ainsi \u00e0 l\u2019infinitif dans des exp\u00e9rimentations intrins\u00e8ques au m\u00e9dium.<\/p>\n<p>Rapha\u00ebl Sitbon pr\u00e9sente pour l\u2019occasion une voiture de course en mod\u00e8le r\u00e9duit qui, aplatie et rebondie &#8211; en suspens sur deux roues \u2013 donne l\u2019impression d\u2019un mouvement irr\u00e9pressible. Les courbes affin\u00e9es du bois sont polies, liss\u00e9es et peintes, imitant son homologue m\u00e9canique et badinant par l\u00e0 m\u00eame avec nos perceptions.<\/p>\n<p>Marion Chaillou, quant \u00e0 elle, allie ameublement \u00e9mond\u00e9 et peintures miniatures \u2013 interpr\u00e9tation de la pellicule photographique de son t\u00e9l\u00e9phone portable. Ses meubles fr\u00e9quent\u00e9s m\u00ealent la confidence et la cachette \u2013 dans un jeu o\u00f9 les r\u00e9f\u00e9rences au pass\u00e9, notamment aux meubles \u00e0 secret, c\u00f4toient un engagement dans le pr\u00e9sent.<\/p>\n<p>Souvent, les objets du quotidien pr\u00e9sent\u00e9s dans l\u2019exposition sont revisit\u00e9s afin de r\u00e9interpr\u00e9ter et questionner notre regard. Comment d\u00e9chiffrer le logo g\u00e9ant accroch\u00e9 au mur\u00a0de Shengqi Kong\u00a0ou son invitation \u00e0 venir observer par les cavit\u00e9s de ce visage \u00e0 doubles t\u00eates tout \u00e0 la fois somatique et fantastique ?<br \/>\nO\u00f9 se dirige cette construction sur pattes de Max Coulon qui pourrait, \u00e0 raison, se soustraire de sa fonction initiale\u00a0?<br \/>\nDu reste, qui s\u2019est d\u00e9lect\u00e9 de l\u2019interpr\u00e9tation gourmande en bas-relief de <em>Laocoon<\/em> de Jos\u00e9phine Ducat-May et qui osera se servir, \u00e0 sa guise, de ce dernier morceau de chocolat ?<\/p>\n<p>Dans une conversation ouverte, l\u2019exposition pr\u00e9sente \u00e9galement les travaux d\u2019Alexandre Noll (1890-1970) et de Stephan Balkenhol.<\/p>\n<p>Alexandre Noll (1890-1970), lui, a fait du bois son m\u00e9dium unique. Son mobilier et ses objets usuels t\u00e9moignent d\u2019une obsession pour diverses essences de bois qu\u2019il fa\u00e7onne sans qu\u2019aucune jonction en m\u00e9tal ne vienne perturber la mati\u00e8re.<br \/>\nIci, la forme massive du bougeoir en \u00e9b\u00e8ne de macassar triomphe sur son socle jusqu\u2019\u00e0 en perdre son utilit\u00e9 pour devenir un objet sculptural.<\/p>\n<p>En ce qui a trait \u00e0 Stephan Balkenhol, l\u2019artiste sculpte le bois pour faire appara\u00eetre des figures humaines sans jamais les figer pour autant &#8211; il laisse ainsi la libert\u00e9 au mat\u00e9riau de se mettre en mouvement dans le temps et m\u00eale le bois \u00e0 la peinture pour cr\u00e9er des protagonistes aussi surprenant\u00b7e\u00b7s qu\u2019ordinaires. Selon l\u2019artiste, ses \u00ab\u00a0sculptures ne racontent aucune histoire. Elles rec\u00e8lent un secret en elles \u00bb et on se demande bien ce que <em>Marlene<\/em>, qui tr\u00f4ne fi\u00e8rement sur un tronc d\u2019arbre d\u00e9mesur\u00e9ment grand, a \u00e0 nous raconter.<\/p>\n<p>Tou\u00b7te\u00b7s ces artistes se saisissent de techniques de sculpture, taillant dans la masse et \u00e9br\u00e9chant au gr\u00e9 des n\u0153uds et des nervures du bois afin de proposer une lecture contemporaine du m\u00e9dium et de l\u2019\u00e9poque dans laquelle iels \u00e9voluent.<\/p>\n<p>&nbsp;<\/p>\n<p>&nbsp;<\/p>\n<p>&nbsp;<\/p>\n<div class=\"page\" title=\"Page 1\">\n<div class=\"layoutArea\">\n<div class=\"column\">\n<p><em>Merci aux artistes pour le pre\u0302t de leurs oeuvres.<\/em><br \/>\n<em>Merci e\u0301galement a\u0300 la Galerie Thaddaeus Ropac, la Galerie Romero Paprocki, a\u0300 Jean Claracq, Tim Eitel et Pascal Aumai\u0302tre<\/em><\/p>\n<p>&nbsp;<\/p>\n<\/div>\n<\/div>\n<p>Photo Marc Domage<\/p>\n<\/div>\n","protected":false},"featured_media":18240,"menu_order":0,"template":"","class_list":["post-18141","expositions","type-expositions","status-publish","has-post-thumbnail","hentry"],"yoast_head":"<!-- This site is optimized with the Yoast SEO plugin v27.5 - https:\/\/yoast.com\/product\/yoast-seo-wordpress\/ -->\n<title>wood\u00b7wood\u00b7wooden | Jousse-entreprise | Art Contemporain<\/title>\n<meta name=\"description\" content=\"&quot;wood\u00b7wood\u00b7wooden&quot;, exposition collective du 28 janvier au 25 f\u00e9vrier 2023, galerie Jousse Entreprise, Paris\" class=\"yoast-seo-meta-tag\" \/>\n<meta name=\"robots\" content=\"index, follow, max-snippet:-1, max-image-preview:large, max-video-preview:-1\" \/>\n<link rel=\"canonical\" href=\"https:\/\/www.jousse-entreprise.com\/art-contemporain\/fr\/expositions\/wood\u00b7wood\u00b7wooden\/\" class=\"yoast-seo-meta-tag\" \/>\n<meta property=\"og:locale\" content=\"fr_FR\" class=\"yoast-seo-meta-tag\" \/>\n<meta property=\"og:type\" content=\"article\" class=\"yoast-seo-meta-tag\" \/>\n<meta property=\"og:title\" content=\"wood\u00b7wood\u00b7wooden | Jousse-entreprise | Art Contemporain\" class=\"yoast-seo-meta-tag\" \/>\n<meta property=\"og:description\" content=\"&quot;wood\u00b7wood\u00b7wooden&quot;, exposition collective du 28 janvier au 25 f\u00e9vrier 2023, galerie Jousse Entreprise, Paris\" class=\"yoast-seo-meta-tag\" \/>\n<meta property=\"og:url\" content=\"https:\/\/www.jousse-entreprise.com\/art-contemporain\/fr\/expositions\/wood\u00b7wood\u00b7wooden\/\" class=\"yoast-seo-meta-tag\" \/>\n<meta property=\"og:site_name\" content=\"Jousse-entreprise | Art Contemporain\" class=\"yoast-seo-meta-tag\" \/>\n<meta property=\"article:modified_time\" content=\"2023-02-09T17:39:34+00:00\" class=\"yoast-seo-meta-tag\" \/>\n<meta property=\"og:image\" content=\"https:\/\/www.jousse-entreprise.com\/art-contemporain\/wp-content\/uploads\/sites\/4\/2023\/01\/DSC_0021-2-scaled.jpg\" class=\"yoast-seo-meta-tag\" \/>\n\t<meta property=\"og:image:width\" content=\"2560\" class=\"yoast-seo-meta-tag\" \/>\n\t<meta property=\"og:image:height\" content=\"1707\" class=\"yoast-seo-meta-tag\" \/>\n\t<meta property=\"og:image:type\" content=\"image\/jpeg\" class=\"yoast-seo-meta-tag\" \/>\n<meta name=\"twitter:card\" content=\"summary_large_image\" class=\"yoast-seo-meta-tag\" \/>\n<meta name=\"twitter:label1\" content=\"Dur\u00e9e de lecture estim\u00e9e\" class=\"yoast-seo-meta-tag\" \/>\n\t<meta name=\"twitter:data1\" content=\"3 minutes\" class=\"yoast-seo-meta-tag\" \/>\n<script type=\"application\/ld+json\" class=\"yoast-schema-graph\">{\"@context\":\"https:\\\/\\\/schema.org\",\"@graph\":[{\"@type\":\"WebPage\",\"@id\":\"https:\\\/\\\/www.jousse-entreprise.com\\\/art-contemporain\\\/fr\\\/expositions\\\/wood%c2%b7wood%c2%b7wooden\\\/\",\"url\":\"https:\\\/\\\/www.jousse-entreprise.com\\\/art-contemporain\\\/fr\\\/expositions\\\/wood%c2%b7wood%c2%b7wooden\\\/\",\"name\":\"wood\u00b7wood\u00b7wooden | Jousse-entreprise | Art Contemporain\",\"isPartOf\":{\"@id\":\"https:\\\/\\\/www.jousse-entreprise.com\\\/art-contemporain\\\/#website\"},\"primaryImageOfPage\":{\"@id\":\"https:\\\/\\\/www.jousse-entreprise.com\\\/art-contemporain\\\/fr\\\/expositions\\\/wood%c2%b7wood%c2%b7wooden\\\/#primaryimage\"},\"image\":{\"@id\":\"https:\\\/\\\/www.jousse-entreprise.com\\\/art-contemporain\\\/fr\\\/expositions\\\/wood%c2%b7wood%c2%b7wooden\\\/#primaryimage\"},\"thumbnailUrl\":\"https:\\\/\\\/www.jousse-entreprise.com\\\/art-contemporain\\\/wp-content\\\/uploads\\\/sites\\\/4\\\/2023\\\/01\\\/DSC_0021-2-scaled.jpg\",\"datePublished\":\"2023-01-24T11:42:05+00:00\",\"dateModified\":\"2023-02-09T17:39:34+00:00\",\"description\":\"\\\"wood\u00b7wood\u00b7wooden\\\", exposition collective du 28 janvier au 25 f\u00e9vrier 2023, galerie Jousse Entreprise, Paris\",\"breadcrumb\":{\"@id\":\"https:\\\/\\\/www.jousse-entreprise.com\\\/art-contemporain\\\/fr\\\/expositions\\\/wood%c2%b7wood%c2%b7wooden\\\/#breadcrumb\"},\"inLanguage\":\"fr-FR\",\"potentialAction\":[{\"@type\":\"ReadAction\",\"target\":[\"https:\\\/\\\/www.jousse-entreprise.com\\\/art-contemporain\\\/fr\\\/expositions\\\/wood%c2%b7wood%c2%b7wooden\\\/\"]}]},{\"@type\":\"ImageObject\",\"inLanguage\":\"fr-FR\",\"@id\":\"https:\\\/\\\/www.jousse-entreprise.com\\\/art-contemporain\\\/fr\\\/expositions\\\/wood%c2%b7wood%c2%b7wooden\\\/#primaryimage\",\"url\":\"https:\\\/\\\/www.jousse-entreprise.com\\\/art-contemporain\\\/wp-content\\\/uploads\\\/sites\\\/4\\\/2023\\\/01\\\/DSC_0021-2-scaled.jpg\",\"contentUrl\":\"https:\\\/\\\/www.jousse-entreprise.com\\\/art-contemporain\\\/wp-content\\\/uploads\\\/sites\\\/4\\\/2023\\\/01\\\/DSC_0021-2-scaled.jpg\",\"width\":2560,\"height\":1707},{\"@type\":\"BreadcrumbList\",\"@id\":\"https:\\\/\\\/www.jousse-entreprise.com\\\/art-contemporain\\\/fr\\\/expositions\\\/wood%c2%b7wood%c2%b7wooden\\\/#breadcrumb\",\"itemListElement\":[{\"@type\":\"ListItem\",\"position\":1,\"name\":\"Accueil\",\"item\":\"https:\\\/\\\/www.jousse-entreprise.com\\\/art-contemporain\\\/fr\\\/\"},{\"@type\":\"ListItem\",\"position\":2,\"name\":\"Expositions\",\"item\":\"https:\\\/\\\/www.jousse-entreprise.com\\\/art-contemporain\\\/fr\\\/expositions\\\/\"},{\"@type\":\"ListItem\",\"position\":3,\"name\":\"wood\u00b7wood\u00b7wooden\"}]},{\"@type\":\"WebSite\",\"@id\":\"https:\\\/\\\/www.jousse-entreprise.com\\\/art-contemporain\\\/#website\",\"url\":\"https:\\\/\\\/www.jousse-entreprise.com\\\/art-contemporain\\\/\",\"name\":\"Jousse-entreprise | Art Contemporain\",\"description\":\"\",\"publisher\":{\"@id\":\"https:\\\/\\\/www.jousse-entreprise.com\\\/art-contemporain\\\/#organization\"},\"potentialAction\":[{\"@type\":\"SearchAction\",\"target\":{\"@type\":\"EntryPoint\",\"urlTemplate\":\"https:\\\/\\\/www.jousse-entreprise.com\\\/art-contemporain\\\/?s={search_term_string}\"},\"query-input\":{\"@type\":\"PropertyValueSpecification\",\"valueRequired\":true,\"valueName\":\"search_term_string\"}}],\"inLanguage\":\"fr-FR\"},{\"@type\":\"Organization\",\"@id\":\"https:\\\/\\\/www.jousse-entreprise.com\\\/art-contemporain\\\/#organization\",\"name\":\"Jousse-entreprise | Art Contemporain\",\"url\":\"https:\\\/\\\/www.jousse-entreprise.com\\\/art-contemporain\\\/\",\"logo\":{\"@type\":\"ImageObject\",\"inLanguage\":\"fr-FR\",\"@id\":\"https:\\\/\\\/www.jousse-entreprise.com\\\/art-contemporain\\\/#\\\/schema\\\/logo\\\/image\\\/\",\"url\":\"https:\\\/\\\/www.jousse-entreprise.com\\\/art-contemporain\\\/wp-content\\\/uploads\\\/sites\\\/4\\\/2019\\\/01\\\/logoret.jpg\",\"contentUrl\":\"https:\\\/\\\/www.jousse-entreprise.com\\\/art-contemporain\\\/wp-content\\\/uploads\\\/sites\\\/4\\\/2019\\\/01\\\/logoret.jpg\",\"width\":500,\"height\":200,\"caption\":\"Jousse-entreprise | Art Contemporain\"},\"image\":{\"@id\":\"https:\\\/\\\/www.jousse-entreprise.com\\\/art-contemporain\\\/#\\\/schema\\\/logo\\\/image\\\/\"},\"sameAs\":[\"https:\\\/\\\/www.instagram.com\\\/galeriejousseentreprise\\\/\"]}]}<\/script>\n<!-- \/ Yoast SEO plugin. -->","yoast_head_json":{"title":"wood\u00b7wood\u00b7wooden | Jousse-entreprise | Art Contemporain","description":"\"wood\u00b7wood\u00b7wooden\", exposition collective du 28 janvier au 25 f\u00e9vrier 2023, galerie Jousse Entreprise, Paris","robots":{"index":"index","follow":"follow","max-snippet":"max-snippet:-1","max-image-preview":"max-image-preview:large","max-video-preview":"max-video-preview:-1"},"canonical":"https:\/\/www.jousse-entreprise.com\/art-contemporain\/fr\/expositions\/wood\u00b7wood\u00b7wooden\/","og_locale":"fr_FR","og_type":"article","og_title":"wood\u00b7wood\u00b7wooden | Jousse-entreprise | Art Contemporain","og_description":"\"wood\u00b7wood\u00b7wooden\", exposition collective du 28 janvier au 25 f\u00e9vrier 2023, galerie Jousse Entreprise, Paris","og_url":"https:\/\/www.jousse-entreprise.com\/art-contemporain\/fr\/expositions\/wood\u00b7wood\u00b7wooden\/","og_site_name":"Jousse-entreprise | Art Contemporain","article_modified_time":"2023-02-09T17:39:34+00:00","og_image":[{"width":2560,"height":1707,"url":"https:\/\/www.jousse-entreprise.com\/art-contemporain\/wp-content\/uploads\/sites\/4\/2023\/01\/DSC_0021-2-scaled.jpg","type":"image\/jpeg"}],"twitter_card":"summary_large_image","twitter_misc":{"Dur\u00e9e de lecture estim\u00e9e":"3 minutes"},"schema":{"@context":"https:\/\/schema.org","@graph":[{"@type":"WebPage","@id":"https:\/\/www.jousse-entreprise.com\/art-contemporain\/fr\/expositions\/wood%c2%b7wood%c2%b7wooden\/","url":"https:\/\/www.jousse-entreprise.com\/art-contemporain\/fr\/expositions\/wood%c2%b7wood%c2%b7wooden\/","name":"wood\u00b7wood\u00b7wooden | Jousse-entreprise | Art Contemporain","isPartOf":{"@id":"https:\/\/www.jousse-entreprise.com\/art-contemporain\/#website"},"primaryImageOfPage":{"@id":"https:\/\/www.jousse-entreprise.com\/art-contemporain\/fr\/expositions\/wood%c2%b7wood%c2%b7wooden\/#primaryimage"},"image":{"@id":"https:\/\/www.jousse-entreprise.com\/art-contemporain\/fr\/expositions\/wood%c2%b7wood%c2%b7wooden\/#primaryimage"},"thumbnailUrl":"https:\/\/www.jousse-entreprise.com\/art-contemporain\/wp-content\/uploads\/sites\/4\/2023\/01\/DSC_0021-2-scaled.jpg","datePublished":"2023-01-24T11:42:05+00:00","dateModified":"2023-02-09T17:39:34+00:00","description":"\"wood\u00b7wood\u00b7wooden\", exposition collective du 28 janvier au 25 f\u00e9vrier 2023, galerie Jousse Entreprise, Paris","breadcrumb":{"@id":"https:\/\/www.jousse-entreprise.com\/art-contemporain\/fr\/expositions\/wood%c2%b7wood%c2%b7wooden\/#breadcrumb"},"inLanguage":"fr-FR","potentialAction":[{"@type":"ReadAction","target":["https:\/\/www.jousse-entreprise.com\/art-contemporain\/fr\/expositions\/wood%c2%b7wood%c2%b7wooden\/"]}]},{"@type":"ImageObject","inLanguage":"fr-FR","@id":"https:\/\/www.jousse-entreprise.com\/art-contemporain\/fr\/expositions\/wood%c2%b7wood%c2%b7wooden\/#primaryimage","url":"https:\/\/www.jousse-entreprise.com\/art-contemporain\/wp-content\/uploads\/sites\/4\/2023\/01\/DSC_0021-2-scaled.jpg","contentUrl":"https:\/\/www.jousse-entreprise.com\/art-contemporain\/wp-content\/uploads\/sites\/4\/2023\/01\/DSC_0021-2-scaled.jpg","width":2560,"height":1707},{"@type":"BreadcrumbList","@id":"https:\/\/www.jousse-entreprise.com\/art-contemporain\/fr\/expositions\/wood%c2%b7wood%c2%b7wooden\/#breadcrumb","itemListElement":[{"@type":"ListItem","position":1,"name":"Accueil","item":"https:\/\/www.jousse-entreprise.com\/art-contemporain\/fr\/"},{"@type":"ListItem","position":2,"name":"Expositions","item":"https:\/\/www.jousse-entreprise.com\/art-contemporain\/fr\/expositions\/"},{"@type":"ListItem","position":3,"name":"wood\u00b7wood\u00b7wooden"}]},{"@type":"WebSite","@id":"https:\/\/www.jousse-entreprise.com\/art-contemporain\/#website","url":"https:\/\/www.jousse-entreprise.com\/art-contemporain\/","name":"Jousse-entreprise | Art Contemporain","description":"","publisher":{"@id":"https:\/\/www.jousse-entreprise.com\/art-contemporain\/#organization"},"potentialAction":[{"@type":"SearchAction","target":{"@type":"EntryPoint","urlTemplate":"https:\/\/www.jousse-entreprise.com\/art-contemporain\/?s={search_term_string}"},"query-input":{"@type":"PropertyValueSpecification","valueRequired":true,"valueName":"search_term_string"}}],"inLanguage":"fr-FR"},{"@type":"Organization","@id":"https:\/\/www.jousse-entreprise.com\/art-contemporain\/#organization","name":"Jousse-entreprise | Art Contemporain","url":"https:\/\/www.jousse-entreprise.com\/art-contemporain\/","logo":{"@type":"ImageObject","inLanguage":"fr-FR","@id":"https:\/\/www.jousse-entreprise.com\/art-contemporain\/#\/schema\/logo\/image\/","url":"https:\/\/www.jousse-entreprise.com\/art-contemporain\/wp-content\/uploads\/sites\/4\/2019\/01\/logoret.jpg","contentUrl":"https:\/\/www.jousse-entreprise.com\/art-contemporain\/wp-content\/uploads\/sites\/4\/2019\/01\/logoret.jpg","width":500,"height":200,"caption":"Jousse-entreprise | Art Contemporain"},"image":{"@id":"https:\/\/www.jousse-entreprise.com\/art-contemporain\/#\/schema\/logo\/image\/"},"sameAs":["https:\/\/www.instagram.com\/galeriejousseentreprise\/"]}]}},"_links":{"self":[{"href":"https:\/\/www.jousse-entreprise.com\/art-contemporain\/wp-json\/wp\/v2\/expositions\/18141","targetHints":{"allow":["GET"]}}],"collection":[{"href":"https:\/\/www.jousse-entreprise.com\/art-contemporain\/wp-json\/wp\/v2\/expositions"}],"about":[{"href":"https:\/\/www.jousse-entreprise.com\/art-contemporain\/wp-json\/wp\/v2\/types\/expositions"}],"version-history":[{"count":18,"href":"https:\/\/www.jousse-entreprise.com\/art-contemporain\/wp-json\/wp\/v2\/expositions\/18141\/revisions"}],"predecessor-version":[{"id":18456,"href":"https:\/\/www.jousse-entreprise.com\/art-contemporain\/wp-json\/wp\/v2\/expositions\/18141\/revisions\/18456"}],"wp:featuredmedia":[{"embeddable":true,"href":"https:\/\/www.jousse-entreprise.com\/art-contemporain\/wp-json\/wp\/v2\/media\/18240"}],"wp:attachment":[{"href":"https:\/\/www.jousse-entreprise.com\/art-contemporain\/wp-json\/wp\/v2\/media?parent=18141"}],"curies":[{"name":"wp","href":"https:\/\/api.w.org\/{rel}","templated":true}]}}