{"id":17309,"date":"2022-06-16T18:18:30","date_gmt":"2022-06-16T16:18:30","guid":{"rendered":"https:\/\/www.jousse-entreprise.com\/art-contemporain\/?post_type=expositions&#038;p=17309"},"modified":"2022-06-30T14:55:19","modified_gmt":"2022-06-30T12:55:19","slug":"nathanaelle-herbelin-a-la-surface-le-fond-de-loeil","status":"publish","type":"expositions","link":"https:\/\/www.jousse-entreprise.com\/art-contemporain\/fr\/expositions\/nathanaelle-herbelin-a-la-surface-le-fond-de-loeil\/","title":{"rendered":"NATHANA\u00cbLLE HERBELIN | \u00c0 la surface, le fond de l&rsquo;\u0153il"},"content":{"rendered":"<p class=\"clearfix\">L\u2019Institut fran\u00e7ais d\u2019Isra\u00ebl re\u00e7oit une exposition de l\u2019artiste fran\u00e7aise Nathana\u00eblle Herbelin, sous le commissariat de <strong>Tom Laurent<\/strong>, dans son espace d\u2019accueil. Il s\u2019agit de la deuxi\u00e8me exposition monographique de l\u2019artiste en Isra\u00ebl apr\u00e8s une premi\u00e8re exposition \u00e0 la galerie d\u2019Uhm-El-Fahem en mai 2021. Herbelin puise son inspiration dans son environnement imm\u00e9diat, observant et capturant des moments subtils de la vie quotidienne qui auraient d\u00fb passer inaper\u00e7us.<\/p>\n<p class=\"clearfix\">Nathana\u00eblle Herbelin peint des objets et des \u00eatres, et moins souvent, des paysages. Ces objets, ces \u00eatres et ces paysages ont en commun d\u2019\u00eatre saisis par une m\u00eame vision. Celle-ci, qu\u2019elle soit la sienne ou celle que sa peinture nous offre \u00e0 projeter, recouvre ces objets, ces \u00eatres et ces paysages d\u2019un voile de familiarit\u00e9 \u2013 leur conf\u00e9rant la pr\u00e9sence de ce que l\u2019on a d\u00e9j\u00e0 pu toucher du regard. Cela est d\u2019autant plus vrai qu\u2019elle peint ce qui se passe entre les choses, entre les \u00eatres, et parfois entre les deux, sous l\u2019\u0153il des uns et des autres, et sous le n\u00f4tre. Partant de la vision d\u2019un \u00e9change en suspens qu\u2019adressent les regards et corps de Michel, Emmanuel, Berhe et Zina, ses voisins \u00e9rythr\u00e9ens lorsqu\u2019elle habitait dans le quartier de la gare centrale \u00e0 Tel Aviv, dans un tableau qu\u2019elle a peint en Isra\u00ebl, il s\u2019agira d\u2019imaginer ce qui se passe entre ses peintures. De s\u2019en saisir pour ce qui s\u2019y tisse, un \u00e9cran o\u00f9 recomposer et projeter de possibles d\u00e9sirs et craintes \u2013 les leurs, ceux de l\u2019artiste, les n\u00f4tres. L\u2019exposition r\u00e9unit une dizaine de peintures, de petits formats pour la plupart, r\u00e9alis\u00e9es en Isra\u00ebl et en France -Tom Laurent, avril 2022.<\/p>\n<p class=\"clearfix\">Sur le commissaire de l\u2019exposition Tom Laurent<br \/>\nTom Laurent est r\u00e9dacteur en chef de la revue Art Absolument depuis 2017, pour laquelle il a \u00e9galement dirig\u00e9 l\u2019\u00e9dition de plusieurs monographies et catalogues d\u2019exposition dont Pluriel \u2012 Regards sur l\u2019art contemporain isra\u00e9lien (Villa Emerige, Paris, 2012) ou Christian Lapie. Les Metamorphes. Depuis 2017, il assure la coordination du Prix Matsutani, pour lequel il a organis\u00e9 une exposition des laur\u00e9ats 2016-2020 \u00e0 Paris en 2021.<\/p>\n<p>Photos: Yosef \u00a0Eyal &#8211; Institut Fran\u00e7ais d&rsquo;Isra\u00ebl<\/p>\n<p><em><strong><a href=\"https:\/\/institutfrancais-israel.com\/fr\/event\/nathanaelle-herbelin-a-la-surface-le-fond-de-loeil\/\">En savoir plus..<\/a><\/strong><\/em><\/p>\n","protected":false},"featured_media":17353,"menu_order":0,"template":"","class_list":["post-17309","expositions","type-expositions","status-publish","has-post-thumbnail","hentry"],"yoast_head":"<!-- This site is optimized with the Yoast SEO plugin v27.5 - https:\/\/yoast.com\/product\/yoast-seo-wordpress\/ -->\n<title>NATHANA\u00cbLLE HERBELIN | \u00c0 la surface, le fond de l&#039;\u0153il | Jousse-entreprise | Art Contemporain<\/title>\n<meta name=\"description\" content=\"Exposition personnelle de Nathana\u00eblle Herblin &quot;\u00c0 la surface, le fond de l&#039;\u0153il&quot; du 16.06 au 09.09.2022 \u00e0 l&#039;Institut fran\u00e7ais de Tel-Aviv - Galerie Jousse-Entreprise, Paris\" class=\"yoast-seo-meta-tag\" \/>\n<meta name=\"robots\" content=\"index, follow, max-snippet:-1, max-image-preview:large, max-video-preview:-1\" \/>\n<link rel=\"canonical\" href=\"https:\/\/www.jousse-entreprise.com\/art-contemporain\/fr\/expositions\/nathanaelle-herbelin-a-la-surface-le-fond-de-loeil\/\" class=\"yoast-seo-meta-tag\" \/>\n<meta property=\"og:locale\" content=\"fr_FR\" class=\"yoast-seo-meta-tag\" \/>\n<meta property=\"og:type\" content=\"article\" class=\"yoast-seo-meta-tag\" \/>\n<meta property=\"og:title\" content=\"NATHANA\u00cbLLE HERBELIN | \u00c0 la surface, le fond de l&#039;\u0153il | Jousse-entreprise | Art Contemporain\" class=\"yoast-seo-meta-tag\" \/>\n<meta property=\"og:description\" content=\"Exposition personnelle de Nathana\u00eblle Herblin &quot;\u00c0 la surface, le fond de l&#039;\u0153il&quot; du 16.06 au 09.09.2022 \u00e0 l&#039;Institut fran\u00e7ais de Tel-Aviv - Galerie Jousse-Entreprise, Paris\" class=\"yoast-seo-meta-tag\" \/>\n<meta property=\"og:url\" content=\"https:\/\/www.jousse-entreprise.com\/art-contemporain\/fr\/expositions\/nathanaelle-herbelin-a-la-surface-le-fond-de-loeil\/\" class=\"yoast-seo-meta-tag\" \/>\n<meta property=\"og:site_name\" content=\"Jousse-entreprise | Art Contemporain\" class=\"yoast-seo-meta-tag\" \/>\n<meta property=\"article:modified_time\" content=\"2022-06-30T12:55:19+00:00\" class=\"yoast-seo-meta-tag\" \/>\n<meta property=\"og:image\" content=\"https:\/\/www.jousse-entreprise.com\/art-contemporain\/wp-content\/uploads\/sites\/4\/2022\/06\/DSF3346-scaled.jpg\" class=\"yoast-seo-meta-tag\" \/>\n\t<meta property=\"og:image:width\" content=\"2560\" class=\"yoast-seo-meta-tag\" \/>\n\t<meta property=\"og:image:height\" content=\"1707\" class=\"yoast-seo-meta-tag\" \/>\n\t<meta property=\"og:image:type\" content=\"image\/jpeg\" class=\"yoast-seo-meta-tag\" \/>\n<meta name=\"twitter:card\" content=\"summary_large_image\" class=\"yoast-seo-meta-tag\" \/>\n<meta name=\"twitter:label1\" content=\"Dur\u00e9e de lecture estim\u00e9e\" class=\"yoast-seo-meta-tag\" \/>\n\t<meta name=\"twitter:data1\" content=\"2 minutes\" class=\"yoast-seo-meta-tag\" \/>\n<script type=\"application\/ld+json\" class=\"yoast-schema-graph\">{\"@context\":\"https:\\\/\\\/schema.org\",\"@graph\":[{\"@type\":\"WebPage\",\"@id\":\"https:\\\/\\\/www.jousse-entreprise.com\\\/art-contemporain\\\/fr\\\/expositions\\\/nathanaelle-herbelin-a-la-surface-le-fond-de-loeil\\\/\",\"url\":\"https:\\\/\\\/www.jousse-entreprise.com\\\/art-contemporain\\\/fr\\\/expositions\\\/nathanaelle-herbelin-a-la-surface-le-fond-de-loeil\\\/\",\"name\":\"NATHANA\u00cbLLE HERBELIN | \u00c0 la surface, le fond de l'\u0153il | Jousse-entreprise | Art Contemporain\",\"isPartOf\":{\"@id\":\"https:\\\/\\\/www.jousse-entreprise.com\\\/art-contemporain\\\/#website\"},\"primaryImageOfPage\":{\"@id\":\"https:\\\/\\\/www.jousse-entreprise.com\\\/art-contemporain\\\/fr\\\/expositions\\\/nathanaelle-herbelin-a-la-surface-le-fond-de-loeil\\\/#primaryimage\"},\"image\":{\"@id\":\"https:\\\/\\\/www.jousse-entreprise.com\\\/art-contemporain\\\/fr\\\/expositions\\\/nathanaelle-herbelin-a-la-surface-le-fond-de-loeil\\\/#primaryimage\"},\"thumbnailUrl\":\"https:\\\/\\\/www.jousse-entreprise.com\\\/art-contemporain\\\/wp-content\\\/uploads\\\/sites\\\/4\\\/2022\\\/06\\\/DSF3346-scaled.jpg\",\"datePublished\":\"2022-06-16T16:18:30+00:00\",\"dateModified\":\"2022-06-30T12:55:19+00:00\",\"description\":\"Exposition personnelle de Nathana\u00eblle Herblin \\\"\u00c0 la surface, le fond de l'\u0153il\\\" du 16.06 au 09.09.2022 \u00e0 l'Institut fran\u00e7ais de Tel-Aviv - Galerie Jousse-Entreprise, Paris\",\"breadcrumb\":{\"@id\":\"https:\\\/\\\/www.jousse-entreprise.com\\\/art-contemporain\\\/fr\\\/expositions\\\/nathanaelle-herbelin-a-la-surface-le-fond-de-loeil\\\/#breadcrumb\"},\"inLanguage\":\"fr-FR\",\"potentialAction\":[{\"@type\":\"ReadAction\",\"target\":[\"https:\\\/\\\/www.jousse-entreprise.com\\\/art-contemporain\\\/fr\\\/expositions\\\/nathanaelle-herbelin-a-la-surface-le-fond-de-loeil\\\/\"]}]},{\"@type\":\"ImageObject\",\"inLanguage\":\"fr-FR\",\"@id\":\"https:\\\/\\\/www.jousse-entreprise.com\\\/art-contemporain\\\/fr\\\/expositions\\\/nathanaelle-herbelin-a-la-surface-le-fond-de-loeil\\\/#primaryimage\",\"url\":\"https:\\\/\\\/www.jousse-entreprise.com\\\/art-contemporain\\\/wp-content\\\/uploads\\\/sites\\\/4\\\/2022\\\/06\\\/DSF3346-scaled.jpg\",\"contentUrl\":\"https:\\\/\\\/www.jousse-entreprise.com\\\/art-contemporain\\\/wp-content\\\/uploads\\\/sites\\\/4\\\/2022\\\/06\\\/DSF3346-scaled.jpg\",\"width\":2560,\"height\":1707},{\"@type\":\"BreadcrumbList\",\"@id\":\"https:\\\/\\\/www.jousse-entreprise.com\\\/art-contemporain\\\/fr\\\/expositions\\\/nathanaelle-herbelin-a-la-surface-le-fond-de-loeil\\\/#breadcrumb\",\"itemListElement\":[{\"@type\":\"ListItem\",\"position\":1,\"name\":\"Accueil\",\"item\":\"https:\\\/\\\/www.jousse-entreprise.com\\\/art-contemporain\\\/fr\\\/\"},{\"@type\":\"ListItem\",\"position\":2,\"name\":\"Expositions\",\"item\":\"https:\\\/\\\/www.jousse-entreprise.com\\\/art-contemporain\\\/fr\\\/expositions\\\/\"},{\"@type\":\"ListItem\",\"position\":3,\"name\":\"NATHANA\u00cbLLE HERBELIN | \u00c0 la surface, le fond de l&rsquo;\u0153il\"}]},{\"@type\":\"WebSite\",\"@id\":\"https:\\\/\\\/www.jousse-entreprise.com\\\/art-contemporain\\\/#website\",\"url\":\"https:\\\/\\\/www.jousse-entreprise.com\\\/art-contemporain\\\/\",\"name\":\"Jousse-entreprise | Art Contemporain\",\"description\":\"\",\"publisher\":{\"@id\":\"https:\\\/\\\/www.jousse-entreprise.com\\\/art-contemporain\\\/#organization\"},\"potentialAction\":[{\"@type\":\"SearchAction\",\"target\":{\"@type\":\"EntryPoint\",\"urlTemplate\":\"https:\\\/\\\/www.jousse-entreprise.com\\\/art-contemporain\\\/?s={search_term_string}\"},\"query-input\":{\"@type\":\"PropertyValueSpecification\",\"valueRequired\":true,\"valueName\":\"search_term_string\"}}],\"inLanguage\":\"fr-FR\"},{\"@type\":\"Organization\",\"@id\":\"https:\\\/\\\/www.jousse-entreprise.com\\\/art-contemporain\\\/#organization\",\"name\":\"Jousse-entreprise | Art Contemporain\",\"url\":\"https:\\\/\\\/www.jousse-entreprise.com\\\/art-contemporain\\\/\",\"logo\":{\"@type\":\"ImageObject\",\"inLanguage\":\"fr-FR\",\"@id\":\"https:\\\/\\\/www.jousse-entreprise.com\\\/art-contemporain\\\/#\\\/schema\\\/logo\\\/image\\\/\",\"url\":\"https:\\\/\\\/www.jousse-entreprise.com\\\/art-contemporain\\\/wp-content\\\/uploads\\\/sites\\\/4\\\/2019\\\/01\\\/logoret.jpg\",\"contentUrl\":\"https:\\\/\\\/www.jousse-entreprise.com\\\/art-contemporain\\\/wp-content\\\/uploads\\\/sites\\\/4\\\/2019\\\/01\\\/logoret.jpg\",\"width\":500,\"height\":200,\"caption\":\"Jousse-entreprise | Art Contemporain\"},\"image\":{\"@id\":\"https:\\\/\\\/www.jousse-entreprise.com\\\/art-contemporain\\\/#\\\/schema\\\/logo\\\/image\\\/\"},\"sameAs\":[\"https:\\\/\\\/www.instagram.com\\\/galeriejousseentreprise\\\/\"]}]}<\/script>\n<!-- \/ Yoast SEO plugin. -->","yoast_head_json":{"title":"NATHANA\u00cbLLE HERBELIN | \u00c0 la surface, le fond de l'\u0153il | Jousse-entreprise | Art Contemporain","description":"Exposition personnelle de Nathana\u00eblle Herblin \"\u00c0 la surface, le fond de l'\u0153il\" du 16.06 au 09.09.2022 \u00e0 l'Institut fran\u00e7ais de Tel-Aviv - Galerie Jousse-Entreprise, Paris","robots":{"index":"index","follow":"follow","max-snippet":"max-snippet:-1","max-image-preview":"max-image-preview:large","max-video-preview":"max-video-preview:-1"},"canonical":"https:\/\/www.jousse-entreprise.com\/art-contemporain\/fr\/expositions\/nathanaelle-herbelin-a-la-surface-le-fond-de-loeil\/","og_locale":"fr_FR","og_type":"article","og_title":"NATHANA\u00cbLLE HERBELIN | \u00c0 la surface, le fond de l'\u0153il | Jousse-entreprise | Art Contemporain","og_description":"Exposition personnelle de Nathana\u00eblle Herblin \"\u00c0 la surface, le fond de l'\u0153il\" du 16.06 au 09.09.2022 \u00e0 l'Institut fran\u00e7ais de Tel-Aviv - Galerie Jousse-Entreprise, Paris","og_url":"https:\/\/www.jousse-entreprise.com\/art-contemporain\/fr\/expositions\/nathanaelle-herbelin-a-la-surface-le-fond-de-loeil\/","og_site_name":"Jousse-entreprise | Art Contemporain","article_modified_time":"2022-06-30T12:55:19+00:00","og_image":[{"width":2560,"height":1707,"url":"https:\/\/www.jousse-entreprise.com\/art-contemporain\/wp-content\/uploads\/sites\/4\/2022\/06\/DSF3346-scaled.jpg","type":"image\/jpeg"}],"twitter_card":"summary_large_image","twitter_misc":{"Dur\u00e9e de lecture estim\u00e9e":"2 minutes"},"schema":{"@context":"https:\/\/schema.org","@graph":[{"@type":"WebPage","@id":"https:\/\/www.jousse-entreprise.com\/art-contemporain\/fr\/expositions\/nathanaelle-herbelin-a-la-surface-le-fond-de-loeil\/","url":"https:\/\/www.jousse-entreprise.com\/art-contemporain\/fr\/expositions\/nathanaelle-herbelin-a-la-surface-le-fond-de-loeil\/","name":"NATHANA\u00cbLLE HERBELIN | \u00c0 la surface, le fond de l'\u0153il | Jousse-entreprise | Art Contemporain","isPartOf":{"@id":"https:\/\/www.jousse-entreprise.com\/art-contemporain\/#website"},"primaryImageOfPage":{"@id":"https:\/\/www.jousse-entreprise.com\/art-contemporain\/fr\/expositions\/nathanaelle-herbelin-a-la-surface-le-fond-de-loeil\/#primaryimage"},"image":{"@id":"https:\/\/www.jousse-entreprise.com\/art-contemporain\/fr\/expositions\/nathanaelle-herbelin-a-la-surface-le-fond-de-loeil\/#primaryimage"},"thumbnailUrl":"https:\/\/www.jousse-entreprise.com\/art-contemporain\/wp-content\/uploads\/sites\/4\/2022\/06\/DSF3346-scaled.jpg","datePublished":"2022-06-16T16:18:30+00:00","dateModified":"2022-06-30T12:55:19+00:00","description":"Exposition personnelle de Nathana\u00eblle Herblin \"\u00c0 la surface, le fond de l'\u0153il\" du 16.06 au 09.09.2022 \u00e0 l'Institut fran\u00e7ais de Tel-Aviv - Galerie Jousse-Entreprise, Paris","breadcrumb":{"@id":"https:\/\/www.jousse-entreprise.com\/art-contemporain\/fr\/expositions\/nathanaelle-herbelin-a-la-surface-le-fond-de-loeil\/#breadcrumb"},"inLanguage":"fr-FR","potentialAction":[{"@type":"ReadAction","target":["https:\/\/www.jousse-entreprise.com\/art-contemporain\/fr\/expositions\/nathanaelle-herbelin-a-la-surface-le-fond-de-loeil\/"]}]},{"@type":"ImageObject","inLanguage":"fr-FR","@id":"https:\/\/www.jousse-entreprise.com\/art-contemporain\/fr\/expositions\/nathanaelle-herbelin-a-la-surface-le-fond-de-loeil\/#primaryimage","url":"https:\/\/www.jousse-entreprise.com\/art-contemporain\/wp-content\/uploads\/sites\/4\/2022\/06\/DSF3346-scaled.jpg","contentUrl":"https:\/\/www.jousse-entreprise.com\/art-contemporain\/wp-content\/uploads\/sites\/4\/2022\/06\/DSF3346-scaled.jpg","width":2560,"height":1707},{"@type":"BreadcrumbList","@id":"https:\/\/www.jousse-entreprise.com\/art-contemporain\/fr\/expositions\/nathanaelle-herbelin-a-la-surface-le-fond-de-loeil\/#breadcrumb","itemListElement":[{"@type":"ListItem","position":1,"name":"Accueil","item":"https:\/\/www.jousse-entreprise.com\/art-contemporain\/fr\/"},{"@type":"ListItem","position":2,"name":"Expositions","item":"https:\/\/www.jousse-entreprise.com\/art-contemporain\/fr\/expositions\/"},{"@type":"ListItem","position":3,"name":"NATHANA\u00cbLLE HERBELIN | \u00c0 la surface, le fond de l&rsquo;\u0153il"}]},{"@type":"WebSite","@id":"https:\/\/www.jousse-entreprise.com\/art-contemporain\/#website","url":"https:\/\/www.jousse-entreprise.com\/art-contemporain\/","name":"Jousse-entreprise | Art Contemporain","description":"","publisher":{"@id":"https:\/\/www.jousse-entreprise.com\/art-contemporain\/#organization"},"potentialAction":[{"@type":"SearchAction","target":{"@type":"EntryPoint","urlTemplate":"https:\/\/www.jousse-entreprise.com\/art-contemporain\/?s={search_term_string}"},"query-input":{"@type":"PropertyValueSpecification","valueRequired":true,"valueName":"search_term_string"}}],"inLanguage":"fr-FR"},{"@type":"Organization","@id":"https:\/\/www.jousse-entreprise.com\/art-contemporain\/#organization","name":"Jousse-entreprise | Art Contemporain","url":"https:\/\/www.jousse-entreprise.com\/art-contemporain\/","logo":{"@type":"ImageObject","inLanguage":"fr-FR","@id":"https:\/\/www.jousse-entreprise.com\/art-contemporain\/#\/schema\/logo\/image\/","url":"https:\/\/www.jousse-entreprise.com\/art-contemporain\/wp-content\/uploads\/sites\/4\/2019\/01\/logoret.jpg","contentUrl":"https:\/\/www.jousse-entreprise.com\/art-contemporain\/wp-content\/uploads\/sites\/4\/2019\/01\/logoret.jpg","width":500,"height":200,"caption":"Jousse-entreprise | Art Contemporain"},"image":{"@id":"https:\/\/www.jousse-entreprise.com\/art-contemporain\/#\/schema\/logo\/image\/"},"sameAs":["https:\/\/www.instagram.com\/galeriejousseentreprise\/"]}]}},"_links":{"self":[{"href":"https:\/\/www.jousse-entreprise.com\/art-contemporain\/wp-json\/wp\/v2\/expositions\/17309","targetHints":{"allow":["GET"]}}],"collection":[{"href":"https:\/\/www.jousse-entreprise.com\/art-contemporain\/wp-json\/wp\/v2\/expositions"}],"about":[{"href":"https:\/\/www.jousse-entreprise.com\/art-contemporain\/wp-json\/wp\/v2\/types\/expositions"}],"version-history":[{"count":7,"href":"https:\/\/www.jousse-entreprise.com\/art-contemporain\/wp-json\/wp\/v2\/expositions\/17309\/revisions"}],"predecessor-version":[{"id":17378,"href":"https:\/\/www.jousse-entreprise.com\/art-contemporain\/wp-json\/wp\/v2\/expositions\/17309\/revisions\/17378"}],"wp:featuredmedia":[{"embeddable":true,"href":"https:\/\/www.jousse-entreprise.com\/art-contemporain\/wp-json\/wp\/v2\/media\/17353"}],"wp:attachment":[{"href":"https:\/\/www.jousse-entreprise.com\/art-contemporain\/wp-json\/wp\/v2\/media?parent=17309"}],"curies":[{"name":"wp","href":"https:\/\/api.w.org\/{rel}","templated":true}]}}