{"id":15281,"date":"2022-01-22T16:47:04","date_gmt":"2022-01-22T15:47:04","guid":{"rendered":"https:\/\/www.jousse-entreprise.com\/art-contemporain\/?post_type=expositions&#038;p=15281"},"modified":"2022-02-08T14:38:06","modified_gmt":"2022-02-08T13:38:06","slug":"jennifer-caubet-le-paradigme-du-cercle","status":"publish","type":"expositions","link":"https:\/\/www.jousse-entreprise.com\/art-contemporain\/fr\/expositions\/jennifer-caubet-le-paradigme-du-cercle\/","title":{"rendered":"JENNIFER CAUBET | Le paradigme du cercle"},"content":{"rendered":"<header><\/header>\n<div id=\"post-6220\" class=\"post-6220 tribe_events type-tribe_events status-publish has-post-thumbnail hentry tribe_events_cat-exposition cat_exposition\">\n<div class=\"slider-img is-hidden flickity-enabled is-draggable\">\n<p>&nbsp;<\/p>\n<p class=\"flickity-slider\" style=\"text-align: left\">\u00ab\u00a0Invit\u00e9e par le Frac Nouvelle-Aquitaine M\u00c9CA dans le cadre de son programme de r\u00e9sidences PIC (P\u00f4le Innovation &amp; Cr\u00e9ation), Jennifer Caubet pr\u00e9sente le r\u00e9sultat de plus d\u2019un an de recherche et de cr\u00e9ation.<\/p>\n<\/div>\n<p>M\u00ealant une s\u00e9rie de sculptures en m\u00e9tal et en ciment ainsi qu\u2019une tapisserie grand format, <em>Le paradigme du cercle\u00a0<\/em>est une installation puisant son inspiration dans le roman <em>Les Gu\u00e9rill\u00e8res<\/em> de la romanci\u00e8re, th\u00e9oricienne et militante f\u00e9ministe Monique Wittig, paru en 1969. Les armes-objets et les machines qui jalonnent le roman deviennent ici mati\u00e8re pour penser de nouvelles sculptures, et de nouvelles relations entre espace, sculpture et exposition.<\/p>\n<p>Avec ces \u0153uvres sculpturales et architecturales qui se d\u00e9ploient et se confrontent dans la salle du Grand Verre, l\u2019artiste interroge la question de la production d\u2019espaces.<br \/>\nComment cet ensemble d\u2019\u0153uvres agit-il en tant que communaut\u00e9 cr\u00e9atrice d\u2019espace ?<br \/>\nL\u2019\u0153uvre <em>Recentrement<\/em>, install\u00e9e sur la cimaise a \u00e9t\u00e9 pens\u00e9e comme un outil de mesure, surdimensionn\u00e9, et pointeur spatial dont le fil \u00e0 plomb qui en tombe \u00e0 la verticale, d\u00e9signe alors un nouveau centre. Magn\u00e9tisant le vide, il pointe un endroit \u00e0 cr\u00e9er tout en s\u2019ouvrant sur le reste. Comment alors habiter et activer cet espace en devenir ?<br \/>\nLes disques en ciment pos\u00e9s sur le sol et reli\u00e9s entre eux par une lance en m\u00e9tal, ont \u00e9t\u00e9 pens\u00e9s comme des meules au potentiel d\u2019\u00e9crasement. La tapisserie intitul\u00e9e <em>Connivences <\/em>est pr\u00e9sent\u00e9e quant \u00e0 elle, comme la retranscription bi-dimensionnelle des mouvements potentiels des sculptures.<\/p>\n<p>Jennifer Caubet envisage ici l\u2019exposition comme un chantier en construction, ouvert aux d\u00e9bats et \u00e0 diff\u00e9rentes formes d\u2019activation. Outre le corps du visiteur, acteur principal de cette installation, cet espace accueillera le s\u00e9minaire de philosophie \u201cD\u00e9mocratie, science et \u00e9ducation\u201d de Barbara Stiegler, professeure de philosophie \u00e0 l\u2019Universit\u00e9 Bordeaux Montaigne, et la performance de la musicienne Nina Garcia.\u00a0\u00bb<\/p>\n<p>&nbsp;<\/p>\n<p>Photos : Jennifer Caubet<\/p>\n<\/div>\n","protected":false},"featured_media":15273,"menu_order":0,"template":"","class_list":["post-15281","expositions","type-expositions","status-publish","has-post-thumbnail","hentry"],"yoast_head":"<!-- This site is optimized with the Yoast SEO plugin v27.5 - https:\/\/yoast.com\/product\/yoast-seo-wordpress\/ -->\n<title>JENNIFER CAUBET | Le paradigme du cercle - Jousse-entreprise | Art Contemporain<\/title>\n<meta name=\"description\" content=\"Jennifer Caubet, Le paradigme du cercle, 07.01.2022 - 16.4.2022 - FRAC Nouvelle-Aquitaine M\u00c9CA\" class=\"yoast-seo-meta-tag\" \/>\n<meta name=\"robots\" content=\"index, follow, max-snippet:-1, max-image-preview:large, max-video-preview:-1\" \/>\n<link rel=\"canonical\" href=\"https:\/\/www.jousse-entreprise.com\/art-contemporain\/fr\/expositions\/jennifer-caubet-le-paradigme-du-cercle\/\" class=\"yoast-seo-meta-tag\" \/>\n<meta property=\"og:locale\" content=\"fr_FR\" class=\"yoast-seo-meta-tag\" \/>\n<meta property=\"og:type\" content=\"article\" class=\"yoast-seo-meta-tag\" \/>\n<meta property=\"og:title\" content=\"JENNIFER CAUBET | Le paradigme du cercle - Jousse-entreprise | Art Contemporain\" class=\"yoast-seo-meta-tag\" \/>\n<meta property=\"og:description\" content=\"Jennifer Caubet, Le paradigme du cercle, 07.01.2022 - 16.4.2022 - FRAC Nouvelle-Aquitaine M\u00c9CA\" class=\"yoast-seo-meta-tag\" \/>\n<meta property=\"og:url\" content=\"https:\/\/www.jousse-entreprise.com\/art-contemporain\/fr\/expositions\/jennifer-caubet-le-paradigme-du-cercle\/\" class=\"yoast-seo-meta-tag\" \/>\n<meta property=\"og:site_name\" content=\"Jousse-entreprise | Art Contemporain\" class=\"yoast-seo-meta-tag\" \/>\n<meta property=\"article:modified_time\" content=\"2022-02-08T13:38:06+00:00\" class=\"yoast-seo-meta-tag\" \/>\n<meta property=\"og:image\" content=\"https:\/\/www.jousse-entreprise.com\/art-contemporain\/wp-content\/uploads\/sites\/4\/2022\/01\/1-1024x713.jpg\" class=\"yoast-seo-meta-tag\" \/>\n\t<meta property=\"og:image:width\" content=\"1024\" class=\"yoast-seo-meta-tag\" \/>\n\t<meta property=\"og:image:height\" content=\"713\" class=\"yoast-seo-meta-tag\" \/>\n\t<meta property=\"og:image:type\" content=\"image\/jpeg\" class=\"yoast-seo-meta-tag\" \/>\n<meta name=\"twitter:card\" content=\"summary_large_image\" class=\"yoast-seo-meta-tag\" \/>\n<meta name=\"twitter:label1\" content=\"Dur\u00e9e de lecture estim\u00e9e\" class=\"yoast-seo-meta-tag\" \/>\n\t<meta name=\"twitter:data1\" content=\"2 minutes\" class=\"yoast-seo-meta-tag\" \/>\n<script type=\"application\/ld+json\" class=\"yoast-schema-graph\">{\"@context\":\"https:\\\/\\\/schema.org\",\"@graph\":[{\"@type\":\"WebPage\",\"@id\":\"https:\\\/\\\/www.jousse-entreprise.com\\\/art-contemporain\\\/fr\\\/expositions\\\/jennifer-caubet-le-paradigme-du-cercle\\\/\",\"url\":\"https:\\\/\\\/www.jousse-entreprise.com\\\/art-contemporain\\\/fr\\\/expositions\\\/jennifer-caubet-le-paradigme-du-cercle\\\/\",\"name\":\"JENNIFER CAUBET | Le paradigme du cercle - Jousse-entreprise | Art Contemporain\",\"isPartOf\":{\"@id\":\"https:\\\/\\\/www.jousse-entreprise.com\\\/art-contemporain\\\/#website\"},\"primaryImageOfPage\":{\"@id\":\"https:\\\/\\\/www.jousse-entreprise.com\\\/art-contemporain\\\/fr\\\/expositions\\\/jennifer-caubet-le-paradigme-du-cercle\\\/#primaryimage\"},\"image\":{\"@id\":\"https:\\\/\\\/www.jousse-entreprise.com\\\/art-contemporain\\\/fr\\\/expositions\\\/jennifer-caubet-le-paradigme-du-cercle\\\/#primaryimage\"},\"thumbnailUrl\":\"https:\\\/\\\/www.jousse-entreprise.com\\\/art-contemporain\\\/wp-content\\\/uploads\\\/sites\\\/4\\\/2022\\\/01\\\/1.jpg\",\"datePublished\":\"2022-01-22T15:47:04+00:00\",\"dateModified\":\"2022-02-08T13:38:06+00:00\",\"description\":\"Jennifer Caubet, Le paradigme du cercle, 07.01.2022 - 16.4.2022 - FRAC Nouvelle-Aquitaine M\u00c9CA\",\"breadcrumb\":{\"@id\":\"https:\\\/\\\/www.jousse-entreprise.com\\\/art-contemporain\\\/fr\\\/expositions\\\/jennifer-caubet-le-paradigme-du-cercle\\\/#breadcrumb\"},\"inLanguage\":\"fr-FR\",\"potentialAction\":[{\"@type\":\"ReadAction\",\"target\":[\"https:\\\/\\\/www.jousse-entreprise.com\\\/art-contemporain\\\/fr\\\/expositions\\\/jennifer-caubet-le-paradigme-du-cercle\\\/\"]}]},{\"@type\":\"ImageObject\",\"inLanguage\":\"fr-FR\",\"@id\":\"https:\\\/\\\/www.jousse-entreprise.com\\\/art-contemporain\\\/fr\\\/expositions\\\/jennifer-caubet-le-paradigme-du-cercle\\\/#primaryimage\",\"url\":\"https:\\\/\\\/www.jousse-entreprise.com\\\/art-contemporain\\\/wp-content\\\/uploads\\\/sites\\\/4\\\/2022\\\/01\\\/1.jpg\",\"contentUrl\":\"https:\\\/\\\/www.jousse-entreprise.com\\\/art-contemporain\\\/wp-content\\\/uploads\\\/sites\\\/4\\\/2022\\\/01\\\/1.jpg\",\"width\":2160,\"height\":1503},{\"@type\":\"BreadcrumbList\",\"@id\":\"https:\\\/\\\/www.jousse-entreprise.com\\\/art-contemporain\\\/fr\\\/expositions\\\/jennifer-caubet-le-paradigme-du-cercle\\\/#breadcrumb\",\"itemListElement\":[{\"@type\":\"ListItem\",\"position\":1,\"name\":\"Accueil\",\"item\":\"https:\\\/\\\/www.jousse-entreprise.com\\\/art-contemporain\\\/fr\\\/\"},{\"@type\":\"ListItem\",\"position\":2,\"name\":\"Expositions\",\"item\":\"https:\\\/\\\/www.jousse-entreprise.com\\\/art-contemporain\\\/fr\\\/expositions\\\/\"},{\"@type\":\"ListItem\",\"position\":3,\"name\":\"JENNIFER CAUBET | Le paradigme du cercle\"}]},{\"@type\":\"WebSite\",\"@id\":\"https:\\\/\\\/www.jousse-entreprise.com\\\/art-contemporain\\\/#website\",\"url\":\"https:\\\/\\\/www.jousse-entreprise.com\\\/art-contemporain\\\/\",\"name\":\"Jousse-entreprise | Art Contemporain\",\"description\":\"\",\"publisher\":{\"@id\":\"https:\\\/\\\/www.jousse-entreprise.com\\\/art-contemporain\\\/#organization\"},\"potentialAction\":[{\"@type\":\"SearchAction\",\"target\":{\"@type\":\"EntryPoint\",\"urlTemplate\":\"https:\\\/\\\/www.jousse-entreprise.com\\\/art-contemporain\\\/?s={search_term_string}\"},\"query-input\":{\"@type\":\"PropertyValueSpecification\",\"valueRequired\":true,\"valueName\":\"search_term_string\"}}],\"inLanguage\":\"fr-FR\"},{\"@type\":\"Organization\",\"@id\":\"https:\\\/\\\/www.jousse-entreprise.com\\\/art-contemporain\\\/#organization\",\"name\":\"Jousse-entreprise | Art Contemporain\",\"url\":\"https:\\\/\\\/www.jousse-entreprise.com\\\/art-contemporain\\\/\",\"logo\":{\"@type\":\"ImageObject\",\"inLanguage\":\"fr-FR\",\"@id\":\"https:\\\/\\\/www.jousse-entreprise.com\\\/art-contemporain\\\/#\\\/schema\\\/logo\\\/image\\\/\",\"url\":\"https:\\\/\\\/www.jousse-entreprise.com\\\/art-contemporain\\\/wp-content\\\/uploads\\\/sites\\\/4\\\/2019\\\/01\\\/logoret.jpg\",\"contentUrl\":\"https:\\\/\\\/www.jousse-entreprise.com\\\/art-contemporain\\\/wp-content\\\/uploads\\\/sites\\\/4\\\/2019\\\/01\\\/logoret.jpg\",\"width\":500,\"height\":200,\"caption\":\"Jousse-entreprise | Art Contemporain\"},\"image\":{\"@id\":\"https:\\\/\\\/www.jousse-entreprise.com\\\/art-contemporain\\\/#\\\/schema\\\/logo\\\/image\\\/\"},\"sameAs\":[\"https:\\\/\\\/www.instagram.com\\\/galeriejousseentreprise\\\/\"]}]}<\/script>\n<!-- \/ Yoast SEO plugin. -->","yoast_head_json":{"title":"JENNIFER CAUBET | Le paradigme du cercle - Jousse-entreprise | Art Contemporain","description":"Jennifer Caubet, Le paradigme du cercle, 07.01.2022 - 16.4.2022 - FRAC Nouvelle-Aquitaine M\u00c9CA","robots":{"index":"index","follow":"follow","max-snippet":"max-snippet:-1","max-image-preview":"max-image-preview:large","max-video-preview":"max-video-preview:-1"},"canonical":"https:\/\/www.jousse-entreprise.com\/art-contemporain\/fr\/expositions\/jennifer-caubet-le-paradigme-du-cercle\/","og_locale":"fr_FR","og_type":"article","og_title":"JENNIFER CAUBET | Le paradigme du cercle - Jousse-entreprise | Art Contemporain","og_description":"Jennifer Caubet, Le paradigme du cercle, 07.01.2022 - 16.4.2022 - FRAC Nouvelle-Aquitaine M\u00c9CA","og_url":"https:\/\/www.jousse-entreprise.com\/art-contemporain\/fr\/expositions\/jennifer-caubet-le-paradigme-du-cercle\/","og_site_name":"Jousse-entreprise | Art Contemporain","article_modified_time":"2022-02-08T13:38:06+00:00","og_image":[{"width":1024,"height":713,"url":"https:\/\/www.jousse-entreprise.com\/art-contemporain\/wp-content\/uploads\/sites\/4\/2022\/01\/1-1024x713.jpg","type":"image\/jpeg"}],"twitter_card":"summary_large_image","twitter_misc":{"Dur\u00e9e de lecture estim\u00e9e":"2 minutes"},"schema":{"@context":"https:\/\/schema.org","@graph":[{"@type":"WebPage","@id":"https:\/\/www.jousse-entreprise.com\/art-contemporain\/fr\/expositions\/jennifer-caubet-le-paradigme-du-cercle\/","url":"https:\/\/www.jousse-entreprise.com\/art-contemporain\/fr\/expositions\/jennifer-caubet-le-paradigme-du-cercle\/","name":"JENNIFER CAUBET | Le paradigme du cercle - Jousse-entreprise | Art Contemporain","isPartOf":{"@id":"https:\/\/www.jousse-entreprise.com\/art-contemporain\/#website"},"primaryImageOfPage":{"@id":"https:\/\/www.jousse-entreprise.com\/art-contemporain\/fr\/expositions\/jennifer-caubet-le-paradigme-du-cercle\/#primaryimage"},"image":{"@id":"https:\/\/www.jousse-entreprise.com\/art-contemporain\/fr\/expositions\/jennifer-caubet-le-paradigme-du-cercle\/#primaryimage"},"thumbnailUrl":"https:\/\/www.jousse-entreprise.com\/art-contemporain\/wp-content\/uploads\/sites\/4\/2022\/01\/1.jpg","datePublished":"2022-01-22T15:47:04+00:00","dateModified":"2022-02-08T13:38:06+00:00","description":"Jennifer Caubet, Le paradigme du cercle, 07.01.2022 - 16.4.2022 - FRAC Nouvelle-Aquitaine M\u00c9CA","breadcrumb":{"@id":"https:\/\/www.jousse-entreprise.com\/art-contemporain\/fr\/expositions\/jennifer-caubet-le-paradigme-du-cercle\/#breadcrumb"},"inLanguage":"fr-FR","potentialAction":[{"@type":"ReadAction","target":["https:\/\/www.jousse-entreprise.com\/art-contemporain\/fr\/expositions\/jennifer-caubet-le-paradigme-du-cercle\/"]}]},{"@type":"ImageObject","inLanguage":"fr-FR","@id":"https:\/\/www.jousse-entreprise.com\/art-contemporain\/fr\/expositions\/jennifer-caubet-le-paradigme-du-cercle\/#primaryimage","url":"https:\/\/www.jousse-entreprise.com\/art-contemporain\/wp-content\/uploads\/sites\/4\/2022\/01\/1.jpg","contentUrl":"https:\/\/www.jousse-entreprise.com\/art-contemporain\/wp-content\/uploads\/sites\/4\/2022\/01\/1.jpg","width":2160,"height":1503},{"@type":"BreadcrumbList","@id":"https:\/\/www.jousse-entreprise.com\/art-contemporain\/fr\/expositions\/jennifer-caubet-le-paradigme-du-cercle\/#breadcrumb","itemListElement":[{"@type":"ListItem","position":1,"name":"Accueil","item":"https:\/\/www.jousse-entreprise.com\/art-contemporain\/fr\/"},{"@type":"ListItem","position":2,"name":"Expositions","item":"https:\/\/www.jousse-entreprise.com\/art-contemporain\/fr\/expositions\/"},{"@type":"ListItem","position":3,"name":"JENNIFER CAUBET | Le paradigme du cercle"}]},{"@type":"WebSite","@id":"https:\/\/www.jousse-entreprise.com\/art-contemporain\/#website","url":"https:\/\/www.jousse-entreprise.com\/art-contemporain\/","name":"Jousse-entreprise | Art Contemporain","description":"","publisher":{"@id":"https:\/\/www.jousse-entreprise.com\/art-contemporain\/#organization"},"potentialAction":[{"@type":"SearchAction","target":{"@type":"EntryPoint","urlTemplate":"https:\/\/www.jousse-entreprise.com\/art-contemporain\/?s={search_term_string}"},"query-input":{"@type":"PropertyValueSpecification","valueRequired":true,"valueName":"search_term_string"}}],"inLanguage":"fr-FR"},{"@type":"Organization","@id":"https:\/\/www.jousse-entreprise.com\/art-contemporain\/#organization","name":"Jousse-entreprise | Art Contemporain","url":"https:\/\/www.jousse-entreprise.com\/art-contemporain\/","logo":{"@type":"ImageObject","inLanguage":"fr-FR","@id":"https:\/\/www.jousse-entreprise.com\/art-contemporain\/#\/schema\/logo\/image\/","url":"https:\/\/www.jousse-entreprise.com\/art-contemporain\/wp-content\/uploads\/sites\/4\/2019\/01\/logoret.jpg","contentUrl":"https:\/\/www.jousse-entreprise.com\/art-contemporain\/wp-content\/uploads\/sites\/4\/2019\/01\/logoret.jpg","width":500,"height":200,"caption":"Jousse-entreprise | Art Contemporain"},"image":{"@id":"https:\/\/www.jousse-entreprise.com\/art-contemporain\/#\/schema\/logo\/image\/"},"sameAs":["https:\/\/www.instagram.com\/galeriejousseentreprise\/"]}]}},"_links":{"self":[{"href":"https:\/\/www.jousse-entreprise.com\/art-contemporain\/wp-json\/wp\/v2\/expositions\/15281","targetHints":{"allow":["GET"]}}],"collection":[{"href":"https:\/\/www.jousse-entreprise.com\/art-contemporain\/wp-json\/wp\/v2\/expositions"}],"about":[{"href":"https:\/\/www.jousse-entreprise.com\/art-contemporain\/wp-json\/wp\/v2\/types\/expositions"}],"version-history":[{"count":11,"href":"https:\/\/www.jousse-entreprise.com\/art-contemporain\/wp-json\/wp\/v2\/expositions\/15281\/revisions"}],"predecessor-version":[{"id":15578,"href":"https:\/\/www.jousse-entreprise.com\/art-contemporain\/wp-json\/wp\/v2\/expositions\/15281\/revisions\/15578"}],"wp:featuredmedia":[{"embeddable":true,"href":"https:\/\/www.jousse-entreprise.com\/art-contemporain\/wp-json\/wp\/v2\/media\/15273"}],"wp:attachment":[{"href":"https:\/\/www.jousse-entreprise.com\/art-contemporain\/wp-json\/wp\/v2\/media?parent=15281"}],"curies":[{"name":"wp","href":"https:\/\/api.w.org\/{rel}","templated":true}]}}