{"id":13632,"date":"2021-06-04T16:51:48","date_gmt":"2021-06-04T14:51:48","guid":{"rendered":"https:\/\/www.jousse-entreprise.com\/art-contemporain\/?post_type=expositions&#038;p=13632"},"modified":"2021-06-04T16:51:48","modified_gmt":"2021-06-04T14:51:48","slug":"florence-doleac-marchand-de-sable","status":"publish","type":"expositions","link":"https:\/\/www.jousse-entreprise.com\/art-contemporain\/en\/expositions\/florence-doleac-marchand-de-sable\/","title":{"rendered":"FLORENCE DOL\u00c9AC | Marchand de Sable"},"content":{"rendered":"<p class=\"premier\">L\u2019artiste et designeuse Florence Dol\u00e9ac propose dans cette exposition une r\u00e9interpr\u00e9tation du jardin japonais en s\u2019appropriant la production artisanale de balais grisollais. Elle pr\u00e9sente une cr\u00e9ation pleine de po\u00e9sie, questionnant la fonction du balai de mani\u00e8re d\u00e9tourn\u00e9e.<br \/>\nExposition aussi hors les murs du mus\u00e9e, vous pourrez d\u00e9couvrir l\u2019installation de Florence Dol\u00e9ac sur les bords du canal de Garonne. Cette \u0153uvre \u00e9ph\u00e9m\u00e8re est une invitation \u00e0 la d\u00e9tente, \u00e0 la sieste, \u00e0 la r\u00eaverie.<\/p>\n<p>\u00ab\u00a0Marchand de sable\u00a0\u00bb est une exposition inscrite dans le parcours artistique et estival nomm\u00e9 \u00ab\u00a0Dodocho\u00a0\u00bb construit en partenariat avec le mus\u00e9e Calbet et le centre d\u2019art La Cuisine. De Grisolles \u00e0 N\u00e8grepelisse, des bords du canal de Garonne aux berges de l\u2019Aveyron, la designeuse Florence Dol\u00e9ac pr\u00e9sente son travail et des cr\u00e9ations sp\u00e9cifiques.<\/p>\n<p>Commissariat du parcours\u00a0: Yvan Poulain, La cuisine, centre d\u2019art et de design, Marie Delano\u00e9 et Sylvain Th\u00e9don, mus\u00e9e Calbet.<\/p>\n<p>FLORENCE DOL\u00c9AC<br \/>\nDesigneuse industrielle de formation, Florence Dol\u00e9ac est co-fondatrice du groupe des Radi designers en 1997. Depuis 2003, elle d\u00e9veloppe une pratique en solo, o\u00f9 le design dialogue avec l\u2019art contemporain. Ses travaux traitent souvent de l\u2019univers domestique, toujours avec une pointe d\u2019humour ou d\u2019ironie qui caract\u00e9rise l\u2019ensemble de sa d\u00e9marche. \u00c0 chaque projet, l\u2019artiste choisit de faire un pas de c\u00f4t\u00e9, sortant d\u2019un syst\u00e8me de production de masse pour r\u00e9aliser des oeuvres uniques.<\/p>\n","protected":false},"featured_media":13629,"menu_order":0,"template":"","class_list":["post-13632","expositions","type-expositions","status-publish","has-post-thumbnail","hentry"],"yoast_head":"<!-- This site is optimized with the Yoast SEO plugin v27.5 - https:\/\/yoast.com\/product\/yoast-seo-wordpress\/ -->\n<title>FLORENCE DOL\u00c9AC | Marchand de Sable | Jousse-entreprise | Art Contemporain<\/title>\n<meta name=\"description\" content=\"Florence Dol\u00e9ac, &quot;Marchand de Sable&quot;, Mus\u00e9e Calbet, Grisolles, 06.07.2019 - 09.22.2019 - Galerie Jousse Entreprise\" class=\"yoast-seo-meta-tag\" \/>\n<meta name=\"robots\" content=\"index, follow, max-snippet:-1, max-image-preview:large, max-video-preview:-1\" \/>\n<link rel=\"canonical\" href=\"https:\/\/www.jousse-entreprise.com\/art-contemporain\/en\/expositions\/florence-doleac-marchand-de-sable\/\" class=\"yoast-seo-meta-tag\" \/>\n<meta property=\"og:locale\" content=\"fr_FR\" class=\"yoast-seo-meta-tag\" \/>\n<meta property=\"og:type\" content=\"article\" class=\"yoast-seo-meta-tag\" \/>\n<meta property=\"og:title\" content=\"FLORENCE DOL\u00c9AC | Marchand de Sable | Jousse-entreprise | Art Contemporain\" class=\"yoast-seo-meta-tag\" \/>\n<meta property=\"og:description\" content=\"Florence Dol\u00e9ac, &quot;Marchand de Sable&quot;, Mus\u00e9e Calbet, Grisolles, 06.07.2019 - 09.22.2019 - Galerie Jousse Entreprise\" class=\"yoast-seo-meta-tag\" \/>\n<meta property=\"og:url\" content=\"https:\/\/www.jousse-entreprise.com\/art-contemporain\/en\/expositions\/florence-doleac-marchand-de-sable\/\" class=\"yoast-seo-meta-tag\" \/>\n<meta property=\"og:site_name\" content=\"Jousse-entreprise | Art Contemporain\" class=\"yoast-seo-meta-tag\" \/>\n<meta property=\"og:image\" content=\"https:\/\/www.jousse-entreprise.com\/art-contemporain\/wp-content\/uploads\/sites\/4\/2021\/06\/photo.jpg\" class=\"yoast-seo-meta-tag\" \/>\n\t<meta property=\"og:image:width\" content=\"340\" class=\"yoast-seo-meta-tag\" \/>\n\t<meta property=\"og:image:height\" content=\"510\" class=\"yoast-seo-meta-tag\" \/>\n\t<meta property=\"og:image:type\" content=\"image\/jpeg\" class=\"yoast-seo-meta-tag\" \/>\n<meta name=\"twitter:card\" content=\"summary_large_image\" class=\"yoast-seo-meta-tag\" \/>\n<meta name=\"twitter:label1\" content=\"Dur\u00e9e de lecture estim\u00e9e\" class=\"yoast-seo-meta-tag\" \/>\n\t<meta name=\"twitter:data1\" content=\"1 minute\" class=\"yoast-seo-meta-tag\" \/>\n<script type=\"application\/ld+json\" class=\"yoast-schema-graph\">{\"@context\":\"https:\\\/\\\/schema.org\",\"@graph\":[{\"@type\":\"WebPage\",\"@id\":\"https:\\\/\\\/www.jousse-entreprise.com\\\/art-contemporain\\\/en\\\/expositions\\\/florence-doleac-marchand-de-sable\\\/\",\"url\":\"https:\\\/\\\/www.jousse-entreprise.com\\\/art-contemporain\\\/en\\\/expositions\\\/florence-doleac-marchand-de-sable\\\/\",\"name\":\"FLORENCE DOL\u00c9AC | Marchand de Sable | Jousse-entreprise | Art Contemporain\",\"isPartOf\":{\"@id\":\"https:\\\/\\\/www.jousse-entreprise.com\\\/art-contemporain\\\/#website\"},\"primaryImageOfPage\":{\"@id\":\"https:\\\/\\\/www.jousse-entreprise.com\\\/art-contemporain\\\/en\\\/expositions\\\/florence-doleac-marchand-de-sable\\\/#primaryimage\"},\"image\":{\"@id\":\"https:\\\/\\\/www.jousse-entreprise.com\\\/art-contemporain\\\/en\\\/expositions\\\/florence-doleac-marchand-de-sable\\\/#primaryimage\"},\"thumbnailUrl\":\"https:\\\/\\\/www.jousse-entreprise.com\\\/art-contemporain\\\/wp-content\\\/uploads\\\/sites\\\/4\\\/2021\\\/06\\\/photo.jpg\",\"datePublished\":\"2021-06-04T14:51:48+00:00\",\"description\":\"Florence Dol\u00e9ac, \\\"Marchand de Sable\\\", Mus\u00e9e Calbet, Grisolles, 06.07.2019 - 09.22.2019 - Galerie Jousse Entreprise\",\"breadcrumb\":{\"@id\":\"https:\\\/\\\/www.jousse-entreprise.com\\\/art-contemporain\\\/en\\\/expositions\\\/florence-doleac-marchand-de-sable\\\/#breadcrumb\"},\"inLanguage\":\"fr-FR\",\"potentialAction\":[{\"@type\":\"ReadAction\",\"target\":[\"https:\\\/\\\/www.jousse-entreprise.com\\\/art-contemporain\\\/en\\\/expositions\\\/florence-doleac-marchand-de-sable\\\/\"]}]},{\"@type\":\"ImageObject\",\"inLanguage\":\"fr-FR\",\"@id\":\"https:\\\/\\\/www.jousse-entreprise.com\\\/art-contemporain\\\/en\\\/expositions\\\/florence-doleac-marchand-de-sable\\\/#primaryimage\",\"url\":\"https:\\\/\\\/www.jousse-entreprise.com\\\/art-contemporain\\\/wp-content\\\/uploads\\\/sites\\\/4\\\/2021\\\/06\\\/photo.jpg\",\"contentUrl\":\"https:\\\/\\\/www.jousse-entreprise.com\\\/art-contemporain\\\/wp-content\\\/uploads\\\/sites\\\/4\\\/2021\\\/06\\\/photo.jpg\",\"width\":340,\"height\":510,\"caption\":\"photo\"},{\"@type\":\"BreadcrumbList\",\"@id\":\"https:\\\/\\\/www.jousse-entreprise.com\\\/art-contemporain\\\/en\\\/expositions\\\/florence-doleac-marchand-de-sable\\\/#breadcrumb\",\"itemListElement\":[{\"@type\":\"ListItem\",\"position\":1,\"name\":\"Accueil\",\"item\":\"https:\\\/\\\/www.jousse-entreprise.com\\\/art-contemporain\\\/fr\\\/\"},{\"@type\":\"ListItem\",\"position\":2,\"name\":\"Expositions\",\"item\":\"https:\\\/\\\/www.jousse-entreprise.com\\\/art-contemporain\\\/fr\\\/expositions\\\/\"},{\"@type\":\"ListItem\",\"position\":3,\"name\":\"FLORENCE DOL\u00c9AC | Marchand de Sable\"}]},{\"@type\":\"WebSite\",\"@id\":\"https:\\\/\\\/www.jousse-entreprise.com\\\/art-contemporain\\\/#website\",\"url\":\"https:\\\/\\\/www.jousse-entreprise.com\\\/art-contemporain\\\/\",\"name\":\"Jousse-entreprise | Art Contemporain\",\"description\":\"\",\"publisher\":{\"@id\":\"https:\\\/\\\/www.jousse-entreprise.com\\\/art-contemporain\\\/#organization\"},\"potentialAction\":[{\"@type\":\"SearchAction\",\"target\":{\"@type\":\"EntryPoint\",\"urlTemplate\":\"https:\\\/\\\/www.jousse-entreprise.com\\\/art-contemporain\\\/?s={search_term_string}\"},\"query-input\":{\"@type\":\"PropertyValueSpecification\",\"valueRequired\":true,\"valueName\":\"search_term_string\"}}],\"inLanguage\":\"fr-FR\"},{\"@type\":\"Organization\",\"@id\":\"https:\\\/\\\/www.jousse-entreprise.com\\\/art-contemporain\\\/#organization\",\"name\":\"Jousse-entreprise | Art Contemporain\",\"url\":\"https:\\\/\\\/www.jousse-entreprise.com\\\/art-contemporain\\\/\",\"logo\":{\"@type\":\"ImageObject\",\"inLanguage\":\"fr-FR\",\"@id\":\"https:\\\/\\\/www.jousse-entreprise.com\\\/art-contemporain\\\/#\\\/schema\\\/logo\\\/image\\\/\",\"url\":\"https:\\\/\\\/www.jousse-entreprise.com\\\/art-contemporain\\\/wp-content\\\/uploads\\\/sites\\\/4\\\/2019\\\/01\\\/logoret.jpg\",\"contentUrl\":\"https:\\\/\\\/www.jousse-entreprise.com\\\/art-contemporain\\\/wp-content\\\/uploads\\\/sites\\\/4\\\/2019\\\/01\\\/logoret.jpg\",\"width\":500,\"height\":200,\"caption\":\"Jousse-entreprise | Art Contemporain\"},\"image\":{\"@id\":\"https:\\\/\\\/www.jousse-entreprise.com\\\/art-contemporain\\\/#\\\/schema\\\/logo\\\/image\\\/\"},\"sameAs\":[\"https:\\\/\\\/www.instagram.com\\\/galeriejousseentreprise\\\/\"]}]}<\/script>\n<!-- \/ Yoast SEO plugin. -->","yoast_head_json":{"title":"FLORENCE DOL\u00c9AC | Marchand de Sable | Jousse-entreprise | Art Contemporain","description":"Florence Dol\u00e9ac, \"Marchand de Sable\", Mus\u00e9e Calbet, Grisolles, 06.07.2019 - 09.22.2019 - Galerie Jousse Entreprise","robots":{"index":"index","follow":"follow","max-snippet":"max-snippet:-1","max-image-preview":"max-image-preview:large","max-video-preview":"max-video-preview:-1"},"canonical":"https:\/\/www.jousse-entreprise.com\/art-contemporain\/en\/expositions\/florence-doleac-marchand-de-sable\/","og_locale":"fr_FR","og_type":"article","og_title":"FLORENCE DOL\u00c9AC | Marchand de Sable | Jousse-entreprise | Art Contemporain","og_description":"Florence Dol\u00e9ac, \"Marchand de Sable\", Mus\u00e9e Calbet, Grisolles, 06.07.2019 - 09.22.2019 - Galerie Jousse Entreprise","og_url":"https:\/\/www.jousse-entreprise.com\/art-contemporain\/en\/expositions\/florence-doleac-marchand-de-sable\/","og_site_name":"Jousse-entreprise | Art Contemporain","og_image":[{"width":340,"height":510,"url":"https:\/\/www.jousse-entreprise.com\/art-contemporain\/wp-content\/uploads\/sites\/4\/2021\/06\/photo.jpg","type":"image\/jpeg"}],"twitter_card":"summary_large_image","twitter_misc":{"Dur\u00e9e de lecture estim\u00e9e":"1 minute"},"schema":{"@context":"https:\/\/schema.org","@graph":[{"@type":"WebPage","@id":"https:\/\/www.jousse-entreprise.com\/art-contemporain\/en\/expositions\/florence-doleac-marchand-de-sable\/","url":"https:\/\/www.jousse-entreprise.com\/art-contemporain\/en\/expositions\/florence-doleac-marchand-de-sable\/","name":"FLORENCE DOL\u00c9AC | Marchand de Sable | Jousse-entreprise | Art Contemporain","isPartOf":{"@id":"https:\/\/www.jousse-entreprise.com\/art-contemporain\/#website"},"primaryImageOfPage":{"@id":"https:\/\/www.jousse-entreprise.com\/art-contemporain\/en\/expositions\/florence-doleac-marchand-de-sable\/#primaryimage"},"image":{"@id":"https:\/\/www.jousse-entreprise.com\/art-contemporain\/en\/expositions\/florence-doleac-marchand-de-sable\/#primaryimage"},"thumbnailUrl":"https:\/\/www.jousse-entreprise.com\/art-contemporain\/wp-content\/uploads\/sites\/4\/2021\/06\/photo.jpg","datePublished":"2021-06-04T14:51:48+00:00","description":"Florence Dol\u00e9ac, \"Marchand de Sable\", Mus\u00e9e Calbet, Grisolles, 06.07.2019 - 09.22.2019 - Galerie Jousse Entreprise","breadcrumb":{"@id":"https:\/\/www.jousse-entreprise.com\/art-contemporain\/en\/expositions\/florence-doleac-marchand-de-sable\/#breadcrumb"},"inLanguage":"fr-FR","potentialAction":[{"@type":"ReadAction","target":["https:\/\/www.jousse-entreprise.com\/art-contemporain\/en\/expositions\/florence-doleac-marchand-de-sable\/"]}]},{"@type":"ImageObject","inLanguage":"fr-FR","@id":"https:\/\/www.jousse-entreprise.com\/art-contemporain\/en\/expositions\/florence-doleac-marchand-de-sable\/#primaryimage","url":"https:\/\/www.jousse-entreprise.com\/art-contemporain\/wp-content\/uploads\/sites\/4\/2021\/06\/photo.jpg","contentUrl":"https:\/\/www.jousse-entreprise.com\/art-contemporain\/wp-content\/uploads\/sites\/4\/2021\/06\/photo.jpg","width":340,"height":510,"caption":"photo"},{"@type":"BreadcrumbList","@id":"https:\/\/www.jousse-entreprise.com\/art-contemporain\/en\/expositions\/florence-doleac-marchand-de-sable\/#breadcrumb","itemListElement":[{"@type":"ListItem","position":1,"name":"Accueil","item":"https:\/\/www.jousse-entreprise.com\/art-contemporain\/fr\/"},{"@type":"ListItem","position":2,"name":"Expositions","item":"https:\/\/www.jousse-entreprise.com\/art-contemporain\/fr\/expositions\/"},{"@type":"ListItem","position":3,"name":"FLORENCE DOL\u00c9AC | Marchand de Sable"}]},{"@type":"WebSite","@id":"https:\/\/www.jousse-entreprise.com\/art-contemporain\/#website","url":"https:\/\/www.jousse-entreprise.com\/art-contemporain\/","name":"Jousse-entreprise | Art Contemporain","description":"","publisher":{"@id":"https:\/\/www.jousse-entreprise.com\/art-contemporain\/#organization"},"potentialAction":[{"@type":"SearchAction","target":{"@type":"EntryPoint","urlTemplate":"https:\/\/www.jousse-entreprise.com\/art-contemporain\/?s={search_term_string}"},"query-input":{"@type":"PropertyValueSpecification","valueRequired":true,"valueName":"search_term_string"}}],"inLanguage":"fr-FR"},{"@type":"Organization","@id":"https:\/\/www.jousse-entreprise.com\/art-contemporain\/#organization","name":"Jousse-entreprise | Art Contemporain","url":"https:\/\/www.jousse-entreprise.com\/art-contemporain\/","logo":{"@type":"ImageObject","inLanguage":"fr-FR","@id":"https:\/\/www.jousse-entreprise.com\/art-contemporain\/#\/schema\/logo\/image\/","url":"https:\/\/www.jousse-entreprise.com\/art-contemporain\/wp-content\/uploads\/sites\/4\/2019\/01\/logoret.jpg","contentUrl":"https:\/\/www.jousse-entreprise.com\/art-contemporain\/wp-content\/uploads\/sites\/4\/2019\/01\/logoret.jpg","width":500,"height":200,"caption":"Jousse-entreprise | Art Contemporain"},"image":{"@id":"https:\/\/www.jousse-entreprise.com\/art-contemporain\/#\/schema\/logo\/image\/"},"sameAs":["https:\/\/www.instagram.com\/galeriejousseentreprise\/"]}]}},"_links":{"self":[{"href":"https:\/\/www.jousse-entreprise.com\/art-contemporain\/wp-json\/wp\/v2\/expositions\/13632","targetHints":{"allow":["GET"]}}],"collection":[{"href":"https:\/\/www.jousse-entreprise.com\/art-contemporain\/wp-json\/wp\/v2\/expositions"}],"about":[{"href":"https:\/\/www.jousse-entreprise.com\/art-contemporain\/wp-json\/wp\/v2\/types\/expositions"}],"version-history":[{"count":1,"href":"https:\/\/www.jousse-entreprise.com\/art-contemporain\/wp-json\/wp\/v2\/expositions\/13632\/revisions"}],"predecessor-version":[{"id":13633,"href":"https:\/\/www.jousse-entreprise.com\/art-contemporain\/wp-json\/wp\/v2\/expositions\/13632\/revisions\/13633"}],"wp:featuredmedia":[{"embeddable":true,"href":"https:\/\/www.jousse-entreprise.com\/art-contemporain\/wp-json\/wp\/v2\/media\/13629"}],"wp:attachment":[{"href":"https:\/\/www.jousse-entreprise.com\/art-contemporain\/wp-json\/wp\/v2\/media?parent=13632"}],"curies":[{"name":"wp","href":"https:\/\/api.w.org\/{rel}","templated":true}]}}