{"id":12644,"date":"2020-10-10T12:02:27","date_gmt":"2020-10-10T10:02:27","guid":{"rendered":"https:\/\/www.jousse-entreprise.com\/art-contemporain\/?post_type=expositions&#038;p=12644"},"modified":"2020-11-17T18:56:35","modified_gmt":"2020-11-17T17:56:35","slug":"ni-la-neige-ni-la-pluie-ni-lobscurite","status":"publish","type":"expositions","link":"https:\/\/www.jousse-entreprise.com\/art-contemporain\/en\/expositions\/ni-la-neige-ni-la-pluie-ni-lobscurite\/","title":{"rendered":"ni la neige ni la pluie ni l&rsquo;obscurit\u00e9"},"content":{"rendered":"<p>Anne-Charlotte Finel | Ange Leccia | Jean-Luc Vilmouth<\/p>\n<p class=\"p1\">With <i>ni la neige ni la pluie ni l\u2019obscurit\u00e9<\/i> [<i>neither snow nor rain nor darkness]<\/i>, the Jousse Entreprise gallery is inviting Anne-Charlotte Finel and Ange Leccia to dialogue with works of Jean-Luc Vilmouth.<br \/>\nSomewhere between history and science, the world\u2019s din and nature\u2019s enigmas, the brief of this show is to weave material and perceptible bonds between the differing proposals, the better to grasp the confusion of our day and age, and get away from the transparent system of communication.<\/p>\n<p class=\"p3\"><span class=\"s1\">Fabien Danesi<br \/>\n<\/span>translated from the French by Simon Pleasance<\/p>\n<p>Photos: J\u00e9r\u00f4me Michel<\/p>\n","protected":false},"featured_media":12674,"menu_order":0,"template":"","class_list":["post-12644","expositions","type-expositions","status-publish","has-post-thumbnail","hentry"],"yoast_head":"<!-- This site is optimized with the Yoast SEO plugin v27.4 - https:\/\/yoast.com\/product\/yoast-seo-wordpress\/ -->\n<title>ANNE-CHARLOTTE FINEL, ANGE LECCIA, JEAN-LUC VILMOUTH | ni la neige ni la pluie ni l&#039;obscurit\u00e9 | Jousse-entreprise | Art Contemporain<\/title>\n<meta name=\"description\" content=\"Anne-Charlotte Finel, Ange Leccia, Jean-Luc Vilmouth, &quot;ni la neige ni la pluie ni l&#039;obscurit\u00e9&quot;, 17.10.2020 - 12.12.2020 - galerie Jousse Entreprise, Paris\" class=\"yoast-seo-meta-tag\" \/>\n<meta name=\"robots\" content=\"index, follow, max-snippet:-1, max-image-preview:large, max-video-preview:-1\" \/>\n<link rel=\"canonical\" href=\"https:\/\/www.jousse-entreprise.com\/art-contemporain\/en\/expositions\/ni-la-neige-ni-la-pluie-ni-lobscurite\/\" class=\"yoast-seo-meta-tag\" \/>\n<meta property=\"og:locale\" content=\"fr_FR\" class=\"yoast-seo-meta-tag\" \/>\n<meta property=\"og:type\" content=\"article\" class=\"yoast-seo-meta-tag\" \/>\n<meta property=\"og:title\" content=\"ANNE-CHARLOTTE FINEL, ANGE LECCIA, JEAN-LUC VILMOUTH | ni la neige ni la pluie ni l&#039;obscurit\u00e9 | Jousse-entreprise | Art Contemporain\" class=\"yoast-seo-meta-tag\" \/>\n<meta property=\"og:description\" content=\"Anne-Charlotte Finel, Ange Leccia, Jean-Luc Vilmouth, &quot;ni la neige ni la pluie ni l&#039;obscurit\u00e9&quot;, 17.10.2020 - 12.12.2020 - galerie Jousse Entreprise, Paris\" class=\"yoast-seo-meta-tag\" \/>\n<meta property=\"og:url\" content=\"https:\/\/www.jousse-entreprise.com\/art-contemporain\/en\/expositions\/ni-la-neige-ni-la-pluie-ni-lobscurite\/\" class=\"yoast-seo-meta-tag\" \/>\n<meta property=\"og:site_name\" content=\"Jousse-entreprise | Art Contemporain\" class=\"yoast-seo-meta-tag\" \/>\n<meta property=\"article:modified_time\" content=\"2020-11-17T17:56:35+00:00\" class=\"yoast-seo-meta-tag\" \/>\n<meta property=\"og:image\" content=\"https:\/\/www.jousse-entreprise.com\/art-contemporain\/wp-content\/uploads\/sites\/4\/2020\/10\/ni-la-neige-ni-la-pluie-ni-l\u2019obscurite\u0301_2020_cre\u0301dit-Je\u0301ro\u0302me-Michel_3.jpg\" class=\"yoast-seo-meta-tag\" \/>\n\t<meta property=\"og:image:width\" content=\"1600\" class=\"yoast-seo-meta-tag\" \/>\n\t<meta property=\"og:image:height\" content=\"1068\" class=\"yoast-seo-meta-tag\" \/>\n\t<meta property=\"og:image:type\" content=\"image\/jpeg\" class=\"yoast-seo-meta-tag\" \/>\n<meta name=\"twitter:card\" content=\"summary_large_image\" class=\"yoast-seo-meta-tag\" \/>\n<meta name=\"twitter:label1\" content=\"Dur\u00e9e de lecture estim\u00e9e\" class=\"yoast-seo-meta-tag\" \/>\n\t<meta name=\"twitter:data1\" content=\"1 minute\" class=\"yoast-seo-meta-tag\" \/>\n<script type=\"application\/ld+json\" class=\"yoast-schema-graph\">{\"@context\":\"https:\\\/\\\/schema.org\",\"@graph\":[{\"@type\":\"WebPage\",\"@id\":\"https:\\\/\\\/www.jousse-entreprise.com\\\/art-contemporain\\\/en\\\/expositions\\\/ni-la-neige-ni-la-pluie-ni-lobscurite\\\/\",\"url\":\"https:\\\/\\\/www.jousse-entreprise.com\\\/art-contemporain\\\/en\\\/expositions\\\/ni-la-neige-ni-la-pluie-ni-lobscurite\\\/\",\"name\":\"ANNE-CHARLOTTE FINEL, ANGE LECCIA, JEAN-LUC VILMOUTH | ni la neige ni la pluie ni l'obscurit\u00e9 | Jousse-entreprise | Art Contemporain\",\"isPartOf\":{\"@id\":\"https:\\\/\\\/www.jousse-entreprise.com\\\/art-contemporain\\\/#website\"},\"primaryImageOfPage\":{\"@id\":\"https:\\\/\\\/www.jousse-entreprise.com\\\/art-contemporain\\\/en\\\/expositions\\\/ni-la-neige-ni-la-pluie-ni-lobscurite\\\/#primaryimage\"},\"image\":{\"@id\":\"https:\\\/\\\/www.jousse-entreprise.com\\\/art-contemporain\\\/en\\\/expositions\\\/ni-la-neige-ni-la-pluie-ni-lobscurite\\\/#primaryimage\"},\"thumbnailUrl\":\"https:\\\/\\\/www.jousse-entreprise.com\\\/art-contemporain\\\/wp-content\\\/uploads\\\/sites\\\/4\\\/2020\\\/10\\\/ni-la-neige-ni-la-pluie-ni-l\u2019obscurite\u0301_2020_cre\u0301dit-Je\u0301ro\u0302me-Michel_3.jpg\",\"datePublished\":\"2020-10-10T10:02:27+00:00\",\"dateModified\":\"2020-11-17T17:56:35+00:00\",\"description\":\"Anne-Charlotte Finel, Ange Leccia, Jean-Luc Vilmouth, \\\"ni la neige ni la pluie ni l'obscurit\u00e9\\\", 17.10.2020 - 12.12.2020 - galerie Jousse Entreprise, Paris\",\"breadcrumb\":{\"@id\":\"https:\\\/\\\/www.jousse-entreprise.com\\\/art-contemporain\\\/en\\\/expositions\\\/ni-la-neige-ni-la-pluie-ni-lobscurite\\\/#breadcrumb\"},\"inLanguage\":\"fr-FR\",\"potentialAction\":[{\"@type\":\"ReadAction\",\"target\":[\"https:\\\/\\\/www.jousse-entreprise.com\\\/art-contemporain\\\/en\\\/expositions\\\/ni-la-neige-ni-la-pluie-ni-lobscurite\\\/\"]}]},{\"@type\":\"ImageObject\",\"inLanguage\":\"fr-FR\",\"@id\":\"https:\\\/\\\/www.jousse-entreprise.com\\\/art-contemporain\\\/en\\\/expositions\\\/ni-la-neige-ni-la-pluie-ni-lobscurite\\\/#primaryimage\",\"url\":\"https:\\\/\\\/www.jousse-entreprise.com\\\/art-contemporain\\\/wp-content\\\/uploads\\\/sites\\\/4\\\/2020\\\/10\\\/ni-la-neige-ni-la-pluie-ni-l\u2019obscurite\u0301_2020_cre\u0301dit-Je\u0301ro\u0302me-Michel_3.jpg\",\"contentUrl\":\"https:\\\/\\\/www.jousse-entreprise.com\\\/art-contemporain\\\/wp-content\\\/uploads\\\/sites\\\/4\\\/2020\\\/10\\\/ni-la-neige-ni-la-pluie-ni-l\u2019obscurite\u0301_2020_cre\u0301dit-Je\u0301ro\u0302me-Michel_3.jpg\",\"width\":1600,\"height\":1068,\"caption\":\"Exposition \\\"ni la neige ni la pluie ni l\u2019obscurit\u00e9\\\"Anne-Charlotte Finel | Ange Leccia | Jean-Luc VilmouthGalerie Jousse EntrepriseCr\u00e9dit photo : J\u00e9r\u00f4me MICHEL\"},{\"@type\":\"BreadcrumbList\",\"@id\":\"https:\\\/\\\/www.jousse-entreprise.com\\\/art-contemporain\\\/en\\\/expositions\\\/ni-la-neige-ni-la-pluie-ni-lobscurite\\\/#breadcrumb\",\"itemListElement\":[{\"@type\":\"ListItem\",\"position\":1,\"name\":\"Accueil\",\"item\":\"https:\\\/\\\/www.jousse-entreprise.com\\\/art-contemporain\\\/fr\\\/\"},{\"@type\":\"ListItem\",\"position\":2,\"name\":\"Expositions\",\"item\":\"https:\\\/\\\/www.jousse-entreprise.com\\\/art-contemporain\\\/fr\\\/expositions\\\/\"},{\"@type\":\"ListItem\",\"position\":3,\"name\":\"ni la neige ni la pluie ni l&#8217;obscurit\u00e9\"}]},{\"@type\":\"WebSite\",\"@id\":\"https:\\\/\\\/www.jousse-entreprise.com\\\/art-contemporain\\\/#website\",\"url\":\"https:\\\/\\\/www.jousse-entreprise.com\\\/art-contemporain\\\/\",\"name\":\"Jousse-entreprise | Art Contemporain\",\"description\":\"\",\"publisher\":{\"@id\":\"https:\\\/\\\/www.jousse-entreprise.com\\\/art-contemporain\\\/#organization\"},\"potentialAction\":[{\"@type\":\"SearchAction\",\"target\":{\"@type\":\"EntryPoint\",\"urlTemplate\":\"https:\\\/\\\/www.jousse-entreprise.com\\\/art-contemporain\\\/?s={search_term_string}\"},\"query-input\":{\"@type\":\"PropertyValueSpecification\",\"valueRequired\":true,\"valueName\":\"search_term_string\"}}],\"inLanguage\":\"fr-FR\"},{\"@type\":\"Organization\",\"@id\":\"https:\\\/\\\/www.jousse-entreprise.com\\\/art-contemporain\\\/#organization\",\"name\":\"Jousse-entreprise | Art Contemporain\",\"url\":\"https:\\\/\\\/www.jousse-entreprise.com\\\/art-contemporain\\\/\",\"logo\":{\"@type\":\"ImageObject\",\"inLanguage\":\"fr-FR\",\"@id\":\"https:\\\/\\\/www.jousse-entreprise.com\\\/art-contemporain\\\/#\\\/schema\\\/logo\\\/image\\\/\",\"url\":\"https:\\\/\\\/www.jousse-entreprise.com\\\/art-contemporain\\\/wp-content\\\/uploads\\\/sites\\\/4\\\/2019\\\/01\\\/logoret.jpg\",\"contentUrl\":\"https:\\\/\\\/www.jousse-entreprise.com\\\/art-contemporain\\\/wp-content\\\/uploads\\\/sites\\\/4\\\/2019\\\/01\\\/logoret.jpg\",\"width\":500,\"height\":200,\"caption\":\"Jousse-entreprise | Art Contemporain\"},\"image\":{\"@id\":\"https:\\\/\\\/www.jousse-entreprise.com\\\/art-contemporain\\\/#\\\/schema\\\/logo\\\/image\\\/\"},\"sameAs\":[\"https:\\\/\\\/www.instagram.com\\\/galeriejousseentreprise\\\/\"]}]}<\/script>\n<!-- \/ Yoast SEO plugin. -->","yoast_head_json":{"title":"ANNE-CHARLOTTE FINEL, ANGE LECCIA, JEAN-LUC VILMOUTH | ni la neige ni la pluie ni l'obscurit\u00e9 | Jousse-entreprise | Art Contemporain","description":"Anne-Charlotte Finel, Ange Leccia, Jean-Luc Vilmouth, \"ni la neige ni la pluie ni l'obscurit\u00e9\", 17.10.2020 - 12.12.2020 - galerie Jousse Entreprise, Paris","robots":{"index":"index","follow":"follow","max-snippet":"max-snippet:-1","max-image-preview":"max-image-preview:large","max-video-preview":"max-video-preview:-1"},"canonical":"https:\/\/www.jousse-entreprise.com\/art-contemporain\/en\/expositions\/ni-la-neige-ni-la-pluie-ni-lobscurite\/","og_locale":"fr_FR","og_type":"article","og_title":"ANNE-CHARLOTTE FINEL, ANGE LECCIA, JEAN-LUC VILMOUTH | ni la neige ni la pluie ni l'obscurit\u00e9 | Jousse-entreprise | Art Contemporain","og_description":"Anne-Charlotte Finel, Ange Leccia, Jean-Luc Vilmouth, \"ni la neige ni la pluie ni l'obscurit\u00e9\", 17.10.2020 - 12.12.2020 - galerie Jousse Entreprise, Paris","og_url":"https:\/\/www.jousse-entreprise.com\/art-contemporain\/en\/expositions\/ni-la-neige-ni-la-pluie-ni-lobscurite\/","og_site_name":"Jousse-entreprise | Art Contemporain","article_modified_time":"2020-11-17T17:56:35+00:00","og_image":[{"width":1600,"height":1068,"url":"https:\/\/www.jousse-entreprise.com\/art-contemporain\/wp-content\/uploads\/sites\/4\/2020\/10\/ni-la-neige-ni-la-pluie-ni-l\u2019obscurite\u0301_2020_cre\u0301dit-Je\u0301ro\u0302me-Michel_3.jpg","type":"image\/jpeg"}],"twitter_card":"summary_large_image","twitter_misc":{"Dur\u00e9e de lecture estim\u00e9e":"1 minute"},"schema":{"@context":"https:\/\/schema.org","@graph":[{"@type":"WebPage","@id":"https:\/\/www.jousse-entreprise.com\/art-contemporain\/en\/expositions\/ni-la-neige-ni-la-pluie-ni-lobscurite\/","url":"https:\/\/www.jousse-entreprise.com\/art-contemporain\/en\/expositions\/ni-la-neige-ni-la-pluie-ni-lobscurite\/","name":"ANNE-CHARLOTTE FINEL, ANGE LECCIA, JEAN-LUC VILMOUTH | ni la neige ni la pluie ni l'obscurit\u00e9 | Jousse-entreprise | Art Contemporain","isPartOf":{"@id":"https:\/\/www.jousse-entreprise.com\/art-contemporain\/#website"},"primaryImageOfPage":{"@id":"https:\/\/www.jousse-entreprise.com\/art-contemporain\/en\/expositions\/ni-la-neige-ni-la-pluie-ni-lobscurite\/#primaryimage"},"image":{"@id":"https:\/\/www.jousse-entreprise.com\/art-contemporain\/en\/expositions\/ni-la-neige-ni-la-pluie-ni-lobscurite\/#primaryimage"},"thumbnailUrl":"https:\/\/www.jousse-entreprise.com\/art-contemporain\/wp-content\/uploads\/sites\/4\/2020\/10\/ni-la-neige-ni-la-pluie-ni-l\u2019obscurite\u0301_2020_cre\u0301dit-Je\u0301ro\u0302me-Michel_3.jpg","datePublished":"2020-10-10T10:02:27+00:00","dateModified":"2020-11-17T17:56:35+00:00","description":"Anne-Charlotte Finel, Ange Leccia, Jean-Luc Vilmouth, \"ni la neige ni la pluie ni l'obscurit\u00e9\", 17.10.2020 - 12.12.2020 - galerie Jousse Entreprise, Paris","breadcrumb":{"@id":"https:\/\/www.jousse-entreprise.com\/art-contemporain\/en\/expositions\/ni-la-neige-ni-la-pluie-ni-lobscurite\/#breadcrumb"},"inLanguage":"fr-FR","potentialAction":[{"@type":"ReadAction","target":["https:\/\/www.jousse-entreprise.com\/art-contemporain\/en\/expositions\/ni-la-neige-ni-la-pluie-ni-lobscurite\/"]}]},{"@type":"ImageObject","inLanguage":"fr-FR","@id":"https:\/\/www.jousse-entreprise.com\/art-contemporain\/en\/expositions\/ni-la-neige-ni-la-pluie-ni-lobscurite\/#primaryimage","url":"https:\/\/www.jousse-entreprise.com\/art-contemporain\/wp-content\/uploads\/sites\/4\/2020\/10\/ni-la-neige-ni-la-pluie-ni-l\u2019obscurite\u0301_2020_cre\u0301dit-Je\u0301ro\u0302me-Michel_3.jpg","contentUrl":"https:\/\/www.jousse-entreprise.com\/art-contemporain\/wp-content\/uploads\/sites\/4\/2020\/10\/ni-la-neige-ni-la-pluie-ni-l\u2019obscurite\u0301_2020_cre\u0301dit-Je\u0301ro\u0302me-Michel_3.jpg","width":1600,"height":1068,"caption":"Exposition \"ni la neige ni la pluie ni l\u2019obscurit\u00e9\"Anne-Charlotte Finel | Ange Leccia | Jean-Luc VilmouthGalerie Jousse EntrepriseCr\u00e9dit photo : J\u00e9r\u00f4me MICHEL"},{"@type":"BreadcrumbList","@id":"https:\/\/www.jousse-entreprise.com\/art-contemporain\/en\/expositions\/ni-la-neige-ni-la-pluie-ni-lobscurite\/#breadcrumb","itemListElement":[{"@type":"ListItem","position":1,"name":"Accueil","item":"https:\/\/www.jousse-entreprise.com\/art-contemporain\/fr\/"},{"@type":"ListItem","position":2,"name":"Expositions","item":"https:\/\/www.jousse-entreprise.com\/art-contemporain\/fr\/expositions\/"},{"@type":"ListItem","position":3,"name":"ni la neige ni la pluie ni l&#8217;obscurit\u00e9"}]},{"@type":"WebSite","@id":"https:\/\/www.jousse-entreprise.com\/art-contemporain\/#website","url":"https:\/\/www.jousse-entreprise.com\/art-contemporain\/","name":"Jousse-entreprise | Art Contemporain","description":"","publisher":{"@id":"https:\/\/www.jousse-entreprise.com\/art-contemporain\/#organization"},"potentialAction":[{"@type":"SearchAction","target":{"@type":"EntryPoint","urlTemplate":"https:\/\/www.jousse-entreprise.com\/art-contemporain\/?s={search_term_string}"},"query-input":{"@type":"PropertyValueSpecification","valueRequired":true,"valueName":"search_term_string"}}],"inLanguage":"fr-FR"},{"@type":"Organization","@id":"https:\/\/www.jousse-entreprise.com\/art-contemporain\/#organization","name":"Jousse-entreprise | Art Contemporain","url":"https:\/\/www.jousse-entreprise.com\/art-contemporain\/","logo":{"@type":"ImageObject","inLanguage":"fr-FR","@id":"https:\/\/www.jousse-entreprise.com\/art-contemporain\/#\/schema\/logo\/image\/","url":"https:\/\/www.jousse-entreprise.com\/art-contemporain\/wp-content\/uploads\/sites\/4\/2019\/01\/logoret.jpg","contentUrl":"https:\/\/www.jousse-entreprise.com\/art-contemporain\/wp-content\/uploads\/sites\/4\/2019\/01\/logoret.jpg","width":500,"height":200,"caption":"Jousse-entreprise | Art Contemporain"},"image":{"@id":"https:\/\/www.jousse-entreprise.com\/art-contemporain\/#\/schema\/logo\/image\/"},"sameAs":["https:\/\/www.instagram.com\/galeriejousseentreprise\/"]}]}},"_links":{"self":[{"href":"https:\/\/www.jousse-entreprise.com\/art-contemporain\/wp-json\/wp\/v2\/expositions\/12644","targetHints":{"allow":["GET"]}}],"collection":[{"href":"https:\/\/www.jousse-entreprise.com\/art-contemporain\/wp-json\/wp\/v2\/expositions"}],"about":[{"href":"https:\/\/www.jousse-entreprise.com\/art-contemporain\/wp-json\/wp\/v2\/types\/expositions"}],"version-history":[{"count":12,"href":"https:\/\/www.jousse-entreprise.com\/art-contemporain\/wp-json\/wp\/v2\/expositions\/12644\/revisions"}],"predecessor-version":[{"id":12646,"href":"https:\/\/www.jousse-entreprise.com\/art-contemporain\/wp-json\/wp\/v2\/expositions\/12644\/revisions\/12646"}],"wp:featuredmedia":[{"embeddable":true,"href":"https:\/\/www.jousse-entreprise.com\/art-contemporain\/wp-json\/wp\/v2\/media\/12674"}],"wp:attachment":[{"href":"https:\/\/www.jousse-entreprise.com\/art-contemporain\/wp-json\/wp\/v2\/media?parent=12644"}],"curies":[{"name":"wp","href":"https:\/\/api.w.org\/{rel}","templated":true}]}}