{"id":1745,"date":"2019-03-06T17:18:37","date_gmt":"2019-03-06T16:18:37","guid":{"rendered":"https:\/\/www.jousse-entreprise.com\/art-contemporain\/?post_type=artistes&#038;p=1745"},"modified":"2020-11-17T18:58:25","modified_gmt":"2020-11-17T17:58:25","slug":"claude-bellegarde","status":"publish","type":"artistes","link":"https:\/\/www.jousse-entreprise.com\/art-contemporain\/fr\/artistes\/claude-bellegarde\/","title":{"rendered":"CLAUDE BELLEGARDE"},"content":{"rendered":"<p class=\"notice\">N\u00e9 en 1927 \u00e0 Paris<br \/>\nVit et travaille \u00e0 Paris<br \/>\n<a href=\"https:\/\/www.claudebellegarde.com\/\">https:\/\/www.claudebellegarde.com\/<\/a><\/p>\n<p>&nbsp;<\/p>\n<div id=\"comp-ijfd0w0d\" class=\"txtNew\" data-packed=\"true\">\n<p>Claude Bellegarde a v\u00e9cu une enfance difficile \u00e0 Maisons-Laffitte sous l&rsquo;occupation. \u00c0 la fin de la guerre, en 1945, apr\u00e8s une ann\u00e9e d&rsquo;\u00e9tudes pass\u00e9e dans un atelier, il rencontre Lanza del Vasto (disciple de Gandhi, \u00e9crivain, po\u00e8te, dessinateur, musicien) et adh\u00e8re \u00e0 sa communaut\u00e9 spirituelle. Plus tard il fr\u00e9quentera le cercle Gurdjeff, dont une des cellules est dirig\u00e9e par la veuve de Ren\u00e9 Daumal, puis il poursuit seul son initiation en \u00e9tudiant la philosophie de Krisnamurti.<\/p>\n<p>Il part ensuite vagabonder dans les Alpes o\u00f9 il \u00e9prouve une fascination pour le blanc. De retour \u00e0 Paris, commence une p\u00e9riode d&rsquo;\u00e9preuves. Divers emplois alternent avec ses premiers essais en peinture : des toiles abstraites, tachistes color\u00e9es. Ce sont ces \u0153uvres qu&rsquo;il montre pour la premi\u00e8re fois au Salon d&rsquo;Octobre en 1952 et \u00e0 sa premi\u00e8re exposition personnelle au Centre St Jacques \u00e0 Paris. Tomb\u00e9 malade, il entre dans un sanatorium en Suisse o\u00f9 il peint alors sans contrainte. L&rsquo;environnement blanc efface progressivement la couleur et restreint le geste.<\/p>\n<\/div>\n","protected":false},"featured_media":1772,"menu_order":3,"template":"","class_list":["post-1745","artistes","type-artistes","status-publish","has-post-thumbnail","hentry"],"yoast_head":"<!-- This site is optimized with the Yoast SEO plugin v27.4 - https:\/\/yoast.com\/product\/yoast-seo-wordpress\/ -->\n<title>CLAUDE BELLEGARDE - Jousse-entreprise | Art Contemporain<\/title>\n<meta name=\"robots\" content=\"index, follow, max-snippet:-1, max-image-preview:large, max-video-preview:-1\" \/>\n<link rel=\"canonical\" href=\"https:\/\/www.jousse-entreprise.com\/art-contemporain\/fr\/artistes\/claude-bellegarde\/\" class=\"yoast-seo-meta-tag\" \/>\n<meta property=\"og:locale\" content=\"fr_FR\" class=\"yoast-seo-meta-tag\" \/>\n<meta property=\"og:type\" content=\"article\" class=\"yoast-seo-meta-tag\" \/>\n<meta property=\"og:title\" content=\"CLAUDE BELLEGARDE - Jousse-entreprise | Art Contemporain\" class=\"yoast-seo-meta-tag\" \/>\n<meta property=\"og:description\" content=\"N\u00e9 en 1927 \u00e0 Paris Vit et travaille \u00e0 Paris https:\/\/www.claudebellegarde.com\/ &nbsp; Claude Bellegarde a v\u00e9cu une enfance difficile \u00e0 Maisons-Laffitte sous l&rsquo;occupation. \u00c0 la fin de la guerre, en 1945, apr\u00e8s une ann\u00e9e d&rsquo;\u00e9tudes pass\u00e9e dans un atelier, il rencontre Lanza del Vasto (disciple de Gandhi, \u00e9crivain, po\u00e8te, dessinateur, musicien) et adh\u00e8re \u00e0 sa [&hellip;]\" class=\"yoast-seo-meta-tag\" \/>\n<meta property=\"og:url\" content=\"https:\/\/www.jousse-entreprise.com\/art-contemporain\/fr\/artistes\/claude-bellegarde\/\" class=\"yoast-seo-meta-tag\" \/>\n<meta property=\"og:site_name\" content=\"Jousse-entreprise | Art Contemporain\" class=\"yoast-seo-meta-tag\" \/>\n<meta property=\"article:modified_time\" content=\"2020-11-17T17:58:25+00:00\" class=\"yoast-seo-meta-tag\" \/>\n<meta property=\"og:image\" content=\"https:\/\/www.jousse-entreprise.com\/art-contemporain\/wp-content\/uploads\/sites\/4\/2019\/03\/Claude_Bellegarde.jpg\" class=\"yoast-seo-meta-tag\" \/>\n\t<meta property=\"og:image:width\" content=\"900\" class=\"yoast-seo-meta-tag\" \/>\n\t<meta property=\"og:image:height\" content=\"800\" class=\"yoast-seo-meta-tag\" \/>\n\t<meta property=\"og:image:type\" content=\"image\/jpeg\" class=\"yoast-seo-meta-tag\" \/>\n<meta name=\"twitter:card\" content=\"summary_large_image\" class=\"yoast-seo-meta-tag\" \/>\n<meta name=\"twitter:label1\" content=\"Dur\u00e9e de lecture estim\u00e9e\" class=\"yoast-seo-meta-tag\" \/>\n\t<meta name=\"twitter:data1\" content=\"1 minute\" class=\"yoast-seo-meta-tag\" \/>\n<script type=\"application\/ld+json\" class=\"yoast-schema-graph\">{\"@context\":\"https:\\\/\\\/schema.org\",\"@graph\":[{\"@type\":\"WebPage\",\"@id\":\"https:\\\/\\\/www.jousse-entreprise.com\\\/art-contemporain\\\/fr\\\/artistes\\\/claude-bellegarde\\\/\",\"url\":\"https:\\\/\\\/www.jousse-entreprise.com\\\/art-contemporain\\\/fr\\\/artistes\\\/claude-bellegarde\\\/\",\"name\":\"CLAUDE BELLEGARDE - Jousse-entreprise | Art Contemporain\",\"isPartOf\":{\"@id\":\"https:\\\/\\\/www.jousse-entreprise.com\\\/art-contemporain\\\/#website\"},\"primaryImageOfPage\":{\"@id\":\"https:\\\/\\\/www.jousse-entreprise.com\\\/art-contemporain\\\/fr\\\/artistes\\\/claude-bellegarde\\\/#primaryimage\"},\"image\":{\"@id\":\"https:\\\/\\\/www.jousse-entreprise.com\\\/art-contemporain\\\/fr\\\/artistes\\\/claude-bellegarde\\\/#primaryimage\"},\"thumbnailUrl\":\"https:\\\/\\\/www.jousse-entreprise.com\\\/art-contemporain\\\/wp-content\\\/uploads\\\/sites\\\/4\\\/2019\\\/03\\\/Claude_Bellegarde.jpg\",\"datePublished\":\"2019-03-06T16:18:37+00:00\",\"dateModified\":\"2020-11-17T17:58:25+00:00\",\"breadcrumb\":{\"@id\":\"https:\\\/\\\/www.jousse-entreprise.com\\\/art-contemporain\\\/fr\\\/artistes\\\/claude-bellegarde\\\/#breadcrumb\"},\"inLanguage\":\"fr-FR\",\"potentialAction\":[{\"@type\":\"ReadAction\",\"target\":[\"https:\\\/\\\/www.jousse-entreprise.com\\\/art-contemporain\\\/fr\\\/artistes\\\/claude-bellegarde\\\/\"]}]},{\"@type\":\"ImageObject\",\"inLanguage\":\"fr-FR\",\"@id\":\"https:\\\/\\\/www.jousse-entreprise.com\\\/art-contemporain\\\/fr\\\/artistes\\\/claude-bellegarde\\\/#primaryimage\",\"url\":\"https:\\\/\\\/www.jousse-entreprise.com\\\/art-contemporain\\\/wp-content\\\/uploads\\\/sites\\\/4\\\/2019\\\/03\\\/Claude_Bellegarde.jpg\",\"contentUrl\":\"https:\\\/\\\/www.jousse-entreprise.com\\\/art-contemporain\\\/wp-content\\\/uploads\\\/sites\\\/4\\\/2019\\\/03\\\/Claude_Bellegarde.jpg\",\"width\":900,\"height\":800,\"caption\":\"Claude Bellegarde\"},{\"@type\":\"BreadcrumbList\",\"@id\":\"https:\\\/\\\/www.jousse-entreprise.com\\\/art-contemporain\\\/fr\\\/artistes\\\/claude-bellegarde\\\/#breadcrumb\",\"itemListElement\":[{\"@type\":\"ListItem\",\"position\":1,\"name\":\"Accueil\",\"item\":\"https:\\\/\\\/www.jousse-entreprise.com\\\/art-contemporain\\\/fr\\\/\"},{\"@type\":\"ListItem\",\"position\":2,\"name\":\"Artists\",\"item\":\"https:\\\/\\\/www.jousse-entreprise.com\\\/art-contemporain\\\/en\\\/artistes\\\/\"},{\"@type\":\"ListItem\",\"position\":3,\"name\":\"CLAUDE BELLEGARDE\"}]},{\"@type\":\"WebSite\",\"@id\":\"https:\\\/\\\/www.jousse-entreprise.com\\\/art-contemporain\\\/#website\",\"url\":\"https:\\\/\\\/www.jousse-entreprise.com\\\/art-contemporain\\\/\",\"name\":\"Jousse-entreprise | Art Contemporain\",\"description\":\"\",\"publisher\":{\"@id\":\"https:\\\/\\\/www.jousse-entreprise.com\\\/art-contemporain\\\/#organization\"},\"potentialAction\":[{\"@type\":\"SearchAction\",\"target\":{\"@type\":\"EntryPoint\",\"urlTemplate\":\"https:\\\/\\\/www.jousse-entreprise.com\\\/art-contemporain\\\/?s={search_term_string}\"},\"query-input\":{\"@type\":\"PropertyValueSpecification\",\"valueRequired\":true,\"valueName\":\"search_term_string\"}}],\"inLanguage\":\"fr-FR\"},{\"@type\":\"Organization\",\"@id\":\"https:\\\/\\\/www.jousse-entreprise.com\\\/art-contemporain\\\/#organization\",\"name\":\"Jousse-entreprise | Art Contemporain\",\"url\":\"https:\\\/\\\/www.jousse-entreprise.com\\\/art-contemporain\\\/\",\"logo\":{\"@type\":\"ImageObject\",\"inLanguage\":\"fr-FR\",\"@id\":\"https:\\\/\\\/www.jousse-entreprise.com\\\/art-contemporain\\\/#\\\/schema\\\/logo\\\/image\\\/\",\"url\":\"https:\\\/\\\/www.jousse-entreprise.com\\\/art-contemporain\\\/wp-content\\\/uploads\\\/sites\\\/4\\\/2019\\\/01\\\/logoret.jpg\",\"contentUrl\":\"https:\\\/\\\/www.jousse-entreprise.com\\\/art-contemporain\\\/wp-content\\\/uploads\\\/sites\\\/4\\\/2019\\\/01\\\/logoret.jpg\",\"width\":500,\"height\":200,\"caption\":\"Jousse-entreprise | Art Contemporain\"},\"image\":{\"@id\":\"https:\\\/\\\/www.jousse-entreprise.com\\\/art-contemporain\\\/#\\\/schema\\\/logo\\\/image\\\/\"},\"sameAs\":[\"https:\\\/\\\/www.instagram.com\\\/galeriejousseentreprise\\\/\"]}]}<\/script>\n<!-- \/ Yoast SEO plugin. -->","yoast_head_json":{"title":"CLAUDE BELLEGARDE - Jousse-entreprise | Art Contemporain","robots":{"index":"index","follow":"follow","max-snippet":"max-snippet:-1","max-image-preview":"max-image-preview:large","max-video-preview":"max-video-preview:-1"},"canonical":"https:\/\/www.jousse-entreprise.com\/art-contemporain\/fr\/artistes\/claude-bellegarde\/","og_locale":"fr_FR","og_type":"article","og_title":"CLAUDE BELLEGARDE - Jousse-entreprise | Art Contemporain","og_description":"N\u00e9 en 1927 \u00e0 Paris Vit et travaille \u00e0 Paris https:\/\/www.claudebellegarde.com\/ &nbsp; Claude Bellegarde a v\u00e9cu une enfance difficile \u00e0 Maisons-Laffitte sous l&rsquo;occupation. \u00c0 la fin de la guerre, en 1945, apr\u00e8s une ann\u00e9e d&rsquo;\u00e9tudes pass\u00e9e dans un atelier, il rencontre Lanza del Vasto (disciple de Gandhi, \u00e9crivain, po\u00e8te, dessinateur, musicien) et adh\u00e8re \u00e0 sa [&hellip;]","og_url":"https:\/\/www.jousse-entreprise.com\/art-contemporain\/fr\/artistes\/claude-bellegarde\/","og_site_name":"Jousse-entreprise | Art Contemporain","article_modified_time":"2020-11-17T17:58:25+00:00","og_image":[{"width":900,"height":800,"url":"https:\/\/www.jousse-entreprise.com\/art-contemporain\/wp-content\/uploads\/sites\/4\/2019\/03\/Claude_Bellegarde.jpg","type":"image\/jpeg"}],"twitter_card":"summary_large_image","twitter_misc":{"Dur\u00e9e de lecture estim\u00e9e":"1 minute"},"schema":{"@context":"https:\/\/schema.org","@graph":[{"@type":"WebPage","@id":"https:\/\/www.jousse-entreprise.com\/art-contemporain\/fr\/artistes\/claude-bellegarde\/","url":"https:\/\/www.jousse-entreprise.com\/art-contemporain\/fr\/artistes\/claude-bellegarde\/","name":"CLAUDE BELLEGARDE - Jousse-entreprise | Art Contemporain","isPartOf":{"@id":"https:\/\/www.jousse-entreprise.com\/art-contemporain\/#website"},"primaryImageOfPage":{"@id":"https:\/\/www.jousse-entreprise.com\/art-contemporain\/fr\/artistes\/claude-bellegarde\/#primaryimage"},"image":{"@id":"https:\/\/www.jousse-entreprise.com\/art-contemporain\/fr\/artistes\/claude-bellegarde\/#primaryimage"},"thumbnailUrl":"https:\/\/www.jousse-entreprise.com\/art-contemporain\/wp-content\/uploads\/sites\/4\/2019\/03\/Claude_Bellegarde.jpg","datePublished":"2019-03-06T16:18:37+00:00","dateModified":"2020-11-17T17:58:25+00:00","breadcrumb":{"@id":"https:\/\/www.jousse-entreprise.com\/art-contemporain\/fr\/artistes\/claude-bellegarde\/#breadcrumb"},"inLanguage":"fr-FR","potentialAction":[{"@type":"ReadAction","target":["https:\/\/www.jousse-entreprise.com\/art-contemporain\/fr\/artistes\/claude-bellegarde\/"]}]},{"@type":"ImageObject","inLanguage":"fr-FR","@id":"https:\/\/www.jousse-entreprise.com\/art-contemporain\/fr\/artistes\/claude-bellegarde\/#primaryimage","url":"https:\/\/www.jousse-entreprise.com\/art-contemporain\/wp-content\/uploads\/sites\/4\/2019\/03\/Claude_Bellegarde.jpg","contentUrl":"https:\/\/www.jousse-entreprise.com\/art-contemporain\/wp-content\/uploads\/sites\/4\/2019\/03\/Claude_Bellegarde.jpg","width":900,"height":800,"caption":"Claude Bellegarde"},{"@type":"BreadcrumbList","@id":"https:\/\/www.jousse-entreprise.com\/art-contemporain\/fr\/artistes\/claude-bellegarde\/#breadcrumb","itemListElement":[{"@type":"ListItem","position":1,"name":"Accueil","item":"https:\/\/www.jousse-entreprise.com\/art-contemporain\/fr\/"},{"@type":"ListItem","position":2,"name":"Artists","item":"https:\/\/www.jousse-entreprise.com\/art-contemporain\/en\/artistes\/"},{"@type":"ListItem","position":3,"name":"CLAUDE BELLEGARDE"}]},{"@type":"WebSite","@id":"https:\/\/www.jousse-entreprise.com\/art-contemporain\/#website","url":"https:\/\/www.jousse-entreprise.com\/art-contemporain\/","name":"Jousse-entreprise | Art Contemporain","description":"","publisher":{"@id":"https:\/\/www.jousse-entreprise.com\/art-contemporain\/#organization"},"potentialAction":[{"@type":"SearchAction","target":{"@type":"EntryPoint","urlTemplate":"https:\/\/www.jousse-entreprise.com\/art-contemporain\/?s={search_term_string}"},"query-input":{"@type":"PropertyValueSpecification","valueRequired":true,"valueName":"search_term_string"}}],"inLanguage":"fr-FR"},{"@type":"Organization","@id":"https:\/\/www.jousse-entreprise.com\/art-contemporain\/#organization","name":"Jousse-entreprise | Art Contemporain","url":"https:\/\/www.jousse-entreprise.com\/art-contemporain\/","logo":{"@type":"ImageObject","inLanguage":"fr-FR","@id":"https:\/\/www.jousse-entreprise.com\/art-contemporain\/#\/schema\/logo\/image\/","url":"https:\/\/www.jousse-entreprise.com\/art-contemporain\/wp-content\/uploads\/sites\/4\/2019\/01\/logoret.jpg","contentUrl":"https:\/\/www.jousse-entreprise.com\/art-contemporain\/wp-content\/uploads\/sites\/4\/2019\/01\/logoret.jpg","width":500,"height":200,"caption":"Jousse-entreprise | Art Contemporain"},"image":{"@id":"https:\/\/www.jousse-entreprise.com\/art-contemporain\/#\/schema\/logo\/image\/"},"sameAs":["https:\/\/www.instagram.com\/galeriejousseentreprise\/"]}]}},"_links":{"self":[{"href":"https:\/\/www.jousse-entreprise.com\/art-contemporain\/wp-json\/wp\/v2\/artistes\/1745","targetHints":{"allow":["GET"]}}],"collection":[{"href":"https:\/\/www.jousse-entreprise.com\/art-contemporain\/wp-json\/wp\/v2\/artistes"}],"about":[{"href":"https:\/\/www.jousse-entreprise.com\/art-contemporain\/wp-json\/wp\/v2\/types\/artistes"}],"version-history":[{"count":5,"href":"https:\/\/www.jousse-entreprise.com\/art-contemporain\/wp-json\/wp\/v2\/artistes\/1745\/revisions"}],"predecessor-version":[{"id":1909,"href":"https:\/\/www.jousse-entreprise.com\/art-contemporain\/wp-json\/wp\/v2\/artistes\/1745\/revisions\/1909"}],"wp:featuredmedia":[{"embeddable":true,"href":"https:\/\/www.jousse-entreprise.com\/art-contemporain\/wp-json\/wp\/v2\/media\/1772"}],"wp:attachment":[{"href":"https:\/\/www.jousse-entreprise.com\/art-contemporain\/wp-json\/wp\/v2\/media?parent=1745"}],"curies":[{"name":"wp","href":"https:\/\/api.w.org\/{rel}","templated":true}]}}